    
{"id":6497,"date":"2023-01-04T14:22:51","date_gmt":"2023-01-04T13:22:51","guid":{"rendered":"https:\/\/2023.expodefensa.fr\/media\/galeria-de-fotos\/"},"modified":"2025-02-05T15:15:48","modified_gmt":"2025-02-05T14:15:48","slug":"galeria-de-fotos","status":"publish","type":"page","link":"https:\/\/www.expodefensa.com.co\/es\/galeria-de-fotos\/","title":{"rendered":"Galer\u00eda de fotos"},"content":{"rendered":"\t\t<div data-elementor-type=\"wp-page\" data-elementor-id=\"6497\" class=\"elementor elementor-6497 elementor-5374\" data-elementor-settings=\"{&quot;ha_cmc_init_switcher&quot;:&quot;no&quot;}\" data-elementor-post-type=\"page\">\n\t\t\t\t\t\t<section class=\"elementor-section elementor-top-section elementor-element elementor-element-84e9fdf elementor-section-full_width elementor-section-height-default elementor-section-height-default\" data-id=\"84e9fdf\" data-element_type=\"section\" data-e-type=\"section\" data-settings=\"{&quot;_ha_eqh_enable&quot;:false}\">\n\t\t\t\t\t\t<div class=\"elementor-container elementor-column-gap-default\">\n\t\t\t\t\t<div class=\"elementor-column elementor-col-100 elementor-top-column elementor-element elementor-element-88ab8c3\" data-id=\"88ab8c3\" data-element_type=\"column\" data-e-type=\"column\">\n\t\t\t<div class=\"elementor-widget-wrap elementor-element-populated\">\n\t\t\t\t\t\t<div class=\"elementor-element elementor-element-a840216 elementor-widget elementor-widget-breadcrumbs\" data-id=\"a840216\" data-element_type=\"widget\" data-e-type=\"widget\" data-widget_type=\"breadcrumbs.default\">\n\t\t\t\t<div class=\"elementor-widget-container\">\n\t\t\t\t\t<p id=\"breadcrumbs\"><span><span><a href=\"https:\/\/www.expodefensa.com.co\/es\/home\/\">Home<\/a><\/span><\/span><\/p>\t\t\t\t<\/div>\n\t\t\t\t<\/div>\n\t\t\t\t<div class=\"elementor-element elementor-element-c52ca77 elementor-widget__width-initial elementor-widget elementor-widget-heading\" data-id=\"c52ca77\" data-element_type=\"widget\" data-e-type=\"widget\" data-widget_type=\"heading.default\">\n\t\t\t\t<div class=\"elementor-widget-container\">\n\t\t\t\t\t<h1 class=\"elementor-heading-title elementor-size-default\">Galer\u00eda de fotos<\/h1>\t\t\t\t<\/div>\n\t\t\t\t<\/div>\n\t\t\t\t\t<\/div>\n\t\t<\/div>\n\t\t\t\t\t<\/div>\n\t\t<\/section>\n\t\t\t\t<section class=\"elementor-section elementor-top-section elementor-element elementor-element-c1467dd elementor-section-full_width elementor-section-height-default elementor-section-height-default\" data-id=\"c1467dd\" data-element_type=\"section\" data-e-type=\"section\" data-settings=\"{&quot;_ha_eqh_enable&quot;:false}\">\n\t\t\t\t\t\t<div class=\"elementor-container elementor-column-gap-default\">\n\t\t\t\t\t<div class=\"elementor-column elementor-col-100 elementor-top-column elementor-element elementor-element-a32b9c0\" data-id=\"a32b9c0\" data-element_type=\"column\" data-e-type=\"column\">\n\t\t\t<div class=\"elementor-widget-wrap elementor-element-populated\">\n\t\t\t\t\t\t<div class=\"elementor-element elementor-element-4502bae elementor-widget elementor-widget-gallery\" data-id=\"4502bae\" data-element_type=\"widget\" data-e-type=\"widget\" data-settings=\"{&quot;lazyload&quot;:&quot;yes&quot;,&quot;gallery_layout&quot;:&quot;grid&quot;,&quot;columns&quot;:4,&quot;columns_tablet&quot;:2,&quot;columns_mobile&quot;:1,&quot;gap&quot;:{&quot;unit&quot;:&quot;px&quot;,&quot;size&quot;:10,&quot;sizes&quot;:[]},&quot;gap_tablet&quot;:{&quot;unit&quot;:&quot;px&quot;,&quot;size&quot;:10,&quot;sizes&quot;:[]},&quot;gap_mobile&quot;:{&quot;unit&quot;:&quot;px&quot;,&quot;size&quot;:10,&quot;sizes&quot;:[]},&quot;link_to&quot;:&quot;file&quot;,&quot;aspect_ratio&quot;:&quot;3:2&quot;,&quot;overlay_background&quot;:&quot;yes&quot;,&quot;content_hover_animation&quot;:&quot;fade-in&quot;}\" data-widget_type=\"gallery.default\">\n\t\t\t\t<div class=\"elementor-widget-container\">\n\t\t\t\t\t\t\t<div class=\"elementor-gallery__container\">\n\t\t\t\t\t\t\t<a class=\"e-gallery-item elementor-gallery-item elementor-animated-content\" href=\"https:\/\/www.expodefensa.com.co\/wp-content\/uploads\/2023\/01\/EXPODEFENSA2021-air.jpg\" data-elementor-open-lightbox=\"yes\" data-elementor-lightbox-slideshow=\"4502bae\" data-elementor-lightbox-title=\"EXPODEFENSA2021-air\" data-elementor-lightbox-description=\"EXPODEFENSA2021-air\" data-e-action-hash=\"#elementor-action%3Aaction%3Dlightbox%26settings%3DeyJpZCI6NjE0MCwidXJsIjoiaHR0cHM6XC9cL3d3dy5leHBvZGVmZW5zYS5jb20uY29cL3dwLWNvbnRlbnRcL3VwbG9hZHNcLzIwMjNcLzAxXC9FWFBPREVGRU5TQTIwMjEtYWlyLmpwZyIsInNsaWRlc2hvdyI6IjQ1MDJiYWUifQ%3D%3D\">\n\t\t\t\t\t<div class=\"e-gallery-image elementor-gallery-item__image\" data-thumbnail=\"https:\/\/www.expodefensa.com.co\/wp-content\/uploads\/2023\/01\/EXPODEFENSA2021-air-300x200.jpg\" data-width=\"300\" data-height=\"200\" aria-label=\"EXPODEFENSA2021-air\" role=\"img\" ><\/div>\n\t\t\t\t\t\t\t\t\t\t\t<div class=\"elementor-gallery-item__overlay\"><\/div>\n\t\t\t\t\t\t\t\t\t\t\t\t\t\t<\/a>\n\t\t\t\t\t\t\t<a class=\"e-gallery-item elementor-gallery-item elementor-animated-content\" href=\"https:\/\/www.expodefensa.com.co\/wp-content\/uploads\/2023\/01\/EXPODEFENSA2021-At-the-heart-of-Latin-America-challenges-in-the-Security-Defense-domain.jpg\" data-elementor-open-lightbox=\"yes\" data-elementor-lightbox-slideshow=\"4502bae\" data-elementor-lightbox-title=\"EXPODEFENSA2021-At-the-heart-of-Latin-America-challenges-in-the-Security-Defense-domain\" data-elementor-lightbox-description=\"EXPODEFENSA2021-At-the-heart-of-Latin-America-challenges-in-the-Security-Defense-domain\" data-e-action-hash=\"#elementor-action%3Aaction%3Dlightbox%26settings%3DeyJpZCI6NjE0MiwidXJsIjoiaHR0cHM6XC9cL3d3dy5leHBvZGVmZW5zYS5jb20uY29cL3dwLWNvbnRlbnRcL3VwbG9hZHNcLzIwMjNcLzAxXC9FWFBPREVGRU5TQTIwMjEtQXQtdGhlLWhlYXJ0LW9mLUxhdGluLUFtZXJpY2EtY2hhbGxlbmdlcy1pbi10aGUtU2VjdXJpdHktRGVmZW5zZS1kb21haW4uanBnIiwic2xpZGVzaG93IjoiNDUwMmJhZSJ9\">\n\t\t\t\t\t<div class=\"e-gallery-image elementor-gallery-item__image\" data-thumbnail=\"https:\/\/www.expodefensa.com.co\/wp-content\/uploads\/2023\/01\/EXPODEFENSA2021-At-the-heart-of-Latin-America-challenges-in-the-Security-Defense-domain-300x213.jpg\" data-width=\"300\" data-height=\"213\" aria-label=\"EXPODEFENSA2021-At-the-heart-of-Latin-America-challenges-in-the-Security-Defense-domain\" role=\"img\" ><\/div>\n\t\t\t\t\t\t\t\t\t\t\t<div class=\"elementor-gallery-item__overlay\"><\/div>\n\t\t\t\t\t\t\t\t\t\t\t\t\t\t<\/a>\n\t\t\t\t\t\t\t<a class=\"e-gallery-item elementor-gallery-item elementor-animated-content\" href=\"https:\/\/www.expodefensa.com.co\/wp-content\/uploads\/2023\/01\/EXPODEFENSA2021-civil-protection.jpg\" data-elementor-open-lightbox=\"yes\" data-elementor-lightbox-slideshow=\"4502bae\" data-elementor-lightbox-title=\"EXPODEFENSA2021-civil-protection\" data-elementor-lightbox-description=\"EXPODEFENSA2021-civil-protection\" data-e-action-hash=\"#elementor-action%3Aaction%3Dlightbox%26settings%3DeyJpZCI6NjE0NCwidXJsIjoiaHR0cHM6XC9cL3d3dy5leHBvZGVmZW5zYS5jb20uY29cL3dwLWNvbnRlbnRcL3VwbG9hZHNcLzIwMjNcLzAxXC9FWFBPREVGRU5TQTIwMjEtY2l2aWwtcHJvdGVjdGlvbi5qcGciLCJzbGlkZXNob3ciOiI0NTAyYmFlIn0%3D\">\n\t\t\t\t\t<div class=\"e-gallery-image elementor-gallery-item__image\" data-thumbnail=\"https:\/\/www.expodefensa.com.co\/wp-content\/uploads\/2023\/01\/EXPODEFENSA2021-civil-protection-300x200.jpg\" data-width=\"300\" data-height=\"200\" aria-label=\"EXPODEFENSA2021-civil-protection\" role=\"img\" ><\/div>\n\t\t\t\t\t\t\t\t\t\t\t<div class=\"elementor-gallery-item__overlay\"><\/div>\n\t\t\t\t\t\t\t\t\t\t\t\t\t\t<\/a>\n\t\t\t\t\t\t\t<a class=\"e-gallery-item elementor-gallery-item elementor-animated-content\" href=\"https:\/\/www.expodefensa.com.co\/wp-content\/uploads\/2023\/01\/EXPODEFENSA2021-Conference-scaled.jpg\" data-elementor-open-lightbox=\"yes\" data-elementor-lightbox-slideshow=\"4502bae\" data-elementor-lightbox-title=\"EXPODEFENSA2021-Conference\" data-elementor-lightbox-description=\"EXPODEFENSA2021-Conference\" data-e-action-hash=\"#elementor-action%3Aaction%3Dlightbox%26settings%3DeyJpZCI6NjE0NiwidXJsIjoiaHR0cHM6XC9cL3d3dy5leHBvZGVmZW5zYS5jb20uY29cL3dwLWNvbnRlbnRcL3VwbG9hZHNcLzIwMjNcLzAxXC9FWFBPREVGRU5TQTIwMjEtQ29uZmVyZW5jZS1zY2FsZWQuanBnIiwic2xpZGVzaG93IjoiNDUwMmJhZSJ9\">\n\t\t\t\t\t<div class=\"e-gallery-image elementor-gallery-item__image\" data-thumbnail=\"https:\/\/www.expodefensa.com.co\/wp-content\/uploads\/2023\/01\/EXPODEFENSA2021-Conference-300x193.jpg\" data-width=\"300\" data-height=\"193\" aria-label=\"EXPODEFENSA2021-Conference\" role=\"img\" ><\/div>\n\t\t\t\t\t\t\t\t\t\t\t<div class=\"elementor-gallery-item__overlay\"><\/div>\n\t\t\t\t\t\t\t\t\t\t\t\t\t\t<\/a>\n\t\t\t\t\t\t\t<a class=\"e-gallery-item elementor-gallery-item elementor-animated-content\" href=\"https:\/\/www.expodefensa.com.co\/wp-content\/uploads\/2023\/01\/EXPODEFENSA2021-Drone-scaled.jpg\" data-elementor-open-lightbox=\"yes\" data-elementor-lightbox-slideshow=\"4502bae\" data-elementor-lightbox-title=\"EXPODEFENSA2021-Drone\" data-elementor-lightbox-description=\"EXPODEFENSA2021-Drone\" data-e-action-hash=\"#elementor-action%3Aaction%3Dlightbox%26settings%3DeyJpZCI6NjE0OCwidXJsIjoiaHR0cHM6XC9cL3d3dy5leHBvZGVmZW5zYS5jb20uY29cL3dwLWNvbnRlbnRcL3VwbG9hZHNcLzIwMjNcLzAxXC9FWFBPREVGRU5TQTIwMjEtRHJvbmUtc2NhbGVkLmpwZyIsInNsaWRlc2hvdyI6IjQ1MDJiYWUifQ%3D%3D\">\n\t\t\t\t\t<div class=\"e-gallery-image elementor-gallery-item__image\" data-thumbnail=\"https:\/\/www.expodefensa.com.co\/wp-content\/uploads\/2023\/01\/EXPODEFENSA2021-Drone-300x200.jpg\" data-width=\"300\" data-height=\"200\" aria-label=\"EXPODEFENSA2021-Drone\" role=\"img\" ><\/div>\n\t\t\t\t\t\t\t\t\t\t\t<div class=\"elementor-gallery-item__overlay\"><\/div>\n\t\t\t\t\t\t\t\t\t\t\t\t\t\t<\/a>\n\t\t\t\t\t\t\t<a class=\"e-gallery-item elementor-gallery-item elementor-animated-content\" href=\"https:\/\/www.expodefensa.com.co\/wp-content\/uploads\/2023\/01\/EXPODEFENSA2021-engage-with-the-community-through-panel-discussions-scaled.jpg\" data-elementor-open-lightbox=\"yes\" data-elementor-lightbox-slideshow=\"4502bae\" data-elementor-lightbox-title=\"EXPODEFENSA2021-engage-with-the-community-through-panel-discussions\" data-elementor-lightbox-description=\"EXPODEFENSA2021-engage-with-the-community-through-panel-discussions\" data-e-action-hash=\"#elementor-action%3Aaction%3Dlightbox%26settings%3DeyJpZCI6NjE1MCwidXJsIjoiaHR0cHM6XC9cL3d3dy5leHBvZGVmZW5zYS5jb20uY29cL3dwLWNvbnRlbnRcL3VwbG9hZHNcLzIwMjNcLzAxXC9FWFBPREVGRU5TQTIwMjEtZW5nYWdlLXdpdGgtdGhlLWNvbW11bml0eS10aHJvdWdoLXBhbmVsLWRpc2N1c3Npb25zLXNjYWxlZC5qcGciLCJzbGlkZXNob3ciOiI0NTAyYmFlIn0%3D\">\n\t\t\t\t\t<div class=\"e-gallery-image elementor-gallery-item__image\" data-thumbnail=\"https:\/\/www.expodefensa.com.co\/wp-content\/uploads\/2023\/01\/EXPODEFENSA2021-engage-with-the-community-through-panel-discussions-300x200.jpg\" data-width=\"300\" data-height=\"200\" aria-label=\"EXPODEFENSA2021-engage-with-the-community-through-panel-discussions\" role=\"img\" ><\/div>\n\t\t\t\t\t\t\t\t\t\t\t<div class=\"elementor-gallery-item__overlay\"><\/div>\n\t\t\t\t\t\t\t\t\t\t\t\t\t\t<\/a>\n\t\t\t\t\t\t\t<a class=\"e-gallery-item elementor-gallery-item elementor-animated-content\" href=\"https:\/\/www.expodefensa.com.co\/wp-content\/uploads\/2023\/01\/EXPODEFENSA2021-equipos-y-soluciones-para-la-Seguridad-y-Defensa.jpg\" data-elementor-open-lightbox=\"yes\" data-elementor-lightbox-slideshow=\"4502bae\" data-elementor-lightbox-title=\"EXPODEFENSA2021-equipos-y-soluciones-para-la-Seguridad-y-Defensa\" data-elementor-lightbox-description=\"EXPODEFENSA2021-equipos-y-soluciones-para-la-Seguridad-y-Defensa\" data-e-action-hash=\"#elementor-action%3Aaction%3Dlightbox%26settings%3DeyJpZCI6NjE1MiwidXJsIjoiaHR0cHM6XC9cL3d3dy5leHBvZGVmZW5zYS5jb20uY29cL3dwLWNvbnRlbnRcL3VwbG9hZHNcLzIwMjNcLzAxXC9FWFBPREVGRU5TQTIwMjEtZXF1aXBvcy15LXNvbHVjaW9uZXMtcGFyYS1sYS1TZWd1cmlkYWQteS1EZWZlbnNhLmpwZyIsInNsaWRlc2hvdyI6IjQ1MDJiYWUifQ%3D%3D\">\n\t\t\t\t\t<div class=\"e-gallery-image elementor-gallery-item__image\" data-thumbnail=\"https:\/\/www.expodefensa.com.co\/wp-content\/uploads\/2023\/01\/EXPODEFENSA2021-equipos-y-soluciones-para-la-Seguridad-y-Defensa-300x200.jpg\" data-width=\"300\" data-height=\"200\" aria-label=\"EXPODEFENSA2021-equipos-y-soluciones-para-la-Seguridad-y-Defensa\" role=\"img\" ><\/div>\n\t\t\t\t\t\t\t\t\t\t\t<div class=\"elementor-gallery-item__overlay\"><\/div>\n\t\t\t\t\t\t\t\t\t\t\t\t\t\t<\/a>\n\t\t\t\t\t\t\t<a class=\"e-gallery-item elementor-gallery-item elementor-animated-content\" href=\"https:\/\/www.expodefensa.com.co\/wp-content\/uploads\/2023\/01\/EXPODEFENSA2021-Exhibit-scaled.jpg\" data-elementor-open-lightbox=\"yes\" data-elementor-lightbox-slideshow=\"4502bae\" data-elementor-lightbox-title=\"EXPODEFENSA2021-Exhibit\" data-elementor-lightbox-description=\"EXPODEFENSA2021-Exhibit\" data-e-action-hash=\"#elementor-action%3Aaction%3Dlightbox%26settings%3DeyJpZCI6NjE1NCwidXJsIjoiaHR0cHM6XC9cL3d3dy5leHBvZGVmZW5zYS5jb20uY29cL3dwLWNvbnRlbnRcL3VwbG9hZHNcLzIwMjNcLzAxXC9FWFBPREVGRU5TQTIwMjEtRXhoaWJpdC1zY2FsZWQuanBnIiwic2xpZGVzaG93IjoiNDUwMmJhZSJ9\">\n\t\t\t\t\t<div class=\"e-gallery-image elementor-gallery-item__image\" data-thumbnail=\"https:\/\/www.expodefensa.com.co\/wp-content\/uploads\/2023\/01\/EXPODEFENSA2021-Exhibit-300x200.jpg\" data-width=\"300\" data-height=\"200\" aria-label=\"EXPODEFENSA2021-Exhibit\" role=\"img\" ><\/div>\n\t\t\t\t\t\t\t\t\t\t\t<div class=\"elementor-gallery-item__overlay\"><\/div>\n\t\t\t\t\t\t\t\t\t\t\t\t\t\t<\/a>\n\t\t\t\t\t\t\t<a class=\"e-gallery-item elementor-gallery-item elementor-animated-content\" href=\"https:\/\/www.expodefensa.com.co\/wp-content\/uploads\/2023\/01\/EXPODEFENSA2021-Experts-and-buyers.jpg\" data-elementor-open-lightbox=\"yes\" data-elementor-lightbox-slideshow=\"4502bae\" data-elementor-lightbox-title=\"EXPODEFENSA2021-Experts-and-buyers\" data-elementor-lightbox-description=\"EXPODEFENSA2021-Experts-and-buyers\" data-e-action-hash=\"#elementor-action%3Aaction%3Dlightbox%26settings%3DeyJpZCI6NjE1NiwidXJsIjoiaHR0cHM6XC9cL3d3dy5leHBvZGVmZW5zYS5jb20uY29cL3dwLWNvbnRlbnRcL3VwbG9hZHNcLzIwMjNcLzAxXC9FWFBPREVGRU5TQTIwMjEtRXhwZXJ0cy1hbmQtYnV5ZXJzLmpwZyIsInNsaWRlc2hvdyI6IjQ1MDJiYWUifQ%3D%3D\">\n\t\t\t\t\t<div class=\"e-gallery-image elementor-gallery-item__image\" data-thumbnail=\"https:\/\/www.expodefensa.com.co\/wp-content\/uploads\/2023\/01\/EXPODEFENSA2021-Experts-and-buyers-300x200.jpg\" data-width=\"300\" data-height=\"200\" aria-label=\"EXPODEFENSA2021-ExpertsEXPODEFENSA2021-Experts-and-buyers-and-buyers\" role=\"img\" ><\/div>\n\t\t\t\t\t\t\t\t\t\t\t<div class=\"elementor-gallery-item__overlay\"><\/div>\n\t\t\t\t\t\t\t\t\t\t\t\t\t\t<\/a>\n\t\t\t\t\t\t\t<a class=\"e-gallery-item elementor-gallery-item elementor-animated-content\" href=\"https:\/\/www.expodefensa.com.co\/wp-content\/uploads\/2023\/01\/EXPODEFENSA2021-expositores-Indumil-scaled.jpg\" data-elementor-open-lightbox=\"yes\" data-elementor-lightbox-slideshow=\"4502bae\" data-elementor-lightbox-title=\"EXPODEFENSA2021-expositores-Indumil\" data-elementor-lightbox-description=\"EXPODEFENSA2021-expositores-Indumil\" data-e-action-hash=\"#elementor-action%3Aaction%3Dlightbox%26settings%3DeyJpZCI6NjE1OCwidXJsIjoiaHR0cHM6XC9cL3d3dy5leHBvZGVmZW5zYS5jb20uY29cL3dwLWNvbnRlbnRcL3VwbG9hZHNcLzIwMjNcLzAxXC9FWFBPREVGRU5TQTIwMjEtZXhwb3NpdG9yZXMtSW5kdW1pbC1zY2FsZWQuanBnIiwic2xpZGVzaG93IjoiNDUwMmJhZSJ9\">\n\t\t\t\t\t<div class=\"e-gallery-image elementor-gallery-item__image\" data-thumbnail=\"https:\/\/www.expodefensa.com.co\/wp-content\/uploads\/2023\/01\/EXPODEFENSA2021-expositores-Indumil-300x200.jpg\" data-width=\"300\" data-height=\"200\" aria-label=\"EXPODEFENSA2021-expositores-Indumil\" role=\"img\" ><\/div>\n\t\t\t\t\t\t\t\t\t\t\t<div class=\"elementor-gallery-item__overlay\"><\/div>\n\t\t\t\t\t\t\t\t\t\t\t\t\t\t<\/a>\n\t\t\t\t\t\t\t<a class=\"e-gallery-item elementor-gallery-item elementor-animated-content\" href=\"https:\/\/www.expodefensa.com.co\/wp-content\/uploads\/2023\/01\/EXPODEFENSA2021-expositores-Policia-Nacional-scaled.jpg\" data-elementor-open-lightbox=\"yes\" data-elementor-lightbox-slideshow=\"4502bae\" data-elementor-lightbox-title=\"EXPODEFENSA2021-expositores-Policia-Nacional\" data-elementor-lightbox-description=\"EXPODEFENSA2021-expositores-Policia-Nacional\" data-e-action-hash=\"#elementor-action%3Aaction%3Dlightbox%26settings%3DeyJpZCI6NjE2MCwidXJsIjoiaHR0cHM6XC9cL3d3dy5leHBvZGVmZW5zYS5jb20uY29cL3dwLWNvbnRlbnRcL3VwbG9hZHNcLzIwMjNcLzAxXC9FWFBPREVGRU5TQTIwMjEtZXhwb3NpdG9yZXMtUG9saWNpYS1OYWNpb25hbC1zY2FsZWQuanBnIiwic2xpZGVzaG93IjoiNDUwMmJhZSJ9\">\n\t\t\t\t\t<div class=\"e-gallery-image elementor-gallery-item__image\" data-thumbnail=\"https:\/\/www.expodefensa.com.co\/wp-content\/uploads\/2023\/01\/EXPODEFENSA2021-expositores-Policia-Nacional-300x211.jpg\" data-width=\"300\" data-height=\"211\" aria-label=\"EXPODEFENSA2021-expositores-Policia-Nacional\" role=\"img\" ><\/div>\n\t\t\t\t\t\t\t\t\t\t\t<div class=\"elementor-gallery-item__overlay\"><\/div>\n\t\t\t\t\t\t\t\t\t\t\t\t\t\t<\/a>\n\t\t\t\t\t\t\t<a class=\"e-gallery-item elementor-gallery-item elementor-animated-content\" href=\"https:\/\/www.expodefensa.com.co\/wp-content\/uploads\/2023\/01\/EXPODEFENSA2021-Hub-de-las-soluciones-de-diferentes-ambitos-scaled.jpg\" data-elementor-open-lightbox=\"yes\" data-elementor-lightbox-slideshow=\"4502bae\" data-elementor-lightbox-title=\"EXPODEFENSA2021-Hub-de-las-soluciones-de-diferentes-\u00e1mbitos\" data-elementor-lightbox-description=\"EXPODEFENSA2021-Hub-de-las-soluciones-de-diferentes-\u00e1mbitos\" data-e-action-hash=\"#elementor-action%3Aaction%3Dlightbox%26settings%3DeyJpZCI6NjE2MywidXJsIjoiaHR0cHM6XC9cL3d3dy5leHBvZGVmZW5zYS5jb20uY29cL3dwLWNvbnRlbnRcL3VwbG9hZHNcLzIwMjNcLzAxXC9FWFBPREVGRU5TQTIwMjEtSHViLWRlLWxhcy1zb2x1Y2lvbmVzLWRlLWRpZmVyZW50ZXMtYW1iaXRvcy1zY2FsZWQuanBnIiwic2xpZGVzaG93IjoiNDUwMmJhZSJ9\">\n\t\t\t\t\t<div class=\"e-gallery-image elementor-gallery-item__image\" data-thumbnail=\"https:\/\/www.expodefensa.com.co\/wp-content\/uploads\/2023\/01\/EXPODEFENSA2021-Hub-de-las-soluciones-de-diferentes-ambitos-300x200.jpg\" data-width=\"300\" data-height=\"200\" aria-label=\"EXPODEFENSA2021-Hub-de-las-soluciones-de-diferentes-\u00e1mbitos\" role=\"img\" ><\/div>\n\t\t\t\t\t\t\t\t\t\t\t<div class=\"elementor-gallery-item__overlay\"><\/div>\n\t\t\t\t\t\t\t\t\t\t\t\t\t\t<\/a>\n\t\t\t\t\t\t\t<a class=\"e-gallery-item elementor-gallery-item elementor-animated-content\" href=\"https:\/\/www.expodefensa.com.co\/wp-content\/uploads\/2023\/01\/EXPODEFENSA2021-Inauguration-Charles-Beaudouin-COGES-scaled.jpg\" data-elementor-open-lightbox=\"yes\" data-elementor-lightbox-slideshow=\"4502bae\" data-elementor-lightbox-title=\"EXPODEFENSA2021-Inauguration-Charles-Beaudouin-COGES\" data-elementor-lightbox-description=\"EXPODEFENSA2021-Inauguration-Charles-Beaudouin-COGES\" data-e-action-hash=\"#elementor-action%3Aaction%3Dlightbox%26settings%3DeyJpZCI6NjE2NSwidXJsIjoiaHR0cHM6XC9cL3d3dy5leHBvZGVmZW5zYS5jb20uY29cL3dwLWNvbnRlbnRcL3VwbG9hZHNcLzIwMjNcLzAxXC9FWFBPREVGRU5TQTIwMjEtSW5hdWd1cmF0aW9uLUNoYXJsZXMtQmVhdWRvdWluLUNPR0VTLXNjYWxlZC5qcGciLCJzbGlkZXNob3ciOiI0NTAyYmFlIn0%3D\">\n\t\t\t\t\t<div class=\"e-gallery-image elementor-gallery-item__image\" data-thumbnail=\"https:\/\/www.expodefensa.com.co\/wp-content\/uploads\/2023\/01\/EXPODEFENSA2021-Inauguration-Charles-Beaudouin-COGES-300x200.jpg\" data-width=\"300\" data-height=\"200\" aria-label=\"EXPODEFENSA2021-Inauguration-Charles-Beaudouin-COGES\" role=\"img\" ><\/div>\n\t\t\t\t\t\t\t\t\t\t\t<div class=\"elementor-gallery-item__overlay\"><\/div>\n\t\t\t\t\t\t\t\t\t\t\t\t\t\t<\/a>\n\t\t\t\t\t\t\t<a class=\"e-gallery-item elementor-gallery-item elementor-animated-content\" href=\"https:\/\/www.expodefensa.com.co\/wp-content\/uploads\/2023\/01\/EXPODEFENSA2021-Inauguration-day-1-scaled.jpg\" data-elementor-open-lightbox=\"yes\" data-elementor-lightbox-slideshow=\"4502bae\" data-elementor-lightbox-title=\"EXPODEFENSA2021-Inauguration-day-1\" data-elementor-lightbox-description=\"EXPODEFENSA2021-Inauguration-day-1\" data-e-action-hash=\"#elementor-action%3Aaction%3Dlightbox%26settings%3DeyJpZCI6NjE2NywidXJsIjoiaHR0cHM6XC9cL3d3dy5leHBvZGVmZW5zYS5jb20uY29cL3dwLWNvbnRlbnRcL3VwbG9hZHNcLzIwMjNcLzAxXC9FWFBPREVGRU5TQTIwMjEtSW5hdWd1cmF0aW9uLWRheS0xLXNjYWxlZC5qcGciLCJzbGlkZXNob3ciOiI0NTAyYmFlIn0%3D\">\n\t\t\t\t\t<div class=\"e-gallery-image elementor-gallery-item__image\" data-thumbnail=\"https:\/\/www.expodefensa.com.co\/wp-content\/uploads\/2023\/01\/EXPODEFENSA2021-Inauguration-day-1-300x200.jpg\" data-width=\"300\" data-height=\"200\" aria-label=\"EXPODEFENSA2021-Inauguration-day-1\" role=\"img\" ><\/div>\n\t\t\t\t\t\t\t\t\t\t\t<div class=\"elementor-gallery-item__overlay\"><\/div>\n\t\t\t\t\t\t\t\t\t\t\t\t\t\t<\/a>\n\t\t\t\t\t\t\t<a class=\"e-gallery-item elementor-gallery-item elementor-animated-content\" href=\"https:\/\/www.expodefensa.com.co\/wp-content\/uploads\/2023\/01\/EXPODEFENSA2021-Inauguration-Under-the-patronage-of-the-Colombian-Ministry-of-Defense-scaled.jpg\" data-elementor-open-lightbox=\"yes\" data-elementor-lightbox-slideshow=\"4502bae\" data-elementor-lightbox-title=\"EXPODEFENSA2021-Inauguration-Under-the-patronage-of-the-Colombian-Ministry-of-Defense\" data-elementor-lightbox-description=\"EXPODEFENSA2021-Inauguration-Under-the-patronage-of-the-Colombian-Ministry-of-Defense\" data-e-action-hash=\"#elementor-action%3Aaction%3Dlightbox%26settings%3DeyJpZCI6NjE2OSwidXJsIjoiaHR0cHM6XC9cL3d3dy5leHBvZGVmZW5zYS5jb20uY29cL3dwLWNvbnRlbnRcL3VwbG9hZHNcLzIwMjNcLzAxXC9FWFBPREVGRU5TQTIwMjEtSW5hdWd1cmF0aW9uLVVuZGVyLXRoZS1wYXRyb25hZ2Utb2YtdGhlLUNvbG9tYmlhbi1NaW5pc3RyeS1vZi1EZWZlbnNlLXNjYWxlZC5qcGciLCJzbGlkZXNob3ciOiI0NTAyYmFlIn0%3D\">\n\t\t\t\t\t<div class=\"e-gallery-image elementor-gallery-item__image\" data-thumbnail=\"https:\/\/www.expodefensa.com.co\/wp-content\/uploads\/2023\/01\/EXPODEFENSA2021-Inauguration-Under-the-patronage-of-the-Colombian-Ministry-of-Defense-300x181.jpg\" data-width=\"300\" data-height=\"181\" aria-label=\"EXPODEFENSA2021-Inauguration-Under-the-patronage-of-the-Colombian-Ministry-of-Defense\" role=\"img\" ><\/div>\n\t\t\t\t\t\t\t\t\t\t\t<div class=\"elementor-gallery-item__overlay\"><\/div>\n\t\t\t\t\t\t\t\t\t\t\t\t\t\t<\/a>\n\t\t\t\t\t\t\t<a class=\"e-gallery-item elementor-gallery-item elementor-animated-content\" href=\"https:\/\/www.expodefensa.com.co\/wp-content\/uploads\/2023\/01\/EXPODEFENSA2021-Innovation-Navantia.jpg\" data-elementor-open-lightbox=\"yes\" data-elementor-lightbox-slideshow=\"4502bae\" data-elementor-lightbox-title=\"EXPODEFENSA2021-Innovation-Navantia\" data-elementor-lightbox-description=\"EXPODEFENSA2021-Innovation-Navantia\" data-e-action-hash=\"#elementor-action%3Aaction%3Dlightbox%26settings%3DeyJpZCI6NjE3MSwidXJsIjoiaHR0cHM6XC9cL3d3dy5leHBvZGVmZW5zYS5jb20uY29cL3dwLWNvbnRlbnRcL3VwbG9hZHNcLzIwMjNcLzAxXC9FWFBPREVGRU5TQTIwMjEtSW5ub3ZhdGlvbi1OYXZhbnRpYS5qcGciLCJzbGlkZXNob3ciOiI0NTAyYmFlIn0%3D\">\n\t\t\t\t\t<div class=\"e-gallery-image elementor-gallery-item__image\" data-thumbnail=\"https:\/\/www.expodefensa.com.co\/wp-content\/uploads\/2023\/01\/EXPODEFENSA2021-Innovation-Navantia-300x200.jpg\" data-width=\"300\" data-height=\"200\" aria-label=\"EXPODEFENSA2021-Innovation-Navantia\" role=\"img\" ><\/div>\n\t\t\t\t\t\t\t\t\t\t\t<div class=\"elementor-gallery-item__overlay\"><\/div>\n\t\t\t\t\t\t\t\t\t\t\t\t\t\t<\/a>\n\t\t\t\t\t\t\t<a class=\"e-gallery-item elementor-gallery-item elementor-animated-content\" href=\"https:\/\/www.expodefensa.com.co\/wp-content\/uploads\/2023\/01\/EXPODEFENSA2021-innovations-and-trends.jpg\" data-elementor-open-lightbox=\"yes\" data-elementor-lightbox-slideshow=\"4502bae\" data-elementor-lightbox-title=\"EXPODEFENSA2021-innovations-and-trends\" data-elementor-lightbox-description=\"EXPODEFENSA2021-innovations-and-trends\" data-e-action-hash=\"#elementor-action%3Aaction%3Dlightbox%26settings%3DeyJpZCI6NjE3MywidXJsIjoiaHR0cHM6XC9cL3d3dy5leHBvZGVmZW5zYS5jb20uY29cL3dwLWNvbnRlbnRcL3VwbG9hZHNcLzIwMjNcLzAxXC9FWFBPREVGRU5TQTIwMjEtaW5ub3ZhdGlvbnMtYW5kLXRyZW5kcy5qcGciLCJzbGlkZXNob3ciOiI0NTAyYmFlIn0%3D\">\n\t\t\t\t\t<div class=\"e-gallery-image elementor-gallery-item__image\" data-thumbnail=\"https:\/\/www.expodefensa.com.co\/wp-content\/uploads\/2023\/01\/EXPODEFENSA2021-innovations-and-trends-300x200.jpg\" data-width=\"300\" data-height=\"200\" aria-label=\"EXPODEFENSA2021-innovations-and-trends\" role=\"img\" ><\/div>\n\t\t\t\t\t\t\t\t\t\t\t<div class=\"elementor-gallery-item__overlay\"><\/div>\n\t\t\t\t\t\t\t\t\t\t\t\t\t\t<\/a>\n\t\t\t\t\t\t\t<a class=\"e-gallery-item elementor-gallery-item elementor-animated-content\" href=\"https:\/\/www.expodefensa.com.co\/wp-content\/uploads\/2023\/01\/EXPODEFENSA2021-International-exhibitors-scaled.jpg\" data-elementor-open-lightbox=\"yes\" data-elementor-lightbox-slideshow=\"4502bae\" data-elementor-lightbox-title=\"EXPODEFENSA2021-International-exhibitors\" data-elementor-lightbox-description=\"EXPODEFENSA2021-International-exhibitors\" data-e-action-hash=\"#elementor-action%3Aaction%3Dlightbox%26settings%3DeyJpZCI6NjE3NSwidXJsIjoiaHR0cHM6XC9cL3d3dy5leHBvZGVmZW5zYS5jb20uY29cL3dwLWNvbnRlbnRcL3VwbG9hZHNcLzIwMjNcLzAxXC9FWFBPREVGRU5TQTIwMjEtSW50ZXJuYXRpb25hbC1leGhpYml0b3JzLXNjYWxlZC5qcGciLCJzbGlkZXNob3ciOiI0NTAyYmFlIn0%3D\">\n\t\t\t\t\t<div class=\"e-gallery-image elementor-gallery-item__image\" data-thumbnail=\"https:\/\/www.expodefensa.com.co\/wp-content\/uploads\/2023\/01\/EXPODEFENSA2021-International-exhibitors-300x200.jpg\" data-width=\"300\" data-height=\"200\" aria-label=\"EXPODEFENSA2021-International-exhibitors\" role=\"img\" ><\/div>\n\t\t\t\t\t\t\t\t\t\t\t<div class=\"elementor-gallery-item__overlay\"><\/div>\n\t\t\t\t\t\t\t\t\t\t\t\t\t\t<\/a>\n\t\t\t\t\t\t\t<a class=\"e-gallery-item elementor-gallery-item elementor-animated-content\" href=\"https:\/\/www.expodefensa.com.co\/wp-content\/uploads\/2023\/01\/EXPODEFENSA2021-International-speaker-UAV-Latam.jpg\" data-elementor-open-lightbox=\"yes\" data-elementor-lightbox-slideshow=\"4502bae\" data-elementor-lightbox-title=\"EXPODEFENSA2021-International-speaker-UAV-Latam\" data-elementor-lightbox-description=\"EXPODEFENSA2021-International-speaker-UAV-Latam\" data-e-action-hash=\"#elementor-action%3Aaction%3Dlightbox%26settings%3DeyJpZCI6NjE3NywidXJsIjoiaHR0cHM6XC9cL3d3dy5leHBvZGVmZW5zYS5jb20uY29cL3dwLWNvbnRlbnRcL3VwbG9hZHNcLzIwMjNcLzAxXC9FWFBPREVGRU5TQTIwMjEtSW50ZXJuYXRpb25hbC1zcGVha2VyLVVBVi1MYXRhbS5qcGciLCJzbGlkZXNob3ciOiI0NTAyYmFlIn0%3D\">\n\t\t\t\t\t<div class=\"e-gallery-image elementor-gallery-item__image\" data-thumbnail=\"https:\/\/www.expodefensa.com.co\/wp-content\/uploads\/2023\/01\/EXPODEFENSA2021-International-speaker-UAV-Latam-300x200.jpg\" data-width=\"300\" data-height=\"200\" aria-label=\"EXPODEFENSA2021-International-speaker-UAV-Latam\" role=\"img\" ><\/div>\n\t\t\t\t\t\t\t\t\t\t\t<div class=\"elementor-gallery-item__overlay\"><\/div>\n\t\t\t\t\t\t\t\t\t\t\t\t\t\t<\/a>\n\t\t\t\t\t\t\t<a class=\"e-gallery-item elementor-gallery-item elementor-animated-content\" href=\"https:\/\/www.expodefensa.com.co\/wp-content\/uploads\/2023\/01\/EXPODEFENSA2021-La-feria-ExpoDefensa-dedicada-a-las-Fuerzas-Armadas-y-de-Seguridad.jpg\" data-elementor-open-lightbox=\"yes\" data-elementor-lightbox-slideshow=\"4502bae\" data-elementor-lightbox-title=\"EXPODEFENSA2021-La-feria-ExpoDefensa-dedicada-a-las-Fuerzas-Armadas-y-de-Seguridad\" data-elementor-lightbox-description=\"EXPODEFENSA2021-La-feria-ExpoDefensa-dedicada-a-las-Fuerzas-Armadas-y-de-Seguridad\" data-e-action-hash=\"#elementor-action%3Aaction%3Dlightbox%26settings%3DeyJpZCI6NjE3OSwidXJsIjoiaHR0cHM6XC9cL3d3dy5leHBvZGVmZW5zYS5jb20uY29cL3dwLWNvbnRlbnRcL3VwbG9hZHNcLzIwMjNcLzAxXC9FWFBPREVGRU5TQTIwMjEtTGEtZmVyaWEtRXhwb0RlZmVuc2EtZGVkaWNhZGEtYS1sYXMtRnVlcnphcy1Bcm1hZGFzLXktZGUtU2VndXJpZGFkLmpwZyIsInNsaWRlc2hvdyI6IjQ1MDJiYWUifQ%3D%3D\">\n\t\t\t\t\t<div class=\"e-gallery-image elementor-gallery-item__image\" data-thumbnail=\"https:\/\/www.expodefensa.com.co\/wp-content\/uploads\/2023\/01\/EXPODEFENSA2021-La-feria-ExpoDefensa-dedicada-a-las-Fuerzas-Armadas-y-de-Seguridad-300x213.jpg\" data-width=\"300\" data-height=\"213\" aria-label=\"EXPODEFENSA2021-La-feria-ExpoDefensa-dedicada-a-las-Fuerzas-Armadas-y-de-Seguridad\" role=\"img\" ><\/div>\n\t\t\t\t\t\t\t\t\t\t\t<div class=\"elementor-gallery-item__overlay\"><\/div>\n\t\t\t\t\t\t\t\t\t\t\t\t\t\t<\/a>\n\t\t\t\t\t\t\t<a class=\"e-gallery-item elementor-gallery-item elementor-animated-content\" href=\"https:\/\/www.expodefensa.com.co\/wp-content\/uploads\/2023\/01\/EXPODEFENSA2021-multidomains-solutions.jpg\" data-elementor-open-lightbox=\"yes\" data-elementor-lightbox-slideshow=\"4502bae\" data-elementor-lightbox-title=\"EXPODEFENSA2021-multidomains-solutions\" data-elementor-lightbox-description=\"EXPODEFENSA2021-multidomains-solutions\" data-e-action-hash=\"#elementor-action%3Aaction%3Dlightbox%26settings%3DeyJpZCI6NjE4MSwidXJsIjoiaHR0cHM6XC9cL3d3dy5leHBvZGVmZW5zYS5jb20uY29cL3dwLWNvbnRlbnRcL3VwbG9hZHNcLzIwMjNcLzAxXC9FWFBPREVGRU5TQTIwMjEtbXVsdGlkb21haW5zLXNvbHV0aW9ucy5qcGciLCJzbGlkZXNob3ciOiI0NTAyYmFlIn0%3D\">\n\t\t\t\t\t<div class=\"e-gallery-image elementor-gallery-item__image\" data-thumbnail=\"https:\/\/www.expodefensa.com.co\/wp-content\/uploads\/2023\/01\/EXPODEFENSA2021-multidomains-solutions-300x200.jpg\" data-width=\"300\" data-height=\"200\" aria-label=\"EXPODEFENSA2021-multidomains-solutions\" role=\"img\" ><\/div>\n\t\t\t\t\t\t\t\t\t\t\t<div class=\"elementor-gallery-item__overlay\"><\/div>\n\t\t\t\t\t\t\t\t\t\t\t\t\t\t<\/a>\n\t\t\t\t\t\t\t<a class=\"e-gallery-item elementor-gallery-item elementor-animated-content\" href=\"https:\/\/www.expodefensa.com.co\/wp-content\/uploads\/2023\/01\/EXPODEFENSA2021-networking-scaled.jpg\" data-elementor-open-lightbox=\"yes\" data-elementor-lightbox-slideshow=\"4502bae\" data-elementor-lightbox-title=\"EXPODEFENSA2021-networking\" data-elementor-lightbox-description=\"EXPODEFENSA2021-networking\" data-e-action-hash=\"#elementor-action%3Aaction%3Dlightbox%26settings%3DeyJpZCI6NjE4MywidXJsIjoiaHR0cHM6XC9cL3d3dy5leHBvZGVmZW5zYS5jb20uY29cL3dwLWNvbnRlbnRcL3VwbG9hZHNcLzIwMjNcLzAxXC9FWFBPREVGRU5TQTIwMjEtbmV0d29ya2luZy1zY2FsZWQuanBnIiwic2xpZGVzaG93IjoiNDUwMmJhZSJ9\">\n\t\t\t\t\t<div class=\"e-gallery-image elementor-gallery-item__image\" data-thumbnail=\"https:\/\/www.expodefensa.com.co\/wp-content\/uploads\/2023\/01\/EXPODEFENSA2021-networking-300x200.jpg\" data-width=\"300\" data-height=\"200\" aria-label=\"EXPODEFENSA2021-networking\" role=\"img\" ><\/div>\n\t\t\t\t\t\t\t\t\t\t\t<div class=\"elementor-gallery-item__overlay\"><\/div>\n\t\t\t\t\t\t\t\t\t\t\t\t\t\t<\/a>\n\t\t\t\t\t\t\t<a class=\"e-gallery-item elementor-gallery-item elementor-animated-content\" href=\"https:\/\/www.expodefensa.com.co\/wp-content\/uploads\/2023\/01\/EXPODEFENSA2021-Official-Delegation-scaled.jpg\" data-elementor-open-lightbox=\"yes\" data-elementor-lightbox-slideshow=\"4502bae\" data-elementor-lightbox-title=\"EXPODEFENSA2021-Official-Delegation\" data-elementor-lightbox-description=\"EXPODEFENSA2021-Official-Delegation\" data-e-action-hash=\"#elementor-action%3Aaction%3Dlightbox%26settings%3DeyJpZCI6NjE4NSwidXJsIjoiaHR0cHM6XC9cL3d3dy5leHBvZGVmZW5zYS5jb20uY29cL3dwLWNvbnRlbnRcL3VwbG9hZHNcLzIwMjNcLzAxXC9FWFBPREVGRU5TQTIwMjEtT2ZmaWNpYWwtRGVsZWdhdGlvbi1zY2FsZWQuanBnIiwic2xpZGVzaG93IjoiNDUwMmJhZSJ9\">\n\t\t\t\t\t<div class=\"e-gallery-image elementor-gallery-item__image\" data-thumbnail=\"https:\/\/www.expodefensa.com.co\/wp-content\/uploads\/2023\/01\/EXPODEFENSA2021-Official-Delegation-300x200.jpg\" data-width=\"300\" data-height=\"200\" aria-label=\"EXPODEFENSA2021-Official-Delegation\" role=\"img\" ><\/div>\n\t\t\t\t\t\t\t\t\t\t\t<div class=\"elementor-gallery-item__overlay\"><\/div>\n\t\t\t\t\t\t\t\t\t\t\t\t\t\t<\/a>\n\t\t\t\t\t\t\t<a class=\"e-gallery-item elementor-gallery-item elementor-animated-content\" href=\"https:\/\/www.expodefensa.com.co\/wp-content\/uploads\/2023\/01\/EXPODEFENSA2021-Official-Delegation-Navancia-scaled.jpg\" data-elementor-open-lightbox=\"yes\" data-elementor-lightbox-slideshow=\"4502bae\" data-elementor-lightbox-title=\"EXPODEFENSA2021-Official-Delegation-Navancia\" data-elementor-lightbox-description=\"EXPODEFENSA2021-Official-Delegation-Navancia\" data-e-action-hash=\"#elementor-action%3Aaction%3Dlightbox%26settings%3DeyJpZCI6NjE4NywidXJsIjoiaHR0cHM6XC9cL3d3dy5leHBvZGVmZW5zYS5jb20uY29cL3dwLWNvbnRlbnRcL3VwbG9hZHNcLzIwMjNcLzAxXC9FWFBPREVGRU5TQTIwMjEtT2ZmaWNpYWwtRGVsZWdhdGlvbi1OYXZhbmNpYS1zY2FsZWQuanBnIiwic2xpZGVzaG93IjoiNDUwMmJhZSJ9\">\n\t\t\t\t\t<div class=\"e-gallery-image elementor-gallery-item__image\" data-thumbnail=\"https:\/\/www.expodefensa.com.co\/wp-content\/uploads\/2023\/01\/EXPODEFENSA2021-Official-Delegation-Navancia-300x200.jpg\" data-width=\"300\" data-height=\"200\" aria-label=\"EXPODEFENSA2021-Official-Delegation-Navancia\" role=\"img\" ><\/div>\n\t\t\t\t\t\t\t\t\t\t\t<div class=\"elementor-gallery-item__overlay\"><\/div>\n\t\t\t\t\t\t\t\t\t\t\t\t\t\t<\/a>\n\t\t\t\t\t\t\t<a class=\"e-gallery-item elementor-gallery-item elementor-animated-content\" href=\"https:\/\/www.expodefensa.com.co\/wp-content\/uploads\/2023\/01\/EXPODEFENSA2021-Outdoor-Exhibitors-scaled.jpg\" data-elementor-open-lightbox=\"yes\" data-elementor-lightbox-slideshow=\"4502bae\" data-elementor-lightbox-title=\"EXPODEFENSA2021-Outdoor-Exhibitors\" data-elementor-lightbox-description=\"EXPODEFENSA2021-Outdoor-Exhibitors\" data-e-action-hash=\"#elementor-action%3Aaction%3Dlightbox%26settings%3DeyJpZCI6NjE4OSwidXJsIjoiaHR0cHM6XC9cL3d3dy5leHBvZGVmZW5zYS5jb20uY29cL3dwLWNvbnRlbnRcL3VwbG9hZHNcLzIwMjNcLzAxXC9FWFBPREVGRU5TQTIwMjEtT3V0ZG9vci1FeGhpYml0b3JzLXNjYWxlZC5qcGciLCJzbGlkZXNob3ciOiI0NTAyYmFlIn0%3D\">\n\t\t\t\t\t<div class=\"e-gallery-image elementor-gallery-item__image\" data-thumbnail=\"https:\/\/www.expodefensa.com.co\/wp-content\/uploads\/2023\/01\/EXPODEFENSA2021-Outdoor-Exhibitors-300x200.jpg\" data-width=\"300\" data-height=\"200\" aria-label=\"EXPODEFENSA2021-Outdoor-Exhibitors\" role=\"img\" ><\/div>\n\t\t\t\t\t\t\t\t\t\t\t<div class=\"elementor-gallery-item__overlay\"><\/div>\n\t\t\t\t\t\t\t\t\t\t\t\t\t\t<\/a>\n\t\t\t\t\t\t\t<a class=\"e-gallery-item elementor-gallery-item elementor-animated-content\" href=\"https:\/\/www.expodefensa.com.co\/wp-content\/uploads\/2023\/01\/EXPODEFENSA2021-participants-and-networking-scaled.jpg\" data-elementor-open-lightbox=\"yes\" data-elementor-lightbox-slideshow=\"4502bae\" data-elementor-lightbox-title=\"EXPODEFENSA2021-participants-and-networking\" data-elementor-lightbox-description=\"EXPODEFENSA2021-participants-and-networking\" data-e-action-hash=\"#elementor-action%3Aaction%3Dlightbox%26settings%3DeyJpZCI6NjE5MSwidXJsIjoiaHR0cHM6XC9cL3d3dy5leHBvZGVmZW5zYS5jb20uY29cL3dwLWNvbnRlbnRcL3VwbG9hZHNcLzIwMjNcLzAxXC9FWFBPREVGRU5TQTIwMjEtcGFydGljaXBhbnRzLWFuZC1uZXR3b3JraW5nLXNjYWxlZC5qcGciLCJzbGlkZXNob3ciOiI0NTAyYmFlIn0%3D\">\n\t\t\t\t\t<div class=\"e-gallery-image elementor-gallery-item__image\" data-thumbnail=\"https:\/\/www.expodefensa.com.co\/wp-content\/uploads\/2023\/01\/EXPODEFENSA2021-participants-and-networking-300x200.jpg\" data-width=\"300\" data-height=\"200\" aria-label=\"EXPODEFENSA2021-participants-and-networking\" role=\"img\" ><\/div>\n\t\t\t\t\t\t\t\t\t\t\t<div class=\"elementor-gallery-item__overlay\"><\/div>\n\t\t\t\t\t\t\t\t\t\t\t\t\t\t<\/a>\n\t\t\t\t\t\t\t<a class=\"e-gallery-item elementor-gallery-item elementor-animated-content\" href=\"https:\/\/www.expodefensa.com.co\/wp-content\/uploads\/2023\/01\/EXPODEFENSA2021-Plasan-scaled.jpg\" data-elementor-open-lightbox=\"yes\" data-elementor-lightbox-slideshow=\"4502bae\" data-elementor-lightbox-title=\"EXPODEFENSA2021-Plasan\" data-elementor-lightbox-description=\"EXPODEFENSA2021-Plasan\" data-e-action-hash=\"#elementor-action%3Aaction%3Dlightbox%26settings%3DeyJpZCI6NjE5MywidXJsIjoiaHR0cHM6XC9cL3d3dy5leHBvZGVmZW5zYS5jb20uY29cL3dwLWNvbnRlbnRcL3VwbG9hZHNcLzIwMjNcLzAxXC9FWFBPREVGRU5TQTIwMjEtUGxhc2FuLXNjYWxlZC5qcGciLCJzbGlkZXNob3ciOiI0NTAyYmFlIn0%3D\">\n\t\t\t\t\t<div class=\"e-gallery-image elementor-gallery-item__image\" data-thumbnail=\"https:\/\/www.expodefensa.com.co\/wp-content\/uploads\/2023\/01\/EXPODEFENSA2021-Plasan-300x200.jpg\" data-width=\"300\" data-height=\"200\" aria-label=\"EXPODEFENSA2021-Plasan\" role=\"img\" ><\/div>\n\t\t\t\t\t\t\t\t\t\t\t<div class=\"elementor-gallery-item__overlay\"><\/div>\n\t\t\t\t\t\t\t\t\t\t\t\t\t\t<\/a>\n\t\t\t\t\t\t\t<a class=\"e-gallery-item elementor-gallery-item elementor-animated-content\" href=\"https:\/\/www.expodefensa.com.co\/wp-content\/uploads\/2023\/01\/EXPODEFENSA2021-Policia-nacional-Alselsan-scaled.jpg\" data-elementor-open-lightbox=\"yes\" data-elementor-lightbox-slideshow=\"4502bae\" data-elementor-lightbox-title=\"EXPODEFENSA2021-Policia-nacional-Alselsan\" data-elementor-lightbox-description=\"EXPODEFENSA2021-Policia-nacional-Alselsan\" data-e-action-hash=\"#elementor-action%3Aaction%3Dlightbox%26settings%3DeyJpZCI6NjE5NSwidXJsIjoiaHR0cHM6XC9cL3d3dy5leHBvZGVmZW5zYS5jb20uY29cL3dwLWNvbnRlbnRcL3VwbG9hZHNcLzIwMjNcLzAxXC9FWFBPREVGRU5TQTIwMjEtUG9saWNpYS1uYWNpb25hbC1BbHNlbHNhbi1zY2FsZWQuanBnIiwic2xpZGVzaG93IjoiNDUwMmJhZSJ9\">\n\t\t\t\t\t<div class=\"e-gallery-image elementor-gallery-item__image\" data-thumbnail=\"https:\/\/www.expodefensa.com.co\/wp-content\/uploads\/2023\/01\/EXPODEFENSA2021-Policia-nacional-Alselsan-300x200.jpg\" data-width=\"300\" data-height=\"200\" aria-label=\"EXPODEFENSA2021-Policia-nacional-Alselsan\" role=\"img\" ><\/div>\n\t\t\t\t\t\t\t\t\t\t\t<div class=\"elementor-gallery-item__overlay\"><\/div>\n\t\t\t\t\t\t\t\t\t\t\t\t\t\t<\/a>\n\t\t\t\t\t\t\t<a class=\"e-gallery-item elementor-gallery-item elementor-animated-content\" href=\"https:\/\/www.expodefensa.com.co\/wp-content\/uploads\/2023\/01\/EXPODEFENSA2021-presentacion-de-las-ultimas-tecnologias-scaled.jpg\" data-elementor-open-lightbox=\"yes\" data-elementor-lightbox-slideshow=\"4502bae\" data-elementor-lightbox-title=\"EXPODEFENSA2021-presentacion-de-las-ultimas-tecnologias\" data-elementor-lightbox-description=\"EXPODEFENSA2021-presentacion-de-las-ultimas-tecnologias\" data-e-action-hash=\"#elementor-action%3Aaction%3Dlightbox%26settings%3DeyJpZCI6NjE5NywidXJsIjoiaHR0cHM6XC9cL3d3dy5leHBvZGVmZW5zYS5jb20uY29cL3dwLWNvbnRlbnRcL3VwbG9hZHNcLzIwMjNcLzAxXC9FWFBPREVGRU5TQTIwMjEtcHJlc2VudGFjaW9uLWRlLWxhcy11bHRpbWFzLXRlY25vbG9naWFzLXNjYWxlZC5qcGciLCJzbGlkZXNob3ciOiI0NTAyYmFlIn0%3D\">\n\t\t\t\t\t<div class=\"e-gallery-image elementor-gallery-item__image\" data-thumbnail=\"https:\/\/www.expodefensa.com.co\/wp-content\/uploads\/2023\/01\/EXPODEFENSA2021-presentacion-de-las-ultimas-tecnologias-300x200.jpg\" data-width=\"300\" data-height=\"200\" aria-label=\"EXPODEFENSA2021-presentacion-de-las-ultimas-tecnologias\" role=\"img\" ><\/div>\n\t\t\t\t\t\t\t\t\t\t\t<div class=\"elementor-gallery-item__overlay\"><\/div>\n\t\t\t\t\t\t\t\t\t\t\t\t\t\t<\/a>\n\t\t\t\t\t\t\t<a class=\"e-gallery-item elementor-gallery-item elementor-animated-content\" href=\"https:\/\/www.expodefensa.com.co\/wp-content\/uploads\/2023\/01\/EXPODEFENSA2021-Seguridad-y-Defensa-America-Latina.jpg\" data-elementor-open-lightbox=\"yes\" data-elementor-lightbox-slideshow=\"4502bae\" data-elementor-lightbox-title=\"EXPODEFENSA2021-Seguridad-y-Defensa-America-Latina\" data-elementor-lightbox-description=\"EXPODEFENSA2021-Seguridad-y-Defensa-America-Latina\" data-e-action-hash=\"#elementor-action%3Aaction%3Dlightbox%26settings%3DeyJpZCI6NjE5OSwidXJsIjoiaHR0cHM6XC9cL3d3dy5leHBvZGVmZW5zYS5jb20uY29cL3dwLWNvbnRlbnRcL3VwbG9hZHNcLzIwMjNcLzAxXC9FWFBPREVGRU5TQTIwMjEtU2VndXJpZGFkLXktRGVmZW5zYS1BbWVyaWNhLUxhdGluYS5qcGciLCJzbGlkZXNob3ciOiI0NTAyYmFlIn0%3D\">\n\t\t\t\t\t<div class=\"e-gallery-image elementor-gallery-item__image\" data-thumbnail=\"https:\/\/www.expodefensa.com.co\/wp-content\/uploads\/2023\/01\/EXPODEFENSA2021-Seguridad-y-Defensa-America-Latina-300x200.jpg\" data-width=\"300\" data-height=\"200\" aria-label=\"EXPODEFENSA2021-Seguridad-y-Defensa-America-Latina\" role=\"img\" ><\/div>\n\t\t\t\t\t\t\t\t\t\t\t<div class=\"elementor-gallery-item__overlay\"><\/div>\n\t\t\t\t\t\t\t\t\t\t\t\t\t\t<\/a>\n\t\t\t\t\t\t\t<a class=\"e-gallery-item elementor-gallery-item elementor-animated-content\" href=\"https:\/\/www.expodefensa.com.co\/wp-content\/uploads\/2023\/01\/EXPODEFENSA2021-showcase-of-Defense-and-security-products.jpg\" data-elementor-open-lightbox=\"yes\" data-elementor-lightbox-slideshow=\"4502bae\" data-elementor-lightbox-title=\"EXPODEFENSA2021-showcase-of-Defense-and-security-products\" data-elementor-lightbox-description=\"EXPODEFENSA2021-showcase-of-Defense-and-security-products\" data-e-action-hash=\"#elementor-action%3Aaction%3Dlightbox%26settings%3DeyJpZCI6NjIwMSwidXJsIjoiaHR0cHM6XC9cL3d3dy5leHBvZGVmZW5zYS5jb20uY29cL3dwLWNvbnRlbnRcL3VwbG9hZHNcLzIwMjNcLzAxXC9FWFBPREVGRU5TQTIwMjEtc2hvd2Nhc2Utb2YtRGVmZW5zZS1hbmQtc2VjdXJpdHktcHJvZHVjdHMuanBnIiwic2xpZGVzaG93IjoiNDUwMmJhZSJ9\">\n\t\t\t\t\t<div class=\"e-gallery-image elementor-gallery-item__image\" data-thumbnail=\"https:\/\/www.expodefensa.com.co\/wp-content\/uploads\/2023\/01\/EXPODEFENSA2021-showcase-of-Defense-and-security-products-300x200.jpg\" data-width=\"300\" data-height=\"200\" aria-label=\"EXPODEFENSA2021-showcase-of-Defense-and-security-products\" role=\"img\" ><\/div>\n\t\t\t\t\t\t\t\t\t\t\t<div class=\"elementor-gallery-item__overlay\"><\/div>\n\t\t\t\t\t\t\t\t\t\t\t\t\t\t<\/a>\n\t\t\t\t\t\t\t<a class=\"e-gallery-item elementor-gallery-item elementor-animated-content\" href=\"https:\/\/www.expodefensa.com.co\/wp-content\/uploads\/2023\/01\/EXPODEFENSA2021-Showcase-of-innovation.jpg\" data-elementor-open-lightbox=\"yes\" data-elementor-lightbox-slideshow=\"4502bae\" data-elementor-lightbox-title=\"EXPODEFENSA2021-Showcase-of-innovation\" data-elementor-lightbox-description=\"EXPODEFENSA2021-Showcase-of-innovation\" data-e-action-hash=\"#elementor-action%3Aaction%3Dlightbox%26settings%3DeyJpZCI6NjIwMywidXJsIjoiaHR0cHM6XC9cL3d3dy5leHBvZGVmZW5zYS5jb20uY29cL3dwLWNvbnRlbnRcL3VwbG9hZHNcLzIwMjNcLzAxXC9FWFBPREVGRU5TQTIwMjEtU2hvd2Nhc2Utb2YtaW5ub3ZhdGlvbi5qcGciLCJzbGlkZXNob3ciOiI0NTAyYmFlIn0%3D\">\n\t\t\t\t\t<div class=\"e-gallery-image elementor-gallery-item__image\" data-thumbnail=\"https:\/\/www.expodefensa.com.co\/wp-content\/uploads\/2023\/01\/EXPODEFENSA2021-Showcase-of-innovation-300x202.jpg\" data-width=\"300\" data-height=\"202\" aria-label=\"EXPODEFENSA2021-Showcase-of-innovation\" role=\"img\" ><\/div>\n\t\t\t\t\t\t\t\t\t\t\t<div class=\"elementor-gallery-item__overlay\"><\/div>\n\t\t\t\t\t\t\t\t\t\t\t\t\t\t<\/a>\n\t\t\t\t\t\t\t<a class=\"e-gallery-item elementor-gallery-item elementor-animated-content\" href=\"https:\/\/www.expodefensa.com.co\/wp-content\/uploads\/2023\/01\/EXPODEFENSA2021-SOLUCIONES-AVANZADAS-DE-SOFTWARE-PARA-SISTEMAS-AUTONOMOS-scaled.jpg\" data-elementor-open-lightbox=\"yes\" data-elementor-lightbox-slideshow=\"4502bae\" data-elementor-lightbox-title=\"EXPODEFENSA2021-SOLUCIONES-AVANZADAS-DE-SOFTWARE-PARA-SISTEMAS-AUTONOMOS\" data-elementor-lightbox-description=\"EXPODEFENSA2021-SOLUCIONES-AVANZADAS-DE-SOFTWARE-PARA-SISTEMAS-AUTONOMOS\" data-e-action-hash=\"#elementor-action%3Aaction%3Dlightbox%26settings%3DeyJpZCI6NjIwNSwidXJsIjoiaHR0cHM6XC9cL3d3dy5leHBvZGVmZW5zYS5jb20uY29cL3dwLWNvbnRlbnRcL3VwbG9hZHNcLzIwMjNcLzAxXC9FWFBPREVGRU5TQTIwMjEtU09MVUNJT05FUy1BVkFOWkFEQVMtREUtU09GVFdBUkUtUEFSQS1TSVNURU1BUy1BVVRPTk9NT1Mtc2NhbGVkLmpwZyIsInNsaWRlc2hvdyI6IjQ1MDJiYWUifQ%3D%3D\">\n\t\t\t\t\t<div class=\"e-gallery-image elementor-gallery-item__image\" data-thumbnail=\"https:\/\/www.expodefensa.com.co\/wp-content\/uploads\/2023\/01\/EXPODEFENSA2021-SOLUCIONES-AVANZADAS-DE-SOFTWARE-PARA-SISTEMAS-AUTONOMOS-300x178.jpg\" data-width=\"300\" data-height=\"178\" aria-label=\"EXPODEFENSA2021-SOLUCIONES-AVANZADAS-DE-SOFTWARE-PARA-SISTEMAS-AUTONOMOS\" role=\"img\" ><\/div>\n\t\t\t\t\t\t\t\t\t\t\t<div class=\"elementor-gallery-item__overlay\"><\/div>\n\t\t\t\t\t\t\t\t\t\t\t\t\t\t<\/a>\n\t\t\t\t\t\t\t<a class=\"e-gallery-item elementor-gallery-item elementor-animated-content\" href=\"https:\/\/www.expodefensa.com.co\/wp-content\/uploads\/2023\/01\/EXPODEFENSA2021-Take-part-in-the-benchmark-Security-Defense-event-for-Latin-America.jpg\" data-elementor-open-lightbox=\"yes\" data-elementor-lightbox-slideshow=\"4502bae\" data-elementor-lightbox-title=\"EXPODEFENSA2021-Take-part-in-the-benchmark-Security-Defense-event-for-Latin-America\" data-elementor-lightbox-description=\"EXPODEFENSA2021-Take-part-in-the-benchmark-Security-Defense-event-for-Latin-America\" data-e-action-hash=\"#elementor-action%3Aaction%3Dlightbox%26settings%3DeyJpZCI6NjIwNywidXJsIjoiaHR0cHM6XC9cL3d3dy5leHBvZGVmZW5zYS5jb20uY29cL3dwLWNvbnRlbnRcL3VwbG9hZHNcLzIwMjNcLzAxXC9FWFBPREVGRU5TQTIwMjEtVGFrZS1wYXJ0LWluLXRoZS1iZW5jaG1hcmstU2VjdXJpdHktRGVmZW5zZS1ldmVudC1mb3ItTGF0aW4tQW1lcmljYS5qcGciLCJzbGlkZXNob3ciOiI0NTAyYmFlIn0%3D\">\n\t\t\t\t\t<div class=\"e-gallery-image elementor-gallery-item__image\" data-thumbnail=\"https:\/\/www.expodefensa.com.co\/wp-content\/uploads\/2023\/01\/EXPODEFENSA2021-Take-part-in-the-benchmark-Security-Defense-event-for-Latin-America-300x200.jpg\" data-width=\"300\" data-height=\"200\" aria-label=\"EXPODEFENSA2021-Take-part-in-the-benchmark-Security-Defense-event-for-Latin-America\" role=\"img\" ><\/div>\n\t\t\t\t\t\t\t\t\t\t\t<div class=\"elementor-gallery-item__overlay\"><\/div>\n\t\t\t\t\t\t\t\t\t\t\t\t\t\t<\/a>\n\t\t\t\t\t\t\t<a class=\"e-gallery-item elementor-gallery-item elementor-animated-content\" href=\"https:\/\/www.expodefensa.com.co\/wp-content\/uploads\/2023\/01\/EXPODEFENSA2021-Talleres-El-sector-Defensa-transformacion-digital-scaled.jpg\" data-elementor-open-lightbox=\"yes\" data-elementor-lightbox-slideshow=\"4502bae\" data-elementor-lightbox-title=\"EXPODEFENSA2021-Talleres-El-sector-Defensa-transformacion-digital\" data-elementor-lightbox-description=\"EXPODEFENSA2021-Talleres-El-sector-Defensa-transformacion-digital\" data-e-action-hash=\"#elementor-action%3Aaction%3Dlightbox%26settings%3DeyJpZCI6NjIwOSwidXJsIjoiaHR0cHM6XC9cL3d3dy5leHBvZGVmZW5zYS5jb20uY29cL3dwLWNvbnRlbnRcL3VwbG9hZHNcLzIwMjNcLzAxXC9FWFBPREVGRU5TQTIwMjEtVGFsbGVyZXMtRWwtc2VjdG9yLURlZmVuc2EtdHJhbnNmb3JtYWNpb24tZGlnaXRhbC1zY2FsZWQuanBnIiwic2xpZGVzaG93IjoiNDUwMmJhZSJ9\">\n\t\t\t\t\t<div class=\"e-gallery-image elementor-gallery-item__image\" data-thumbnail=\"https:\/\/www.expodefensa.com.co\/wp-content\/uploads\/2023\/01\/EXPODEFENSA2021-Talleres-El-sector-Defensa-transformacion-digital-300x183.jpg\" data-width=\"300\" data-height=\"183\" aria-label=\"EXPODEFENSA2021-Talleres-El-sector-Defensa-transformacion-digital\" role=\"img\" ><\/div>\n\t\t\t\t\t\t\t\t\t\t\t<div class=\"elementor-gallery-item__overlay\"><\/div>\n\t\t\t\t\t\t\t\t\t\t\t\t\t\t<\/a>\n\t\t\t\t\t\t\t<a class=\"e-gallery-item elementor-gallery-item elementor-animated-content\" href=\"https:\/\/www.expodefensa.com.co\/wp-content\/uploads\/2023\/01\/EXPODEFENSA2021-Talleres-y-workshops-scaled.jpg\" data-elementor-open-lightbox=\"yes\" data-elementor-lightbox-slideshow=\"4502bae\" data-elementor-lightbox-title=\"EXPODEFENSA2021-Talleres-y-workshops\" data-elementor-lightbox-description=\"EXPODEFENSA2021-Talleres-y-workshops\" data-e-action-hash=\"#elementor-action%3Aaction%3Dlightbox%26settings%3DeyJpZCI6NjIxMSwidXJsIjoiaHR0cHM6XC9cL3d3dy5leHBvZGVmZW5zYS5jb20uY29cL3dwLWNvbnRlbnRcL3VwbG9hZHNcLzIwMjNcLzAxXC9FWFBPREVGRU5TQTIwMjEtVGFsbGVyZXMteS13b3Jrc2hvcHMtc2NhbGVkLmpwZyIsInNsaWRlc2hvdyI6IjQ1MDJiYWUifQ%3D%3D\">\n\t\t\t\t\t<div class=\"e-gallery-image elementor-gallery-item__image\" data-thumbnail=\"https:\/\/www.expodefensa.com.co\/wp-content\/uploads\/2023\/01\/EXPODEFENSA2021-Talleres-y-workshops-300x190.jpg\" data-width=\"300\" data-height=\"190\" aria-label=\"EXPODEFENSA2021-Talleres-y-workshops\" role=\"img\" ><\/div>\n\t\t\t\t\t\t\t\t\t\t\t<div class=\"elementor-gallery-item__overlay\"><\/div>\n\t\t\t\t\t\t\t\t\t\t\t\t\t\t<\/a>\n\t\t\t\t\t<\/div>\n\t\t\t\t\t<\/div>\n\t\t\t\t<\/div>\n\t\t\t\t\t<\/div>\n\t\t<\/div>\n\t\t\t\t\t<\/div>\n\t\t<\/section>\n\t\t<div class=\"elementor-element elementor-element-5074b56 e-flex e-con-boxed e-con e-parent\" data-id=\"5074b56\" data-element_type=\"container\" data-e-type=\"container\" data-settings=\"{&quot;background_background&quot;:&quot;classic&quot;,&quot;_ha_eqh_enable&quot;:false}\">\n\t\t\t\t\t<div class=\"e-con-inner\">\n\t\t\t\t<div class=\"elementor-element elementor-element-19f014b elementor-widget__width-initial elementor-widget elementor-widget-heading\" data-id=\"19f014b\" data-element_type=\"widget\" data-e-type=\"widget\" data-widget_type=\"heading.default\">\n\t\t\t\t<div class=\"elementor-widget-container\">\n\t\t\t\t\t<h2 class=\"elementor-heading-title elementor-size-default\">\u00bfTiene alguna pregunta sobre tu participaci\u00f3n? <span style=\"color:#FFF\">Cont\u00e1ctenos<\/span><\/h2>\t\t\t\t<\/div>\n\t\t\t\t<\/div>\n\t\t<div class=\"elementor-element elementor-element-f7dfff8 e-con-full e-flex e-con e-child\" data-id=\"f7dfff8\" data-element_type=\"container\" data-e-type=\"container\" data-settings=\"{&quot;_ha_eqh_enable&quot;:false}\">\n\t\t<div class=\"elementor-element elementor-element-585f90f e-con-full e-flex e-con e-child\" data-id=\"585f90f\" data-element_type=\"container\" data-e-type=\"container\" data-settings=\"{&quot;_ha_eqh_enable&quot;:false}\">\n\t\t\t\t<\/div>\n\t\t<div class=\"elementor-element elementor-element-523fa9f e-con-full e-flex e-con e-child\" data-id=\"523fa9f\" data-element_type=\"container\" data-e-type=\"container\" data-settings=\"{&quot;_ha_eqh_enable&quot;:false}\">\n\t\t\t\t<div class=\"elementor-element elementor-element-7108aef elementor-flip-box--effect-flip elementor-flip-box--direction-up elementor-widget elementor-widget-flip-box\" data-id=\"7108aef\" data-element_type=\"widget\" data-e-type=\"widget\" data-widget_type=\"flip-box.default\">\n\t\t\t\t<div class=\"elementor-widget-container\">\n\t\t\t\t\t\t\t<div class=\"elementor-flip-box\" tabindex=\"0\">\n\t\t\t<div class=\"elementor-flip-box__layer elementor-flip-box__front\">\n\t\t\t\t<div class=\"elementor-flip-box__layer__overlay\">\n\t\t\t\t\t<div class=\"elementor-flip-box__layer__inner\">\n\t\t\t\t\t\t\t\t\t\t\t\t\t<div class=\"elementor-flip-box__image\">\n\t\t\t\t\t\t\t\t<img decoding=\"async\" width=\"150\" height=\"150\" src=\"https:\/\/www.expodefensa.com.co\/wp-content\/uploads\/2022\/12\/Guillaume-WOODFORD-1-150x150.png\" class=\"attachment-thumbnail size-thumbnail wp-image-4008\" alt=\"Guillaume-WOODFORD\" srcset=\"https:\/\/www.expodefensa.com.co\/wp-content\/uploads\/2022\/12\/Guillaume-WOODFORD-1-150x150.png 150w, https:\/\/www.expodefensa.com.co\/wp-content\/uploads\/2022\/12\/Guillaume-WOODFORD-1-75x75.png 75w, https:\/\/www.expodefensa.com.co\/wp-content\/uploads\/2022\/12\/Guillaume-WOODFORD-1.png 200w\" sizes=\"(max-width: 150px) 100vw, 150px\" \/>\t\t\t\t\t\t\t<\/div>\n\t\t\t\t\t\t\n\t\t\t\t\t\t\t\t\t\t\t\t\t<h3 class=\"elementor-flip-box__layer__title\">\n\t\t\t\t\t\t\t\tGuillaume WOODFORD\t\t\t\t\t\t\t<\/h3>\n\t\t\t\t\t\t\n\t\t\t\t\t\t\t\t\t\t\t\t\t<div class=\"elementor-flip-box__layer__description\">\n\t\t\t\t\t\t\t\tGerente de Relaciones con la Prensa\t\t\t\t\t\t\t<\/div>\n\t\t\t\t\t\t\t\t\t\t\t<\/div>\n\t\t\t\t<\/div>\n\t\t\t<\/div>\n\t\t\t<div class=\"elementor-flip-box__layer elementor-flip-box__back\">\n\t\t\t<div class=\"elementor-flip-box__layer__overlay\">\n\t\t\t\t<div class=\"elementor-flip-box__layer__inner\">\n\t\t\t\t\t\t\t\t\t\t\t<h3 class=\"elementor-flip-box__layer__title\">\n\t\t\t\t\t\t\tContacto Guillaume WOODFORD\t\t\t\t\t\t<\/h3>\n\t\t\t\t\t\n\t\t\t\t\t\t\t\t\t\t\t<div class=\"elementor-flip-box__layer__description\">\n\t\t\t\t\t\t\t<a href=\"tel:+33144145111\"><span class=\"fa fa-phone\" aria-hidden=\"true\"><\/span><\/a>+33144145111<br><a href=\"mailto:g.woodford@cogesevents.com\"><span class=\"fa fa-envelope\" aria-hidden=\"true\"><\/span><\/a>\t\t\t\t\t\t<\/div>\n\t\t\t\t\t\n\t\t\t\t\t\t\t\t<\/div>\n\t\t<\/div>\n\t\t<\/div>\n\t\t<\/div>\n\t\t\t\t\t\t<\/div>\n\t\t\t\t<\/div>\n\t\t\t\t<\/div>\n\t\t<div class=\"elementor-element elementor-element-043ae24 e-con-full e-flex e-con e-child\" data-id=\"043ae24\" data-element_type=\"container\" data-e-type=\"container\" data-settings=\"{&quot;_ha_eqh_enable&quot;:false}\">\n\t\t\t\t<div class=\"elementor-element elementor-element-5576444 elementor-flip-box--effect-flip elementor-flip-box--direction-up elementor-widget elementor-widget-flip-box\" data-id=\"5576444\" data-element_type=\"widget\" data-e-type=\"widget\" data-widget_type=\"flip-box.default\">\n\t\t\t\t<div class=\"elementor-widget-container\">\n\t\t\t\t\t\t\t<div class=\"elementor-flip-box\" tabindex=\"0\">\n\t\t\t<div class=\"elementor-flip-box__layer elementor-flip-box__front\">\n\t\t\t\t<div class=\"elementor-flip-box__layer__overlay\">\n\t\t\t\t\t<div class=\"elementor-flip-box__layer__inner\">\n\t\t\t\t\t\t\t\t\t\t\t\t\t<div class=\"elementor-flip-box__image\">\n\t\t\t\t\t\t\t\t<img decoding=\"async\" width=\"150\" height=\"150\" src=\"https:\/\/www.expodefensa.com.co\/wp-content\/uploads\/2022\/12\/Ruben-Dario-OCAMPO-CAMARGO-150x150.png\" class=\"attachment-thumbnail size-thumbnail wp-image-4265\" alt=\"Ruben-Dario-OCAMPO-CAMARGO\" srcset=\"https:\/\/www.expodefensa.com.co\/wp-content\/uploads\/2022\/12\/Ruben-Dario-OCAMPO-CAMARGO-150x150.png 150w, https:\/\/www.expodefensa.com.co\/wp-content\/uploads\/2022\/12\/Ruben-Dario-OCAMPO-CAMARGO-75x75.png 75w, https:\/\/www.expodefensa.com.co\/wp-content\/uploads\/2022\/12\/Ruben-Dario-OCAMPO-CAMARGO.png 200w\" sizes=\"(max-width: 150px) 100vw, 150px\" \/>\t\t\t\t\t\t\t<\/div>\n\t\t\t\t\t\t\n\t\t\t\t\t\t\t\t\t\t\t\t\t<h3 class=\"elementor-flip-box__layer__title\">\n\t\t\t\t\t\t\t\tRub\u00e9n Dar\u00edo OCAMPO CAMARGO\t\t\t\t\t\t\t<\/h3>\n\t\t\t\t\t\t\n\t\t\t\t\t\t\t\t\t\t\t\t\t<div class=\"elementor-flip-box__layer__description\">\n\t\t\t\t\t\t\t\tPrensa Nacional\t\t\t\t\t\t\t<\/div>\n\t\t\t\t\t\t\t\t\t\t\t<\/div>\n\t\t\t\t<\/div>\n\t\t\t<\/div>\n\t\t\t<div class=\"elementor-flip-box__layer elementor-flip-box__back\">\n\t\t\t<div class=\"elementor-flip-box__layer__overlay\">\n\t\t\t\t<div class=\"elementor-flip-box__layer__inner\">\n\t\t\t\t\t\t\t\t\t\t\t<h3 class=\"elementor-flip-box__layer__title\">\n\t\t\t\t\t\t\tContacto Rub\u00e9n Dar\u00edo OCAMPO CAMARGO\t\t\t\t\t\t<\/h3>\n\t\t\t\t\t\n\t\t\t\t\t\t\t\t\t\t\t<div class=\"elementor-flip-box__layer__description\">\n\t\t\t\t\t\t\t<a href=\"tel:+5713810000\"><span class=\"fa fa-phone\" aria-hidden=\"true\"><\/span><\/a>+5713810000<br><a href=\"mailto:rocampo@corferias.com\"><span class=\"fa fa-envelope\" aria-hidden=\"true\"><\/span><\/a>\t\t\t\t\t\t<\/div>\n\t\t\t\t\t\n\t\t\t\t\t\t\t\t<\/div>\n\t\t<\/div>\n\t\t<\/div>\n\t\t<\/div>\n\t\t\t\t\t\t<\/div>\n\t\t\t\t<\/div>\n\t\t\t\t<\/div>\n\t\t<div class=\"elementor-element elementor-element-a8ad2ff e-con-full e-flex e-con e-child\" data-id=\"a8ad2ff\" data-element_type=\"container\" data-e-type=\"container\" data-settings=\"{&quot;_ha_eqh_enable&quot;:false}\">\n\t\t\t\t<\/div>\n\t\t\t\t<\/div>\n\t\t\t\t\t<\/div>\n\t\t\t\t<\/div>\n\t\t\t\t<\/div>\n\t\t","protected":false},"excerpt":{"rendered":"<p>Galer\u00eda de fotos \u00bfTiene alguna pregunta sobre tu participaci\u00f3n? Cont\u00e1ctenos Guillaume WOODFORD Gerente de Relaciones con la Prensa Contacto Guillaume WOODFORD +33144145111 Rub\u00e9n Dar\u00edo OCAMPO CAMARGO Prensa Nacional Contacto Rub\u00e9n Dar\u00edo OCAMPO CAMARGO +5713810000<\/p>\n","protected":false},"author":1,"featured_media":0,"parent":0,"menu_order":0,"comment_status":"closed","ping_status":"closed","template":"","meta":{"_acf_changed":false,"footnotes":""},"class_list":["post-6497","page","type-page","status-publish","hentry"],"acf":[],"yoast_head":"<!-- This site is optimized with the Yoast SEO plugin v27.4 - https:\/\/yoast.com\/product\/yoast-seo-wordpress\/ -->\n<title>Expodefensa 2023 - Galer\u00eda de fotos<\/title>\n<meta name=\"description\" content=\"Encuentre aqu\u00ed algunos momentos clave de la \u00faltima edici\u00f3n de Expodefensa en im\u00e1genes y h\u00e1gase una idea de su visita.\" \/>\n<meta name=\"robots\" content=\"index, follow, max-snippet:-1, max-image-preview:large, max-video-preview:-1\" \/>\n<link rel=\"canonical\" href=\"https:\/\/www.expodefensa.com.co\/es\/galeria-de-fotos\/\" \/>\n<meta property=\"og:locale\" content=\"es_ES\" \/>\n<meta property=\"og:type\" content=\"article\" \/>\n<meta property=\"og:title\" content=\"Expodefensa 2023 - Galer\u00eda de fotos\" \/>\n<meta property=\"og:description\" content=\"Encuentre aqu\u00ed algunos momentos clave de la \u00faltima edici\u00f3n de Expodefensa en im\u00e1genes y h\u00e1gase una idea de su visita.\" \/>\n<meta property=\"og:url\" content=\"https:\/\/www.expodefensa.com.co\/es\/galeria-de-fotos\/\" \/>\n<meta property=\"og:site_name\" content=\"Expodefensa 2025\" \/>\n<meta property=\"article:modified_time\" content=\"2025-02-05T14:15:48+00:00\" \/>\n<meta property=\"og:image\" content=\"https:\/\/www.expodefensa.com.co\/wp-content\/uploads\/2022\/12\/Guillaume-WOODFORD-1.png\" \/>\n\t<meta property=\"og:image:width\" content=\"200\" \/>\n\t<meta property=\"og:image:height\" content=\"200\" \/>\n\t<meta property=\"og:image:type\" content=\"image\/png\" \/>\n<meta name=\"twitter:card\" content=\"summary_large_image\" \/>\n<meta name=\"twitter:label1\" content=\"Tiempo de lectura\" \/>\n\t<meta name=\"twitter:data1\" content=\"1 minuto\" \/>\n<script type=\"application\/ld+json\" class=\"yoast-schema-graph\">{\"@context\":\"https:\\\/\\\/schema.org\",\"@graph\":[{\"@type\":\"WebPage\",\"@id\":\"https:\\\/\\\/www.expodefensa.com.co\\\/es\\\/galeria-de-fotos\\\/\",\"url\":\"https:\\\/\\\/www.expodefensa.com.co\\\/es\\\/galeria-de-fotos\\\/\",\"name\":\"Expodefensa 2023 - Galer\u00eda de fotos\",\"isPartOf\":{\"@id\":\"https:\\\/\\\/2023.expodefensa.fr\\\/#website\"},\"primaryImageOfPage\":{\"@id\":\"https:\\\/\\\/www.expodefensa.com.co\\\/es\\\/galeria-de-fotos\\\/#primaryimage\"},\"image\":{\"@id\":\"https:\\\/\\\/www.expodefensa.com.co\\\/es\\\/galeria-de-fotos\\\/#primaryimage\"},\"thumbnailUrl\":\"https:\\\/\\\/www.expodefensa.com.co\\\/wp-content\\\/uploads\\\/2022\\\/12\\\/Guillaume-WOODFORD-1-150x150.png\",\"datePublished\":\"2023-01-04T13:22:51+00:00\",\"dateModified\":\"2025-02-05T14:15:48+00:00\",\"description\":\"Encuentre aqu\u00ed algunos momentos clave de la \u00faltima edici\u00f3n de Expodefensa en im\u00e1genes y h\u00e1gase una idea de su visita.\",\"breadcrumb\":{\"@id\":\"https:\\\/\\\/www.expodefensa.com.co\\\/es\\\/galeria-de-fotos\\\/#breadcrumb\"},\"inLanguage\":\"es\",\"potentialAction\":[{\"@type\":\"ReadAction\",\"target\":[\"https:\\\/\\\/www.expodefensa.com.co\\\/es\\\/galeria-de-fotos\\\/\"]}]},{\"@type\":\"ImageObject\",\"inLanguage\":\"es\",\"@id\":\"https:\\\/\\\/www.expodefensa.com.co\\\/es\\\/galeria-de-fotos\\\/#primaryimage\",\"url\":\"https:\\\/\\\/www.expodefensa.com.co\\\/wp-content\\\/uploads\\\/2022\\\/12\\\/Guillaume-WOODFORD-1-150x150.png\",\"contentUrl\":\"https:\\\/\\\/www.expodefensa.com.co\\\/wp-content\\\/uploads\\\/2022\\\/12\\\/Guillaume-WOODFORD-1-150x150.png\"},{\"@type\":\"BreadcrumbList\",\"@id\":\"https:\\\/\\\/www.expodefensa.com.co\\\/es\\\/galeria-de-fotos\\\/#breadcrumb\",\"itemListElement\":[{\"@type\":\"ListItem\",\"position\":1,\"name\":\"Home\",\"item\":\"https:\\\/\\\/www.expodefensa.com.co\\\/es\\\/home\\\/\"},{\"@type\":\"ListItem\",\"position\":2,\"name\":\"Media\",\"item\":\"https:\\\/\\\/www.expodefensa.com.co\\\/es\\\/media\\\/\"},{\"@type\":\"ListItem\",\"position\":3,\"name\":\"Galer\u00eda de fotos\"}]},{\"@type\":\"WebSite\",\"@id\":\"https:\\\/\\\/2023.expodefensa.fr\\\/#website\",\"url\":\"https:\\\/\\\/2023.expodefensa.fr\\\/\",\"name\":\"Expodefensa 2025\",\"description\":\"International Defense and Security Trade Fair\",\"publisher\":{\"@id\":\"https:\\\/\\\/2023.expodefensa.fr\\\/#organization\"},\"alternateName\":\"Expodefensa 2023\",\"potentialAction\":[{\"@type\":\"SearchAction\",\"target\":{\"@type\":\"EntryPoint\",\"urlTemplate\":\"https:\\\/\\\/2023.expodefensa.fr\\\/?s={search_term_string}\"},\"query-input\":{\"@type\":\"PropertyValueSpecification\",\"valueRequired\":true,\"valueName\":\"search_term_string\"}}],\"inLanguage\":\"es\"},{\"@type\":\"Organization\",\"@id\":\"https:\\\/\\\/2023.expodefensa.fr\\\/#organization\",\"name\":\"Expodefensa 2025\",\"alternateName\":\"Expodefensa 2023\",\"url\":\"https:\\\/\\\/2023.expodefensa.fr\\\/\",\"logo\":{\"@type\":\"ImageObject\",\"inLanguage\":\"es\",\"@id\":\"https:\\\/\\\/2023.expodefensa.fr\\\/#\\\/schema\\\/logo\\\/image\\\/\",\"url\":\"https:\\\/\\\/www.expodefensa.com.co\\\/wp-content\\\/uploads\\\/2023\\\/01\\\/logo_expodefensa-social.jpg\",\"contentUrl\":\"https:\\\/\\\/www.expodefensa.com.co\\\/wp-content\\\/uploads\\\/2023\\\/01\\\/logo_expodefensa-social.jpg\",\"width\":432,\"height\":200,\"caption\":\"Expodefensa 2025\"},\"image\":{\"@id\":\"https:\\\/\\\/2023.expodefensa.fr\\\/#\\\/schema\\\/logo\\\/image\\\/\"},\"sameAs\":[\"https:\\\/\\\/www.linkedin.com\\\/company\\\/expodefensa\\\/\"]}]}<\/script>\n<!-- \/ Yoast SEO plugin. -->","yoast_head_json":{"title":"Expodefensa 2023 - Galer\u00eda de fotos","description":"Encuentre aqu\u00ed algunos momentos clave de la \u00faltima edici\u00f3n de Expodefensa en im\u00e1genes y h\u00e1gase una idea de su visita.","robots":{"index":"index","follow":"follow","max-snippet":"max-snippet:-1","max-image-preview":"max-image-preview:large","max-video-preview":"max-video-preview:-1"},"canonical":"https:\/\/www.expodefensa.com.co\/es\/galeria-de-fotos\/","og_locale":"es_ES","og_type":"article","og_title":"Expodefensa 2023 - Galer\u00eda de fotos","og_description":"Encuentre aqu\u00ed algunos momentos clave de la \u00faltima edici\u00f3n de Expodefensa en im\u00e1genes y h\u00e1gase una idea de su visita.","og_url":"https:\/\/www.expodefensa.com.co\/es\/galeria-de-fotos\/","og_site_name":"Expodefensa 2025","article_modified_time":"2025-02-05T14:15:48+00:00","og_image":[{"width":200,"height":200,"url":"https:\/\/www.expodefensa.com.co\/wp-content\/uploads\/2022\/12\/Guillaume-WOODFORD-1.png","type":"image\/png"}],"twitter_card":"summary_large_image","twitter_misc":{"Tiempo de lectura":"1 minuto"},"schema":{"@context":"https:\/\/schema.org","@graph":[{"@type":"WebPage","@id":"https:\/\/www.expodefensa.com.co\/es\/galeria-de-fotos\/","url":"https:\/\/www.expodefensa.com.co\/es\/galeria-de-fotos\/","name":"Expodefensa 2023 - Galer\u00eda de fotos","isPartOf":{"@id":"https:\/\/2023.expodefensa.fr\/#website"},"primaryImageOfPage":{"@id":"https:\/\/www.expodefensa.com.co\/es\/galeria-de-fotos\/#primaryimage"},"image":{"@id":"https:\/\/www.expodefensa.com.co\/es\/galeria-de-fotos\/#primaryimage"},"thumbnailUrl":"https:\/\/www.expodefensa.com.co\/wp-content\/uploads\/2022\/12\/Guillaume-WOODFORD-1-150x150.png","datePublished":"2023-01-04T13:22:51+00:00","dateModified":"2025-02-05T14:15:48+00:00","description":"Encuentre aqu\u00ed algunos momentos clave de la \u00faltima edici\u00f3n de Expodefensa en im\u00e1genes y h\u00e1gase una idea de su visita.","breadcrumb":{"@id":"https:\/\/www.expodefensa.com.co\/es\/galeria-de-fotos\/#breadcrumb"},"inLanguage":"es","potentialAction":[{"@type":"ReadAction","target":["https:\/\/www.expodefensa.com.co\/es\/galeria-de-fotos\/"]}]},{"@type":"ImageObject","inLanguage":"es","@id":"https:\/\/www.expodefensa.com.co\/es\/galeria-de-fotos\/#primaryimage","url":"https:\/\/www.expodefensa.com.co\/wp-content\/uploads\/2022\/12\/Guillaume-WOODFORD-1-150x150.png","contentUrl":"https:\/\/www.expodefensa.com.co\/wp-content\/uploads\/2022\/12\/Guillaume-WOODFORD-1-150x150.png"},{"@type":"BreadcrumbList","@id":"https:\/\/www.expodefensa.com.co\/es\/galeria-de-fotos\/#breadcrumb","itemListElement":[{"@type":"ListItem","position":1,"name":"Home","item":"https:\/\/www.expodefensa.com.co\/es\/home\/"},{"@type":"ListItem","position":2,"name":"Media","item":"https:\/\/www.expodefensa.com.co\/es\/media\/"},{"@type":"ListItem","position":3,"name":"Galer\u00eda de fotos"}]},{"@type":"WebSite","@id":"https:\/\/2023.expodefensa.fr\/#website","url":"https:\/\/2023.expodefensa.fr\/","name":"Expodefensa 2025","description":"International Defense and Security Trade Fair","publisher":{"@id":"https:\/\/2023.expodefensa.fr\/#organization"},"alternateName":"Expodefensa 2023","potentialAction":[{"@type":"SearchAction","target":{"@type":"EntryPoint","urlTemplate":"https:\/\/2023.expodefensa.fr\/?s={search_term_string}"},"query-input":{"@type":"PropertyValueSpecification","valueRequired":true,"valueName":"search_term_string"}}],"inLanguage":"es"},{"@type":"Organization","@id":"https:\/\/2023.expodefensa.fr\/#organization","name":"Expodefensa 2025","alternateName":"Expodefensa 2023","url":"https:\/\/2023.expodefensa.fr\/","logo":{"@type":"ImageObject","inLanguage":"es","@id":"https:\/\/2023.expodefensa.fr\/#\/schema\/logo\/image\/","url":"https:\/\/www.expodefensa.com.co\/wp-content\/uploads\/2023\/01\/logo_expodefensa-social.jpg","contentUrl":"https:\/\/www.expodefensa.com.co\/wp-content\/uploads\/2023\/01\/logo_expodefensa-social.jpg","width":432,"height":200,"caption":"Expodefensa 2025"},"image":{"@id":"https:\/\/2023.expodefensa.fr\/#\/schema\/logo\/image\/"},"sameAs":["https:\/\/www.linkedin.com\/company\/expodefensa\/"]}]}},"_links":{"self":[{"href":"https:\/\/www.expodefensa.com.co\/es\/wp-json\/wp\/v2\/pages\/6497","targetHints":{"allow":["GET"]}}],"collection":[{"href":"https:\/\/www.expodefensa.com.co\/es\/wp-json\/wp\/v2\/pages"}],"about":[{"href":"https:\/\/www.expodefensa.com.co\/es\/wp-json\/wp\/v2\/types\/page"}],"author":[{"embeddable":true,"href":"https:\/\/www.expodefensa.com.co\/es\/wp-json\/wp\/v2\/users\/1"}],"replies":[{"embeddable":true,"href":"https:\/\/www.expodefensa.com.co\/es\/wp-json\/wp\/v2\/comments?post=6497"}],"version-history":[{"count":5,"href":"https:\/\/www.expodefensa.com.co\/es\/wp-json\/wp\/v2\/pages\/6497\/revisions"}],"predecessor-version":[{"id":11609,"href":"https:\/\/www.expodefensa.com.co\/es\/wp-json\/wp\/v2\/pages\/6497\/revisions\/11609"}],"wp:attachment":[{"href":"https:\/\/www.expodefensa.com.co\/es\/wp-json\/wp\/v2\/media?parent=6497"}],"curies":[{"name":"wp","href":"https:\/\/api.w.org\/{rel}","templated":true}]}}