    
{"id":6481,"date":"2022-12-21T14:10:31","date_gmt":"2022-12-21T13:10:31","guid":{"rendered":"https:\/\/2023.expodefensa.fr\/media\/acreditacion\/"},"modified":"2023-02-11T11:31:04","modified_gmt":"2023-02-11T10:31:04","slug":"acreditacion","status":"publish","type":"page","link":"https:\/\/www.expodefensa.com.co\/es\/acreditacion\/","title":{"rendered":"Acreditaci\u00f3n"},"content":{"rendered":"\t\t<div data-elementor-type=\"wp-page\" data-elementor-id=\"6481\" class=\"elementor elementor-6481 elementor-3758\" data-elementor-settings=\"{&quot;ha_cmc_init_switcher&quot;:&quot;no&quot;}\" data-elementor-post-type=\"page\">\n\t\t\t\t\t\t<section class=\"elementor-section elementor-top-section elementor-element elementor-element-84e9fdf elementor-section-full_width elementor-section-height-default elementor-section-height-default\" data-id=\"84e9fdf\" data-element_type=\"section\" data-e-type=\"section\" data-settings=\"{&quot;_ha_eqh_enable&quot;:false}\">\n\t\t\t\t\t\t<div class=\"elementor-container elementor-column-gap-default\">\n\t\t\t\t\t<div class=\"elementor-column elementor-col-100 elementor-top-column elementor-element elementor-element-88ab8c3\" data-id=\"88ab8c3\" data-element_type=\"column\" data-e-type=\"column\">\n\t\t\t<div class=\"elementor-widget-wrap elementor-element-populated\">\n\t\t\t\t\t\t<div class=\"elementor-element elementor-element-aa9ae12 elementor-widget elementor-widget-breadcrumbs\" data-id=\"aa9ae12\" data-element_type=\"widget\" data-e-type=\"widget\" data-widget_type=\"breadcrumbs.default\">\n\t\t\t\t<div class=\"elementor-widget-container\">\n\t\t\t\t\t<p id=\"breadcrumbs\"><span><span><a href=\"https:\/\/www.expodefensa.com.co\/es\/home\/\">Home<\/a><\/span><\/span><\/p>\t\t\t\t<\/div>\n\t\t\t\t<\/div>\n\t\t\t\t<div class=\"elementor-element elementor-element-c52ca77 elementor-widget elementor-widget-heading\" data-id=\"c52ca77\" data-element_type=\"widget\" data-e-type=\"widget\" data-widget_type=\"heading.default\">\n\t\t\t\t<div class=\"elementor-widget-container\">\n\t\t\t\t\t<h1 class=\"elementor-heading-title elementor-size-default\">Acreditaci\u00f3n Expodefensa 2023<\/h1>\t\t\t\t<\/div>\n\t\t\t\t<\/div>\n\t\t\t\t<div class=\"elementor-element elementor-element-2c11688 elementor-widget elementor-widget-text-editor\" data-id=\"2c11688\" data-element_type=\"widget\" data-e-type=\"widget\" data-widget_type=\"text-editor.default\">\n\t\t\t\t<div class=\"elementor-widget-container\">\n\t\t\t\t\t\t\t\t\t<p>Nos gustar\u00eda agradecerle su inter\u00e9s en Expodefensa y esperamos verlo en la feria y leer, ver o escuchar sus informes.<\/p>\n\t\t\t\t\t\t\t\t<\/div>\n\t\t\t\t<\/div>\n\t\t\t\t\t<\/div>\n\t\t<\/div>\n\t\t\t\t\t<\/div>\n\t\t<\/section>\n\t\t\t\t<section class=\"elementor-section elementor-top-section elementor-element elementor-element-2239ea1 elementor-section-boxed elementor-section-height-default elementor-section-height-default\" data-id=\"2239ea1\" data-element_type=\"section\" data-e-type=\"section\" data-settings=\"{&quot;_ha_eqh_enable&quot;:false}\">\n\t\t\t\t\t\t<div class=\"elementor-container elementor-column-gap-wider\">\n\t\t\t\t\t<div class=\"elementor-column elementor-col-50 elementor-top-column elementor-element elementor-element-57bd70e\" data-id=\"57bd70e\" data-element_type=\"column\" data-e-type=\"column\">\n\t\t\t<div class=\"elementor-widget-wrap elementor-element-populated\">\n\t\t\t\t\t\t<div class=\"elementor-element elementor-element-2e22d2f elementor-widget elementor-widget-image\" data-id=\"2e22d2f\" data-element_type=\"widget\" data-e-type=\"widget\" data-widget_type=\"image.default\">\n\t\t\t\t<div class=\"elementor-widget-container\">\n\t\t\t\t\t\t\t\t\t\t\t\t\t\t\t<img fetchpriority=\"high\" decoding=\"async\" width=\"567\" height=\"567\" src=\"https:\/\/www.expodefensa.com.co\/wp-content\/uploads\/2022\/12\/accreditation.jpg\" class=\"attachment-large size-large wp-image-5885\" alt=\"\" srcset=\"https:\/\/www.expodefensa.com.co\/wp-content\/uploads\/2022\/12\/accreditation.jpg 567w, https:\/\/www.expodefensa.com.co\/wp-content\/uploads\/2022\/12\/accreditation-300x300.jpg 300w, https:\/\/www.expodefensa.com.co\/wp-content\/uploads\/2022\/12\/accreditation-150x150.jpg 150w, https:\/\/www.expodefensa.com.co\/wp-content\/uploads\/2022\/12\/accreditation-75x75.jpg 75w\" sizes=\"(max-width: 567px) 100vw, 567px\" \/>\t\t\t\t\t\t\t\t\t\t\t\t\t\t\t<\/div>\n\t\t\t\t<\/div>\n\t\t\t\t\t<\/div>\n\t\t<\/div>\n\t\t\t\t<div class=\"elementor-column elementor-col-50 elementor-top-column elementor-element elementor-element-ea3a649\" data-id=\"ea3a649\" data-element_type=\"column\" data-e-type=\"column\">\n\t\t\t<div class=\"elementor-widget-wrap elementor-element-populated\">\n\t\t\t\t\t\t<div class=\"elementor-element elementor-element-0a94e08 elementor-widget elementor-widget-heading\" data-id=\"0a94e08\" data-element_type=\"widget\" data-e-type=\"widget\" data-widget_type=\"heading.default\">\n\t\t\t\t<div class=\"elementor-widget-container\">\n\t\t\t\t\t<h2 class=\"elementor-heading-title elementor-size-default\">Pr\u00f3ximamente estar\u00e1 disponible la acreditaci\u00f3n para Expodefensa 2023<\/h2>\t\t\t\t<\/div>\n\t\t\t\t<\/div>\n\t\t\t\t<div class=\"elementor-element elementor-element-6eeff41 elementor-widget elementor-widget-text-editor\" data-id=\"6eeff41\" data-element_type=\"widget\" data-e-type=\"widget\" data-widget_type=\"text-editor.default\">\n\t\t\t\t<div class=\"elementor-widget-container\">\n\t\t\t\t\t\t\t\t\t<p>Con la acreditaci\u00f3n online, recibir\u00e1s tu pase de prensa gratuito antes del inicio de la feria. Tenga lista la documentaci\u00f3n que utilizar\u00e1 como prueba de que es periodista (PDF o JPG, m\u00e1x. 1 MB). En caso de que su archivo tenga m\u00e1s de 1 MB, env\u00edelo a <a href=\"mailto:press.expodefensa@cogesevents.com\"> press.expodefensa@cogesevents.com<\/a> y use el asunto acreditaci\u00f3n Expodefensa 2023.<\/p>\n<p>Una vez que se haya verificado su informaci\u00f3n, recibir\u00e1 su pase por correo electr\u00f3nico. A continuaci\u00f3n, deber\u00e1 imprimir su pase y llevarlo con usted a la feria. Su pase le dar\u00e1 acceso gratuito durante toda la duraci\u00f3n del evento.<\/p>\n\t\t\t\t\t\t\t\t<\/div>\n\t\t\t\t<\/div>\n\t\t\t\t\t<\/div>\n\t\t<\/div>\n\t\t\t\t\t<\/div>\n\t\t<\/section>\n\t\t\t\t<section class=\"elementor-section elementor-top-section elementor-element elementor-element-6a6d5a0 elementor-section-boxed elementor-section-height-default elementor-section-height-default\" data-id=\"6a6d5a0\" data-element_type=\"section\" data-e-type=\"section\" data-settings=\"{&quot;background_background&quot;:&quot;classic&quot;,&quot;_ha_eqh_enable&quot;:false}\">\n\t\t\t\t\t\t<div class=\"elementor-container elementor-column-gap-default\">\n\t\t\t\t\t<div class=\"elementor-column elementor-col-100 elementor-top-column elementor-element elementor-element-849a55b\" data-id=\"849a55b\" data-element_type=\"column\" data-e-type=\"column\">\n\t\t\t<div class=\"elementor-widget-wrap elementor-element-populated\">\n\t\t\t\t\t\t<div class=\"elementor-element elementor-element-c0bf9c3 elementor-widget elementor-widget-heading\" data-id=\"c0bf9c3\" data-element_type=\"widget\" data-e-type=\"widget\" data-widget_type=\"heading.default\">\n\t\t\t\t<div class=\"elementor-widget-container\">\n\t\t\t\t\t<h2 class=\"elementor-heading-title elementor-size-default\">Informaci\u00f3n importante sobre su acreditaci\u00f3n<\/h2>\t\t\t\t<\/div>\n\t\t\t\t<\/div>\n\t\t\t\t<section class=\"elementor-section elementor-inner-section elementor-element elementor-element-c1690c1 elementor-section-boxed elementor-section-height-default elementor-section-height-default\" data-id=\"c1690c1\" data-element_type=\"section\" data-e-type=\"section\" data-settings=\"{&quot;_ha_eqh_enable&quot;:false}\">\n\t\t\t\t\t\t<div class=\"elementor-container elementor-column-gap-wider\">\n\t\t\t\t\t<div class=\"elementor-column elementor-col-50 elementor-inner-column elementor-element elementor-element-683e3de\" data-id=\"683e3de\" data-element_type=\"column\" data-e-type=\"column\">\n\t\t\t<div class=\"elementor-widget-wrap elementor-element-populated\">\n\t\t\t\t\t\t<div class=\"elementor-element elementor-element-3bac6ac elementor-widget elementor-widget-text-editor\" data-id=\"3bac6ac\" data-element_type=\"widget\" data-e-type=\"widget\" data-widget_type=\"text-editor.default\">\n\t\t\t\t<div class=\"elementor-widget-container\">\n\t\t\t\t\t\t\t\t\t<p>\n            <strong>Prueba de su actividad period\u00edstica<\/strong>\n          <\/p>\n\t\t\t\t\t\t\t\t<\/div>\n\t\t\t\t<\/div>\n\t\t\t\t<div class=\"elementor-element elementor-element-9808dfd elementor-widget elementor-widget-text-editor\" data-id=\"9808dfd\" data-element_type=\"widget\" data-e-type=\"widget\" data-widget_type=\"text-editor.default\">\n\t\t\t\t<div class=\"elementor-widget-container\">\n\t\t\t\t\t\t\t\t\t<p>Deber\u00e1 proporcionar evidencia de que es periodista cuando solicite la acreditaci\u00f3n en l\u00ednea (cargando) o en el lugar (mostrando una copia impresa).<\/p>\n\t\t\t\t\t\t\t\t<\/div>\n\t\t\t\t<\/div>\n\t\t\t\t\t<\/div>\n\t\t<\/div>\n\t\t\t\t<div class=\"elementor-column elementor-col-50 elementor-inner-column elementor-element elementor-element-6b0c6f6\" data-id=\"6b0c6f6\" data-element_type=\"column\" data-e-type=\"column\">\n\t\t\t<div class=\"elementor-widget-wrap elementor-element-populated\">\n\t\t\t\t\t\t<div class=\"elementor-element elementor-element-6e456d4 elementor-widget elementor-widget-text-editor\" data-id=\"6e456d4\" data-element_type=\"widget\" data-e-type=\"widget\" data-widget_type=\"text-editor.default\">\n\t\t\t\t<div class=\"elementor-widget-container\">\n\t\t\t\t\t\t\t\t\t<p>Se podr\u00e1 utilizar como prueba lo siguiente:<\/p>\n\t\t\t\t\t\t\t\t<\/div>\n\t\t\t\t<\/div>\n\t\t\t\t<div class=\"elementor-element elementor-element-7129d5c elementor-icon-list--layout-traditional elementor-list-item-link-full_width elementor-widget elementor-widget-icon-list\" data-id=\"7129d5c\" data-element_type=\"widget\" data-e-type=\"widget\" data-widget_type=\"icon-list.default\">\n\t\t\t\t<div class=\"elementor-widget-container\">\n\t\t\t\t\t\t\t<ul class=\"elementor-icon-list-items\">\n\t\t\t\t\t\t\t<li class=\"elementor-icon-list-item\">\n\t\t\t\t\t\t\t\t\t\t\t<span class=\"elementor-icon-list-icon\">\n\t\t\t\t\t\t\t<i aria-hidden=\"true\" class=\"fas fa-check\"><\/i>\t\t\t\t\t\t<\/span>\n\t\t\t\t\t\t\t\t\t\t<span class=\"elementor-icon-list-text\">Una credencial de prensa oficial v\u00e1lida que no debe haber caducado<\/span>\n\t\t\t\t\t\t\t\t\t<\/li>\n\t\t\t\t\t\t\t\t<li class=\"elementor-icon-list-item\">\n\t\t\t\t\t\t\t\t\t\t\t<span class=\"elementor-icon-list-icon\">\n\t\t\t\t\t\t\t<i aria-hidden=\"true\" class=\"fas fa-check\"><\/i>\t\t\t\t\t\t<\/span>\n\t\t\t\t\t\t\t\t\t\t<span class=\"elementor-icon-list-text\">Una huella de los \u00faltimos seis meses que prueba su contribuci\u00f3n editorial<\/span>\n\t\t\t\t\t\t\t\t\t<\/li>\n\t\t\t\t\t\t\t\t<li class=\"elementor-icon-list-item\">\n\t\t\t\t\t\t\t\t\t\t\t<span class=\"elementor-icon-list-icon\">\n\t\t\t\t\t\t\t<i aria-hidden=\"true\" class=\"fas fa-check\"><\/i>\t\t\t\t\t\t<\/span>\n\t\t\t\t\t\t\t\t\t\t<span class=\"elementor-icon-list-text\">Un art\u00edculo de los \u00faltimos seis meses con su nombre en la l\u00ednea de autor.<\/span>\n\t\t\t\t\t\t\t\t\t<\/li>\n\t\t\t\t\t\t\t\t<li class=\"elementor-icon-list-item\">\n\t\t\t\t\t\t\t\t\t\t\t<span class=\"elementor-icon-list-icon\">\n\t\t\t\t\t\t\t<i aria-hidden=\"true\" class=\"fas fa-check\"><\/i>\t\t\t\t\t\t<\/span>\n\t\t\t\t\t\t\t\t\t\t<span class=\"elementor-icon-list-text\">Cr\u00e9ditos de imagen para los fot\u00f3grafos.<\/span>\n\t\t\t\t\t\t\t\t\t<\/li>\n\t\t\t\t\t\t<\/ul>\n\t\t\t\t\t\t<\/div>\n\t\t\t\t<\/div>\n\t\t\t\t\t<\/div>\n\t\t<\/div>\n\t\t\t\t\t<\/div>\n\t\t<\/section>\n\t\t\t\t\t<\/div>\n\t\t<\/div>\n\t\t\t\t\t<\/div>\n\t\t<\/section>\n\t\t\t\t<\/div>\n\t\t","protected":false},"excerpt":{"rendered":"<p>Acreditaci\u00f3n Expodefensa 2023 Nos gustar\u00eda agradecerle su inter\u00e9s en Expodefensa y esperamos verlo en la feria y leer, ver o escuchar sus informes. Pr\u00f3ximamente estar\u00e1 disponible la acreditaci\u00f3n para Expodefensa 2023 Con la acreditaci\u00f3n online, recibir\u00e1s tu pase de prensa gratuito antes del inicio de la feria. Tenga lista la documentaci\u00f3n que utilizar\u00e1 como prueba [&hellip;]<\/p>\n","protected":false},"author":1,"featured_media":0,"parent":0,"menu_order":0,"comment_status":"closed","ping_status":"closed","template":"","meta":{"_acf_changed":false,"footnotes":""},"class_list":["post-6481","page","type-page","status-publish","hentry"],"acf":[],"yoast_head":"<!-- This site is optimized with the Yoast SEO plugin v27.4 - https:\/\/yoast.com\/product\/yoast-seo-wordpress\/ -->\n<title>Expodefensa 2023 - \u00a1Reg\u00edstrese hoy para obtener un pase de prensa gratuito!<\/title>\n<meta name=\"description\" content=\"Obtenga su acreditaci\u00f3n de prensa para Expodefensa 2023, la feria de defensa y seguridad l\u00edder en Am\u00e9rica Latina. Reg\u00edstrese en l\u00ednea y reciba su pase de prensa gratuito antes del evento. \u00a1No pierda esta oportunidad!\" \/>\n<meta name=\"robots\" content=\"index, follow, max-snippet:-1, max-image-preview:large, max-video-preview:-1\" \/>\n<link rel=\"canonical\" href=\"https:\/\/www.expodefensa.com.co\/es\/acreditacion\/\" \/>\n<meta property=\"og:locale\" content=\"es_ES\" \/>\n<meta property=\"og:type\" content=\"article\" \/>\n<meta property=\"og:title\" content=\"Expodefensa 2023 - \u00a1Reg\u00edstrese hoy para obtener un pase de prensa gratuito!\" \/>\n<meta property=\"og:description\" content=\"Obtenga su acreditaci\u00f3n de prensa para Expodefensa 2023, la feria de defensa y seguridad l\u00edder en Am\u00e9rica Latina. Reg\u00edstrese en l\u00ednea y reciba su pase de prensa gratuito antes del evento. \u00a1No pierda esta oportunidad!\" \/>\n<meta property=\"og:url\" content=\"https:\/\/www.expodefensa.com.co\/es\/acreditacion\/\" \/>\n<meta property=\"og:site_name\" content=\"Expodefensa 2025\" \/>\n<meta property=\"article:modified_time\" content=\"2023-02-11T10:31:04+00:00\" \/>\n<meta property=\"og:image\" content=\"https:\/\/www.expodefensa.com.co\/wp-content\/uploads\/2022\/12\/accreditation.jpg\" \/>\n<meta name=\"twitter:card\" content=\"summary_large_image\" \/>\n<meta name=\"twitter:label1\" content=\"Tiempo de lectura\" \/>\n\t<meta name=\"twitter:data1\" content=\"2 minutos\" \/>\n<script type=\"application\/ld+json\" class=\"yoast-schema-graph\">{\"@context\":\"https:\\\/\\\/schema.org\",\"@graph\":[{\"@type\":\"WebPage\",\"@id\":\"https:\\\/\\\/www.expodefensa.com.co\\\/es\\\/acreditacion\\\/\",\"url\":\"https:\\\/\\\/www.expodefensa.com.co\\\/es\\\/acreditacion\\\/\",\"name\":\"Expodefensa 2023 - \u00a1Reg\u00edstrese hoy para obtener un pase de prensa gratuito!\",\"isPartOf\":{\"@id\":\"https:\\\/\\\/2023.expodefensa.fr\\\/#website\"},\"primaryImageOfPage\":{\"@id\":\"https:\\\/\\\/www.expodefensa.com.co\\\/es\\\/acreditacion\\\/#primaryimage\"},\"image\":{\"@id\":\"https:\\\/\\\/www.expodefensa.com.co\\\/es\\\/acreditacion\\\/#primaryimage\"},\"thumbnailUrl\":\"https:\\\/\\\/www.expodefensa.com.co\\\/wp-content\\\/uploads\\\/2022\\\/12\\\/accreditation.jpg\",\"datePublished\":\"2022-12-21T13:10:31+00:00\",\"dateModified\":\"2023-02-11T10:31:04+00:00\",\"description\":\"Obtenga su acreditaci\u00f3n de prensa para Expodefensa 2023, la feria de defensa y seguridad l\u00edder en Am\u00e9rica Latina. Reg\u00edstrese en l\u00ednea y reciba su pase de prensa gratuito antes del evento. \u00a1No pierda esta oportunidad!\",\"breadcrumb\":{\"@id\":\"https:\\\/\\\/www.expodefensa.com.co\\\/es\\\/acreditacion\\\/#breadcrumb\"},\"inLanguage\":\"es\",\"potentialAction\":[{\"@type\":\"ReadAction\",\"target\":[\"https:\\\/\\\/www.expodefensa.com.co\\\/es\\\/acreditacion\\\/\"]}]},{\"@type\":\"ImageObject\",\"inLanguage\":\"es\",\"@id\":\"https:\\\/\\\/www.expodefensa.com.co\\\/es\\\/acreditacion\\\/#primaryimage\",\"url\":\"https:\\\/\\\/www.expodefensa.com.co\\\/wp-content\\\/uploads\\\/2022\\\/12\\\/accreditation.jpg\",\"contentUrl\":\"https:\\\/\\\/www.expodefensa.com.co\\\/wp-content\\\/uploads\\\/2022\\\/12\\\/accreditation.jpg\"},{\"@type\":\"BreadcrumbList\",\"@id\":\"https:\\\/\\\/www.expodefensa.com.co\\\/es\\\/acreditacion\\\/#breadcrumb\",\"itemListElement\":[{\"@type\":\"ListItem\",\"position\":1,\"name\":\"Home\",\"item\":\"https:\\\/\\\/www.expodefensa.com.co\\\/es\\\/home\\\/\"},{\"@type\":\"ListItem\",\"position\":2,\"name\":\"Media\",\"item\":\"https:\\\/\\\/www.expodefensa.com.co\\\/es\\\/media\\\/\"},{\"@type\":\"ListItem\",\"position\":3,\"name\":\"Acreditaci\u00f3n\"}]},{\"@type\":\"WebSite\",\"@id\":\"https:\\\/\\\/2023.expodefensa.fr\\\/#website\",\"url\":\"https:\\\/\\\/2023.expodefensa.fr\\\/\",\"name\":\"Expodefensa 2025\",\"description\":\"International Defense and Security Trade Fair\",\"publisher\":{\"@id\":\"https:\\\/\\\/2023.expodefensa.fr\\\/#organization\"},\"alternateName\":\"Expodefensa 2023\",\"potentialAction\":[{\"@type\":\"SearchAction\",\"target\":{\"@type\":\"EntryPoint\",\"urlTemplate\":\"https:\\\/\\\/2023.expodefensa.fr\\\/?s={search_term_string}\"},\"query-input\":{\"@type\":\"PropertyValueSpecification\",\"valueRequired\":true,\"valueName\":\"search_term_string\"}}],\"inLanguage\":\"es\"},{\"@type\":\"Organization\",\"@id\":\"https:\\\/\\\/2023.expodefensa.fr\\\/#organization\",\"name\":\"Expodefensa 2025\",\"alternateName\":\"Expodefensa 2023\",\"url\":\"https:\\\/\\\/2023.expodefensa.fr\\\/\",\"logo\":{\"@type\":\"ImageObject\",\"inLanguage\":\"es\",\"@id\":\"https:\\\/\\\/2023.expodefensa.fr\\\/#\\\/schema\\\/logo\\\/image\\\/\",\"url\":\"https:\\\/\\\/www.expodefensa.com.co\\\/wp-content\\\/uploads\\\/2023\\\/01\\\/logo_expodefensa-social.jpg\",\"contentUrl\":\"https:\\\/\\\/www.expodefensa.com.co\\\/wp-content\\\/uploads\\\/2023\\\/01\\\/logo_expodefensa-social.jpg\",\"width\":432,\"height\":200,\"caption\":\"Expodefensa 2025\"},\"image\":{\"@id\":\"https:\\\/\\\/2023.expodefensa.fr\\\/#\\\/schema\\\/logo\\\/image\\\/\"},\"sameAs\":[\"https:\\\/\\\/www.linkedin.com\\\/company\\\/expodefensa\\\/\"]}]}<\/script>\n<!-- \/ Yoast SEO plugin. -->","yoast_head_json":{"title":"Expodefensa 2023 - \u00a1Reg\u00edstrese hoy para obtener un pase de prensa gratuito!","description":"Obtenga su acreditaci\u00f3n de prensa para Expodefensa 2023, la feria de defensa y seguridad l\u00edder en Am\u00e9rica Latina. Reg\u00edstrese en l\u00ednea y reciba su pase de prensa gratuito antes del evento. \u00a1No pierda esta oportunidad!","robots":{"index":"index","follow":"follow","max-snippet":"max-snippet:-1","max-image-preview":"max-image-preview:large","max-video-preview":"max-video-preview:-1"},"canonical":"https:\/\/www.expodefensa.com.co\/es\/acreditacion\/","og_locale":"es_ES","og_type":"article","og_title":"Expodefensa 2023 - \u00a1Reg\u00edstrese hoy para obtener un pase de prensa gratuito!","og_description":"Obtenga su acreditaci\u00f3n de prensa para Expodefensa 2023, la feria de defensa y seguridad l\u00edder en Am\u00e9rica Latina. Reg\u00edstrese en l\u00ednea y reciba su pase de prensa gratuito antes del evento. \u00a1No pierda esta oportunidad!","og_url":"https:\/\/www.expodefensa.com.co\/es\/acreditacion\/","og_site_name":"Expodefensa 2025","article_modified_time":"2023-02-11T10:31:04+00:00","og_image":[{"url":"https:\/\/www.expodefensa.com.co\/wp-content\/uploads\/2022\/12\/accreditation.jpg","type":"","width":"","height":""}],"twitter_card":"summary_large_image","twitter_misc":{"Tiempo de lectura":"2 minutos"},"schema":{"@context":"https:\/\/schema.org","@graph":[{"@type":"WebPage","@id":"https:\/\/www.expodefensa.com.co\/es\/acreditacion\/","url":"https:\/\/www.expodefensa.com.co\/es\/acreditacion\/","name":"Expodefensa 2023 - \u00a1Reg\u00edstrese hoy para obtener un pase de prensa gratuito!","isPartOf":{"@id":"https:\/\/2023.expodefensa.fr\/#website"},"primaryImageOfPage":{"@id":"https:\/\/www.expodefensa.com.co\/es\/acreditacion\/#primaryimage"},"image":{"@id":"https:\/\/www.expodefensa.com.co\/es\/acreditacion\/#primaryimage"},"thumbnailUrl":"https:\/\/www.expodefensa.com.co\/wp-content\/uploads\/2022\/12\/accreditation.jpg","datePublished":"2022-12-21T13:10:31+00:00","dateModified":"2023-02-11T10:31:04+00:00","description":"Obtenga su acreditaci\u00f3n de prensa para Expodefensa 2023, la feria de defensa y seguridad l\u00edder en Am\u00e9rica Latina. Reg\u00edstrese en l\u00ednea y reciba su pase de prensa gratuito antes del evento. \u00a1No pierda esta oportunidad!","breadcrumb":{"@id":"https:\/\/www.expodefensa.com.co\/es\/acreditacion\/#breadcrumb"},"inLanguage":"es","potentialAction":[{"@type":"ReadAction","target":["https:\/\/www.expodefensa.com.co\/es\/acreditacion\/"]}]},{"@type":"ImageObject","inLanguage":"es","@id":"https:\/\/www.expodefensa.com.co\/es\/acreditacion\/#primaryimage","url":"https:\/\/www.expodefensa.com.co\/wp-content\/uploads\/2022\/12\/accreditation.jpg","contentUrl":"https:\/\/www.expodefensa.com.co\/wp-content\/uploads\/2022\/12\/accreditation.jpg"},{"@type":"BreadcrumbList","@id":"https:\/\/www.expodefensa.com.co\/es\/acreditacion\/#breadcrumb","itemListElement":[{"@type":"ListItem","position":1,"name":"Home","item":"https:\/\/www.expodefensa.com.co\/es\/home\/"},{"@type":"ListItem","position":2,"name":"Media","item":"https:\/\/www.expodefensa.com.co\/es\/media\/"},{"@type":"ListItem","position":3,"name":"Acreditaci\u00f3n"}]},{"@type":"WebSite","@id":"https:\/\/2023.expodefensa.fr\/#website","url":"https:\/\/2023.expodefensa.fr\/","name":"Expodefensa 2025","description":"International Defense and Security Trade Fair","publisher":{"@id":"https:\/\/2023.expodefensa.fr\/#organization"},"alternateName":"Expodefensa 2023","potentialAction":[{"@type":"SearchAction","target":{"@type":"EntryPoint","urlTemplate":"https:\/\/2023.expodefensa.fr\/?s={search_term_string}"},"query-input":{"@type":"PropertyValueSpecification","valueRequired":true,"valueName":"search_term_string"}}],"inLanguage":"es"},{"@type":"Organization","@id":"https:\/\/2023.expodefensa.fr\/#organization","name":"Expodefensa 2025","alternateName":"Expodefensa 2023","url":"https:\/\/2023.expodefensa.fr\/","logo":{"@type":"ImageObject","inLanguage":"es","@id":"https:\/\/2023.expodefensa.fr\/#\/schema\/logo\/image\/","url":"https:\/\/www.expodefensa.com.co\/wp-content\/uploads\/2023\/01\/logo_expodefensa-social.jpg","contentUrl":"https:\/\/www.expodefensa.com.co\/wp-content\/uploads\/2023\/01\/logo_expodefensa-social.jpg","width":432,"height":200,"caption":"Expodefensa 2025"},"image":{"@id":"https:\/\/2023.expodefensa.fr\/#\/schema\/logo\/image\/"},"sameAs":["https:\/\/www.linkedin.com\/company\/expodefensa\/"]}]}},"_links":{"self":[{"href":"https:\/\/www.expodefensa.com.co\/es\/wp-json\/wp\/v2\/pages\/6481","targetHints":{"allow":["GET"]}}],"collection":[{"href":"https:\/\/www.expodefensa.com.co\/es\/wp-json\/wp\/v2\/pages"}],"about":[{"href":"https:\/\/www.expodefensa.com.co\/es\/wp-json\/wp\/v2\/types\/page"}],"author":[{"embeddable":true,"href":"https:\/\/www.expodefensa.com.co\/es\/wp-json\/wp\/v2\/users\/1"}],"replies":[{"embeddable":true,"href":"https:\/\/www.expodefensa.com.co\/es\/wp-json\/wp\/v2\/comments?post=6481"}],"version-history":[{"count":5,"href":"https:\/\/www.expodefensa.com.co\/es\/wp-json\/wp\/v2\/pages\/6481\/revisions"}],"predecessor-version":[{"id":7745,"href":"https:\/\/www.expodefensa.com.co\/es\/wp-json\/wp\/v2\/pages\/6481\/revisions\/7745"}],"wp:attachment":[{"href":"https:\/\/www.expodefensa.com.co\/es\/wp-json\/wp\/v2\/media?parent=6481"}],"curies":[{"name":"wp","href":"https:\/\/api.w.org\/{rel}","templated":true}]}}