    
{"id":6464,"date":"2023-01-04T11:53:19","date_gmt":"2023-01-04T10:53:19","guid":{"rendered":"https:\/\/2023.expodefensa.fr\/media\/comunicados-de-prensa\/"},"modified":"2025-02-05T15:15:44","modified_gmt":"2025-02-05T14:15:44","slug":"comunicados-de-prensa","status":"publish","type":"page","link":"https:\/\/www.expodefensa.com.co\/es\/comunicados-de-prensa\/","title":{"rendered":"Comunicados de prensa"},"content":{"rendered":"\t\t<div data-elementor-type=\"wp-page\" data-elementor-id=\"6464\" class=\"elementor elementor-6464 elementor-5279\" data-elementor-settings=\"{&quot;ha_cmc_init_switcher&quot;:&quot;no&quot;}\" data-elementor-post-type=\"page\">\n\t\t\t\t\t\t<section class=\"elementor-section elementor-top-section elementor-element elementor-element-84e9fdf elementor-section-full_width elementor-section-height-default elementor-section-height-default\" data-id=\"84e9fdf\" data-element_type=\"section\" data-e-type=\"section\" data-settings=\"{&quot;_ha_eqh_enable&quot;:false}\">\n\t\t\t\t\t\t<div class=\"elementor-container elementor-column-gap-default\">\n\t\t\t\t\t<div class=\"elementor-column elementor-col-100 elementor-top-column elementor-element elementor-element-88ab8c3\" data-id=\"88ab8c3\" data-element_type=\"column\" data-e-type=\"column\">\n\t\t\t<div class=\"elementor-widget-wrap elementor-element-populated\">\n\t\t\t\t\t\t<div class=\"elementor-element elementor-element-e099593 elementor-widget elementor-widget-breadcrumbs\" data-id=\"e099593\" data-element_type=\"widget\" data-e-type=\"widget\" data-widget_type=\"breadcrumbs.default\">\n\t\t\t\t<div class=\"elementor-widget-container\">\n\t\t\t\t\t<p id=\"breadcrumbs\"><span><span><a href=\"https:\/\/www.expodefensa.com.co\/es\/home\/\">Home<\/a><\/span><\/span><\/p>\t\t\t\t<\/div>\n\t\t\t\t<\/div>\n\t\t\t\t<div class=\"elementor-element elementor-element-c52ca77 elementor-widget__width-initial elementor-widget elementor-widget-heading\" data-id=\"c52ca77\" data-element_type=\"widget\" data-e-type=\"widget\" data-widget_type=\"heading.default\">\n\t\t\t\t<div class=\"elementor-widget-container\">\n\t\t\t\t\t<h1 class=\"elementor-heading-title elementor-size-default\">Comunicados de prensa<\/h1>\t\t\t\t<\/div>\n\t\t\t\t<\/div>\n\t\t\t\t\t<\/div>\n\t\t<\/div>\n\t\t\t\t\t<\/div>\n\t\t<\/section>\n\t\t\t\t<section class=\"elementor-section elementor-top-section elementor-element elementor-element-c1467dd elementor-section-full_width elementor-section-height-default elementor-section-height-default\" data-id=\"c1467dd\" data-element_type=\"section\" data-e-type=\"section\" data-settings=\"{&quot;_ha_eqh_enable&quot;:false}\">\n\t\t\t\t\t\t<div class=\"elementor-container elementor-column-gap-default\">\n\t\t\t\t\t<div class=\"elementor-column elementor-col-100 elementor-top-column elementor-element elementor-element-a32b9c0\" data-id=\"a32b9c0\" data-element_type=\"column\" data-e-type=\"column\">\n\t\t\t<div class=\"elementor-widget-wrap elementor-element-populated\">\n\t\t\t\t\t\t<div class=\"elementor-element elementor-element-b78bcd5 elementor-widget elementor-widget-ucaddon_uc_card_post_carousel\" data-id=\"b78bcd5\" data-element_type=\"widget\" data-e-type=\"widget\" data-widget_type=\"ucaddon_uc_card_post_carousel.default\">\n\t\t\t\t<div class=\"elementor-widget-container\">\n\t\t\t\t\t\n<!-- start Post Carousel Lite -->\n\t\t<link id='font-awesome-css' href='https:\/\/www.expodefensa.com.co\/wp-content\/plugins\/unlimited-elements-for-elementor\/assets_libraries\/font-awesome6\/fontawesome-all.min.css' type='text\/css' rel='stylesheet' >\n\t\t<link id='font-awesome-4-shim-css' href='https:\/\/www.expodefensa.com.co\/wp-content\/plugins\/unlimited-elements-for-elementor\/assets_libraries\/font-awesome6\/fontawesome-v4-shims.min.css' type='text\/css' rel='stylesheet' >\n\t\t<link id='owl-carousel-css' href='https:\/\/www.expodefensa.com.co\/wp-content\/plugins\/unlimited-elements-for-elementor\/assets_libraries\/owl-carousel-new\/assets\/owl.carousel.css' type='text\/css' rel='stylesheet' >\n\n<style>\/* widget: Post Carousel Lite *\/\n\n#uc_uc_card_post_carousel_elementor_b78bcd5 *{\n  box-sizing:border-box;\n}\n#uc_uc_card_post_carousel_elementor_b78bcd5{\n  position:relative;\n  min-height:1px;\n}\n#uc_uc_card_post_carousel_elementor_b78bcd5 .uc_image_carousel_content{\n\ttext-align:left;\n    display: flex;\n     flex-flow: column nowrap;\n}\n#uc_uc_card_post_carousel_elementor_b78bcd5 .ue_post_carousel_item\n{\n  overflow:hidden;\n  \n}\n\n#uc_uc_card_post_carousel_elementor_b78bcd5 .ue_post_btn_holder\n{\n  margin-top:auto;\n}\n\n#uc_uc_card_post_carousel_elementor_b78bcd5 .uc_more_btn{\n\n  display:inline-block;\n  text-align:center;\n  text-decoration:none;\n} \n\n.uc_overlay_image_carousel .uc_more_btn{\n  text-decoration:none;\n  display:inline-block;\n}\n\n.uc_overlay_image_carousel .uc_post_title{\n  font-size:21px;\n  text-decoration:none;\n}\n\n#uc_uc_card_post_carousel_elementor_b78bcd5 .owl-nav .owl-prev{\n    position:absolute;\n    display:inline-block;\n    text-align:center;\n}\n#uc_uc_card_post_carousel_elementor_b78bcd5 .owl-nav .owl-next{\n  position:absolute;\n  display:inline-block;\n  text-align:center;\n}\n\n\n#uc_uc_card_post_carousel_elementor_b78bcd5 .owl-dots {\noverflow:hidden;\ndisplay:true !important;\ntext-align:center;\n}\n\n#uc_uc_card_post_carousel_elementor_b78bcd5 .owl-dot {\nborder-radius:50%;\ndisplay:inline-block;\n}\n\n<\/style>\n\n<div class=\"uc_overlay_image_carousel\" id=\"uc_uc_card_post_carousel_elementor_b78bcd5\" data-custom-sethtml=\"true\" >\n   <div class=\"uc_carousel owl-carousel owl-theme uc-items-wrapper\">\n   \t\t<div class=\"uc_image_carousel_container_holder ue_post_carousel_item ue-Noticias\">\n  <div class=\"uc_image_carousel_placeholder\">\n    <a href=\"https:\/\/www.expodefensa.com.co\/es\/un-balance-exitoso-para-la-9a-edicion-de-la-feria-con-alianzas-estrategicas-con-paises-latinoamericanos\/\"><div style=\"background-image:url(https:\/\/www.expodefensa.com.co\/wp-content\/uploads\/2023\/12\/review-768x513.jpg); background-size:cover; background-position:center; height:300px;\"><\/div><\/a>\n  <\/div>\n\n  <div class=\"uc_image_carousel_content\" >\n            <a href=\"https:\/\/www.expodefensa.com.co\/es\/un-balance-exitoso-para-la-9a-edicion-de-la-feria-con-alianzas-estrategicas-con-paises-latinoamericanos\/\" style=\"text-decoration:none;\"><div class=\"uc_post_title\" style=\"text-decoration:none;\">Un balance exitoso para la 9\u00aa edici\u00f3n de la feria, con alianzas estrat\u00e9gicas con pa\u00edses latinoamericanos<\/div><\/a>    <div class=\"ue_post_intro\">Paris, 20 de diciembre de 2024 - Expodefensa 2023, la exposici\u00f3n internacional de Seguridad y Defensa l\u00edder para Am\u00e9rica Latina, Bogot\u00e1 (Colombia), cerr\u00f3 con \u00e9xito el 7 de diciembre de 2023. Los organizadores est\u00e1n encantados de anunciar que la edici\u00f3n de este a\u00f1o ha establecido un nuevo punto de referencia...<\/div>    <div class=\"ue_post_btn_holder\"><a class=\"uc_more_btn\"  href=\"https:\/\/www.expodefensa.com.co\/es\/un-balance-exitoso-para-la-9a-edicion-de-la-feria-con-alianzas-estrategicas-con-paises-latinoamericanos\/\">Leer m\u00e1s<\/a><\/div>  <\/div>\n<\/div>\n<div class=\"uc_image_carousel_container_holder ue_post_carousel_item ue-Noticias\">\n  <div class=\"uc_image_carousel_placeholder\">\n    <a href=\"https:\/\/www.expodefensa.com.co\/es\/un-evento-dedicado-a-las-soluciones-multidominio-para-dar-respuesta-a-los-retos-en-materia-de-seguridad-y-defensa-en-america-latina\/\"><div style=\"background-image:url(https:\/\/www.expodefensa.com.co\/wp-content\/uploads\/2023\/11\/PR-expodef-768x422.jpg); background-size:cover; background-position:center; height:300px;\"><\/div><\/a>\n  <\/div>\n\n  <div class=\"uc_image_carousel_content\" >\n            <a href=\"https:\/\/www.expodefensa.com.co\/es\/un-evento-dedicado-a-las-soluciones-multidominio-para-dar-respuesta-a-los-retos-en-materia-de-seguridad-y-defensa-en-america-latina\/\" style=\"text-decoration:none;\"><div class=\"uc_post_title\" style=\"text-decoration:none;\">Un evento dedicado a las soluciones multidominio para dar respuesta a los retos en materia de Seguridad y Defensa en Am\u00e9rica Latina.<\/div><\/a>    <div class=\"ue_post_intro\">Del 5 al 7 de diciembre de 2023, Bogot\u00e1 (Colombia) acoger\u00e1 la exhibici\u00f3n internacional Expodenfensa, destinada a la Seguridad y la Defensa en Am\u00e9rica Latina.<\/div>    <div class=\"ue_post_btn_holder\"><a class=\"uc_more_btn\"  href=\"https:\/\/www.expodefensa.com.co\/es\/un-evento-dedicado-a-las-soluciones-multidominio-para-dar-respuesta-a-los-retos-en-materia-de-seguridad-y-defensa-en-america-latina\/\">Leer m\u00e1s<\/a><\/div>  <\/div>\n<\/div>\n<div class=\"uc_image_carousel_container_holder ue_post_carousel_item ue-Noticias\">\n  <div class=\"uc_image_carousel_placeholder\">\n    <a href=\"https:\/\/www.expodefensa.com.co\/es\/apunte-la-fecha-9-a-edicion-de-expodefensa-dedicada-a-los-profesionales-de-seguridad-y-defensa-en-los-paises-de-america-latina\/\"><div style=\"background-image:url(https:\/\/www.expodefensa.com.co\/wp-content\/uploads\/2023\/01\/EXPODEFENSA2021-expositores-Indumil-768x513.jpg); background-size:cover; background-position:center; height:300px;\"><\/div><\/a>\n  <\/div>\n\n  <div class=\"uc_image_carousel_content\" >\n            <a href=\"https:\/\/www.expodefensa.com.co\/es\/apunte-la-fecha-9-a-edicion-de-expodefensa-dedicada-a-los-profesionales-de-seguridad-y-defensa-en-los-paises-de-america-latina\/\" style=\"text-decoration:none;\"><div class=\"uc_post_title\" style=\"text-decoration:none;\">APUNTE LA FECHA: 9.\u00aa edici\u00f3n de Expodefensa, dedicada a los profesionales de Seguridad y Defensa en los pa\u00edses de Am\u00e9rica Latina<\/div><\/a>    <div class=\"ue_post_intro\">Par\u00eds, 18 de abril de 2023 \u2013 Bajo el Alto Patronato del Ministerio de Defensa de Colombia, la novena edici\u00f3n de la feria internacional Expodefensa de Seguridad y Defensa en Am\u00e9rica Latina, se abrir\u00e1 a los profesionales del 5 al 7 de diciembre de 2023 en Bogot\u00e1, Colombia.<\/div>    <div class=\"ue_post_btn_holder\"><a class=\"uc_more_btn\"  href=\"https:\/\/www.expodefensa.com.co\/es\/apunte-la-fecha-9-a-edicion-de-expodefensa-dedicada-a-los-profesionales-de-seguridad-y-defensa-en-los-paises-de-america-latina\/\">Leer m\u00e1s<\/a><\/div>  <\/div>\n<\/div>\n<div class=\"uc_image_carousel_container_holder ue_post_carousel_item ue-Noticias\">\n  <div class=\"uc_image_carousel_placeholder\">\n    <a href=\"https:\/\/www.expodefensa.com.co\/es\/culmina-expodefensa-2021-con-herramientas-eficientes-en-materia-de-tecnologia-seguridad-y-defensa\/\"><div style=\"background-image:url(https:\/\/www.expodefensa.com.co\/wp-content\/uploads\/2023\/01\/EXPODEFENSA-equipement-768x513.jpg); background-size:cover; background-position:center; height:300px;\"><\/div><\/a>\n  <\/div>\n\n  <div class=\"uc_image_carousel_content\" >\n            <a href=\"https:\/\/www.expodefensa.com.co\/es\/culmina-expodefensa-2021-con-herramientas-eficientes-en-materia-de-tecnologia-seguridad-y-defensa\/\" style=\"text-decoration:none;\"><div class=\"uc_post_title\" style=\"text-decoration:none;\">Culmina Expodefensa 2021 con herramientas eficientes en materia de tecnolog\u00eda, Seguridad y Defensa<\/div><\/a>    <div class=\"ue_post_intro\">Bogot\u00e1, 1 de diciembre de 2021. Colombia ratific\u00f3 su liderazgo en avances tecnol\u00f3gicos del sector seguridad y defensa, durante los tres d\u00edas de Expodefensa 2021, que cerr\u00f3 su octava versi\u00f3n con una agenda acad\u00e9mica y una muestra empresarial de talla mundial.<\/div>    <div class=\"ue_post_btn_holder\"><a class=\"uc_more_btn\"  href=\"https:\/\/www.expodefensa.com.co\/es\/culmina-expodefensa-2021-con-herramientas-eficientes-en-materia-de-tecnologia-seguridad-y-defensa\/\">Leer m\u00e1s<\/a><\/div>  <\/div>\n<\/div>\n<div class=\"uc_image_carousel_container_holder ue_post_carousel_item ue-Noticias\">\n  <div class=\"uc_image_carousel_placeholder\">\n    <a href=\"https:\/\/www.expodefensa.com.co\/es\/expodefensa-2021-mas-de-150-expositores-ya-registrados\/\"><div style=\"background-image:url(https:\/\/www.expodefensa.com.co\/wp-content\/uploads\/2023\/01\/EXPODEFENSA-exhibitors-768x513.jpg); background-size:cover; background-position:center; height:300px;\"><\/div><\/a>\n  <\/div>\n\n  <div class=\"uc_image_carousel_content\" >\n            <a href=\"https:\/\/www.expodefensa.com.co\/es\/expodefensa-2021-mas-de-150-expositores-ya-registrados\/\" style=\"text-decoration:none;\"><div class=\"uc_post_title\" style=\"text-decoration:none;\">Expodefensa 2021: m\u00e1s de 150 expositores ya registrados.<\/div><\/a>    <div class=\"ue_post_intro\">Al d\u00eda de hoy, 150 empresas expositoras ya han confirmado su participaci\u00f3n en la feria internacional de seguridad y defensa Expodefensa, el hub l\u00edder de seguridad y defensa en Am\u00e9rica Latina y el Caribe. Entre ellos se encuentran grandes grupos a nivel internacional como tambi\u00e9n locales y regionales....<\/div>    <div class=\"ue_post_btn_holder\"><a class=\"uc_more_btn\"  href=\"https:\/\/www.expodefensa.com.co\/es\/expodefensa-2021-mas-de-150-expositores-ya-registrados\/\">Leer m\u00e1s<\/a><\/div>  <\/div>\n<\/div>\n\n   <\/div>\t\n<\/div>\n<!-- end Post Carousel Lite -->\t\t\t\t<\/div>\n\t\t\t\t<\/div>\n\t\t\t\t\t<\/div>\n\t\t<\/div>\n\t\t\t\t\t<\/div>\n\t\t<\/section>\n\t\t\t\t<section class=\"elementor-section elementor-top-section elementor-element elementor-element-71396e6 elementor-section-full_width elementor-section-height-default elementor-section-height-default\" data-id=\"71396e6\" data-element_type=\"section\" data-e-type=\"section\" data-settings=\"{&quot;_ha_eqh_enable&quot;:false}\">\n\t\t\t\t\t\t<div class=\"elementor-container elementor-column-gap-default\">\n\t\t\t\t\t<div class=\"elementor-column elementor-col-100 elementor-top-column elementor-element elementor-element-8769147\" data-id=\"8769147\" data-element_type=\"column\" data-e-type=\"column\">\n\t\t\t<div class=\"elementor-widget-wrap elementor-element-populated\">\n\t\t\t\t\t\t<div class=\"elementor-element elementor-element-031671e elementor-widget elementor-widget-heading\" data-id=\"031671e\" data-element_type=\"widget\" data-e-type=\"widget\" data-widget_type=\"heading.default\">\n\t\t\t\t<div class=\"elementor-widget-container\">\n\t\t\t\t\t<h2 class=\"elementor-heading-title elementor-size-default\">Comunicados de prensa de los expositores<\/h2>\t\t\t\t<\/div>\n\t\t\t\t<\/div>\n\t\t\t\t<div class=\"elementor-element elementor-element-2c63a02 elementor-widget elementor-widget-text-editor\" data-id=\"2c63a02\" data-element_type=\"widget\" data-e-type=\"widget\" data-widget_type=\"text-editor.default\">\n\t\t\t\t<div class=\"elementor-widget-container\">\n\t\t\t\t\t\t\t\t\t<p>Los comunicados de prensa de los expositores estar\u00e1n disponibles aqu\u00ed tan pronto como los expositores los proporcionen.<\/p>\n\t\t\t\t\t\t\t\t<\/div>\n\t\t\t\t<\/div>\n\t\t\t\t\t<\/div>\n\t\t<\/div>\n\t\t\t\t\t<\/div>\n\t\t<\/section>\n\t\t<div class=\"elementor-element elementor-element-0fbab1e e-flex e-con-boxed e-con e-parent\" data-id=\"0fbab1e\" data-element_type=\"container\" data-e-type=\"container\" data-settings=\"{&quot;background_background&quot;:&quot;classic&quot;,&quot;_ha_eqh_enable&quot;:false}\">\n\t\t\t\t\t<div class=\"e-con-inner\">\n\t\t\t\t<div class=\"elementor-element elementor-element-a7e74e5 elementor-widget__width-initial elementor-widget elementor-widget-heading\" data-id=\"a7e74e5\" data-element_type=\"widget\" data-e-type=\"widget\" data-widget_type=\"heading.default\">\n\t\t\t\t<div class=\"elementor-widget-container\">\n\t\t\t\t\t<h2 class=\"elementor-heading-title elementor-size-default\">\u00bfTiene alguna pregunta sobre tu participaci\u00f3n? <span style=\"color:#FFF\">Cont\u00e1ctenos<\/span><\/h2>\t\t\t\t<\/div>\n\t\t\t\t<\/div>\n\t\t<div class=\"elementor-element elementor-element-81abb6d e-con-full e-flex e-con e-child\" data-id=\"81abb6d\" data-element_type=\"container\" data-e-type=\"container\" data-settings=\"{&quot;_ha_eqh_enable&quot;:false}\">\n\t\t<div class=\"elementor-element elementor-element-2100fcf e-con-full e-flex e-con e-child\" data-id=\"2100fcf\" data-element_type=\"container\" data-e-type=\"container\" data-settings=\"{&quot;_ha_eqh_enable&quot;:false}\">\n\t\t\t\t<\/div>\n\t\t<div class=\"elementor-element elementor-element-5ea9ebf e-con-full e-flex e-con e-child\" data-id=\"5ea9ebf\" data-element_type=\"container\" data-e-type=\"container\" data-settings=\"{&quot;_ha_eqh_enable&quot;:false}\">\n\t\t\t\t<div class=\"elementor-element elementor-element-1bc43eb elementor-flip-box--effect-flip elementor-flip-box--direction-up elementor-widget elementor-widget-flip-box\" data-id=\"1bc43eb\" data-element_type=\"widget\" data-e-type=\"widget\" data-widget_type=\"flip-box.default\">\n\t\t\t\t<div class=\"elementor-widget-container\">\n\t\t\t\t\t\t\t<div class=\"elementor-flip-box\" tabindex=\"0\">\n\t\t\t<div class=\"elementor-flip-box__layer elementor-flip-box__front\">\n\t\t\t\t<div class=\"elementor-flip-box__layer__overlay\">\n\t\t\t\t\t<div class=\"elementor-flip-box__layer__inner\">\n\t\t\t\t\t\t\t\t\t\t\t\t\t<div class=\"elementor-flip-box__image\">\n\t\t\t\t\t\t\t\t<img decoding=\"async\" width=\"150\" height=\"150\" src=\"https:\/\/www.expodefensa.com.co\/wp-content\/uploads\/2022\/12\/Guillaume-WOODFORD-1-150x150.png\" class=\"attachment-thumbnail size-thumbnail wp-image-4008\" alt=\"Guillaume-WOODFORD\" srcset=\"https:\/\/www.expodefensa.com.co\/wp-content\/uploads\/2022\/12\/Guillaume-WOODFORD-1-150x150.png 150w, https:\/\/www.expodefensa.com.co\/wp-content\/uploads\/2022\/12\/Guillaume-WOODFORD-1-75x75.png 75w, https:\/\/www.expodefensa.com.co\/wp-content\/uploads\/2022\/12\/Guillaume-WOODFORD-1.png 200w\" sizes=\"(max-width: 150px) 100vw, 150px\" \/>\t\t\t\t\t\t\t<\/div>\n\t\t\t\t\t\t\n\t\t\t\t\t\t\t\t\t\t\t\t\t<h3 class=\"elementor-flip-box__layer__title\">\n\t\t\t\t\t\t\t\tGuillaume WOODFORD\t\t\t\t\t\t\t<\/h3>\n\t\t\t\t\t\t\n\t\t\t\t\t\t\t\t\t\t\t\t\t<div class=\"elementor-flip-box__layer__description\">\n\t\t\t\t\t\t\t\tGerente de Relaciones con la Prensa\t\t\t\t\t\t\t<\/div>\n\t\t\t\t\t\t\t\t\t\t\t<\/div>\n\t\t\t\t<\/div>\n\t\t\t<\/div>\n\t\t\t<div class=\"elementor-flip-box__layer elementor-flip-box__back\">\n\t\t\t<div class=\"elementor-flip-box__layer__overlay\">\n\t\t\t\t<div class=\"elementor-flip-box__layer__inner\">\n\t\t\t\t\t\t\t\t\t\t\t<h3 class=\"elementor-flip-box__layer__title\">\n\t\t\t\t\t\t\tContacto Guillaume WOODFORD\t\t\t\t\t\t<\/h3>\n\t\t\t\t\t\n\t\t\t\t\t\t\t\t\t\t\t<div class=\"elementor-flip-box__layer__description\">\n\t\t\t\t\t\t\t<a href=\"tel:+33144145111\"><span class=\"fa fa-phone\" aria-hidden=\"true\"><\/span><\/a>+33144145111<br><a href=\"mailto:g.woodford@cogesevents.com\"><span class=\"fa fa-envelope\" aria-hidden=\"true\"><\/span><\/a>\t\t\t\t\t\t<\/div>\n\t\t\t\t\t\n\t\t\t\t\t\t\t\t<\/div>\n\t\t<\/div>\n\t\t<\/div>\n\t\t<\/div>\n\t\t\t\t\t\t<\/div>\n\t\t\t\t<\/div>\n\t\t\t\t<\/div>\n\t\t<div class=\"elementor-element elementor-element-a749225 e-con-full e-flex e-con e-child\" data-id=\"a749225\" data-element_type=\"container\" data-e-type=\"container\" data-settings=\"{&quot;_ha_eqh_enable&quot;:false}\">\n\t\t\t\t<div class=\"elementor-element elementor-element-bfa2060 elementor-flip-box--effect-flip elementor-flip-box--direction-up elementor-widget elementor-widget-flip-box\" data-id=\"bfa2060\" data-element_type=\"widget\" data-e-type=\"widget\" data-widget_type=\"flip-box.default\">\n\t\t\t\t<div class=\"elementor-widget-container\">\n\t\t\t\t\t\t\t<div class=\"elementor-flip-box\" tabindex=\"0\">\n\t\t\t<div class=\"elementor-flip-box__layer elementor-flip-box__front\">\n\t\t\t\t<div class=\"elementor-flip-box__layer__overlay\">\n\t\t\t\t\t<div class=\"elementor-flip-box__layer__inner\">\n\t\t\t\t\t\t\t\t\t\t\t\t\t<div class=\"elementor-flip-box__image\">\n\t\t\t\t\t\t\t\t<img decoding=\"async\" width=\"150\" height=\"150\" src=\"https:\/\/www.expodefensa.com.co\/wp-content\/uploads\/2022\/12\/Ruben-Dario-OCAMPO-CAMARGO-150x150.png\" class=\"attachment-thumbnail size-thumbnail wp-image-4265\" alt=\"Ruben-Dario-OCAMPO-CAMARGO\" srcset=\"https:\/\/www.expodefensa.com.co\/wp-content\/uploads\/2022\/12\/Ruben-Dario-OCAMPO-CAMARGO-150x150.png 150w, https:\/\/www.expodefensa.com.co\/wp-content\/uploads\/2022\/12\/Ruben-Dario-OCAMPO-CAMARGO-75x75.png 75w, https:\/\/www.expodefensa.com.co\/wp-content\/uploads\/2022\/12\/Ruben-Dario-OCAMPO-CAMARGO.png 200w\" sizes=\"(max-width: 150px) 100vw, 150px\" \/>\t\t\t\t\t\t\t<\/div>\n\t\t\t\t\t\t\n\t\t\t\t\t\t\t\t\t\t\t\t\t<h3 class=\"elementor-flip-box__layer__title\">\n\t\t\t\t\t\t\t\tRub\u00e9n Dar\u00edo OCAMPO CAMARGO\t\t\t\t\t\t\t<\/h3>\n\t\t\t\t\t\t\n\t\t\t\t\t\t\t\t\t\t\t\t\t<div class=\"elementor-flip-box__layer__description\">\n\t\t\t\t\t\t\t\tPrensa Nacional\t\t\t\t\t\t\t<\/div>\n\t\t\t\t\t\t\t\t\t\t\t<\/div>\n\t\t\t\t<\/div>\n\t\t\t<\/div>\n\t\t\t<div class=\"elementor-flip-box__layer elementor-flip-box__back\">\n\t\t\t<div class=\"elementor-flip-box__layer__overlay\">\n\t\t\t\t<div class=\"elementor-flip-box__layer__inner\">\n\t\t\t\t\t\t\t\t\t\t\t<h3 class=\"elementor-flip-box__layer__title\">\n\t\t\t\t\t\t\tContacto Rub\u00e9n Dar\u00edo OCAMPO CAMARGO\t\t\t\t\t\t<\/h3>\n\t\t\t\t\t\n\t\t\t\t\t\t\t\t\t\t\t<div class=\"elementor-flip-box__layer__description\">\n\t\t\t\t\t\t\t<a href=\"tel:+5713810000\"><span class=\"fa fa-phone\" aria-hidden=\"true\"><\/span><\/a>+5713810000<br><a href=\"mailto:rocampo@corferias.com\"><span class=\"fa fa-envelope\" aria-hidden=\"true\"><\/span><\/a>\t\t\t\t\t\t<\/div>\n\t\t\t\t\t\n\t\t\t\t\t\t\t\t<\/div>\n\t\t<\/div>\n\t\t<\/div>\n\t\t<\/div>\n\t\t\t\t\t\t<\/div>\n\t\t\t\t<\/div>\n\t\t\t\t<\/div>\n\t\t<div class=\"elementor-element elementor-element-b241e95 e-con-full e-flex e-con e-child\" data-id=\"b241e95\" data-element_type=\"container\" data-e-type=\"container\" data-settings=\"{&quot;_ha_eqh_enable&quot;:false}\">\n\t\t\t\t<\/div>\n\t\t\t\t<\/div>\n\t\t\t\t\t<\/div>\n\t\t\t\t<\/div>\n\t\t\t\t<\/div>\n\t\t","protected":false},"excerpt":{"rendered":"<p>Comunicados de prensa A successful outcome for the 9th edition of the show, with strategic partnerships with Latin American countries Paris, December 20, 2024 &#8211; Expodefensa 2023, the leading international Security and Defense exhibition for Latin America, Bogota (Colombia), closed on a successful note on December 7, 2023. The organizers are thrilled to announce that [&hellip;]<\/p>\n","protected":false},"author":1,"featured_media":0,"parent":0,"menu_order":0,"comment_status":"closed","ping_status":"closed","template":"","meta":{"_acf_changed":false,"footnotes":""},"class_list":["post-6464","page","type-page","status-publish","hentry"],"acf":[],"yoast_head":"<!-- This site is optimized with the Yoast SEO plugin v27.4 - https:\/\/yoast.com\/product\/yoast-seo-wordpress\/ -->\n<title>Expodefensa 2023 - \u00daltimos comunicados de prensa<\/title>\n<meta name=\"description\" content=\"Expodefensa 2023 - Comunicados de prensa\" \/>\n<meta name=\"robots\" content=\"index, follow, max-snippet:-1, max-image-preview:large, max-video-preview:-1\" \/>\n<link rel=\"canonical\" href=\"https:\/\/www.expodefensa.com.co\/es\/comunicados-de-prensa\/\" \/>\n<meta property=\"og:locale\" content=\"es_ES\" \/>\n<meta property=\"og:type\" content=\"article\" \/>\n<meta property=\"og:title\" content=\"Expodefensa 2023 - \u00daltimos comunicados de prensa\" \/>\n<meta property=\"og:description\" content=\"Expodefensa 2023 - Comunicados de prensa\" \/>\n<meta property=\"og:url\" content=\"https:\/\/www.expodefensa.com.co\/es\/comunicados-de-prensa\/\" \/>\n<meta property=\"og:site_name\" content=\"Expodefensa 2025\" \/>\n<meta property=\"article:modified_time\" content=\"2025-02-05T14:15:44+00:00\" \/>\n<meta property=\"og:image\" content=\"https:\/\/www.expodefensa.com.co\/wp-content\/uploads\/2022\/12\/Guillaume-WOODFORD-1.png\" \/>\n\t<meta property=\"og:image:width\" content=\"200\" \/>\n\t<meta property=\"og:image:height\" content=\"200\" \/>\n\t<meta property=\"og:image:type\" content=\"image\/png\" \/>\n<meta name=\"twitter:card\" content=\"summary_large_image\" \/>\n<meta name=\"twitter:label1\" content=\"Tiempo de lectura\" \/>\n\t<meta name=\"twitter:data1\" content=\"2 minutos\" \/>\n<script type=\"application\/ld+json\" class=\"yoast-schema-graph\">{\"@context\":\"https:\\\/\\\/schema.org\",\"@graph\":[{\"@type\":\"WebPage\",\"@id\":\"https:\\\/\\\/www.expodefensa.com.co\\\/es\\\/comunicados-de-prensa\\\/\",\"url\":\"https:\\\/\\\/www.expodefensa.com.co\\\/es\\\/comunicados-de-prensa\\\/\",\"name\":\"Expodefensa 2023 - \u00daltimos comunicados de prensa\",\"isPartOf\":{\"@id\":\"https:\\\/\\\/2023.expodefensa.fr\\\/#website\"},\"primaryImageOfPage\":{\"@id\":\"https:\\\/\\\/www.expodefensa.com.co\\\/es\\\/comunicados-de-prensa\\\/#primaryimage\"},\"image\":{\"@id\":\"https:\\\/\\\/www.expodefensa.com.co\\\/es\\\/comunicados-de-prensa\\\/#primaryimage\"},\"thumbnailUrl\":\"https:\\\/\\\/www.expodefensa.com.co\\\/wp-content\\\/uploads\\\/2022\\\/12\\\/Guillaume-WOODFORD-1-150x150.png\",\"datePublished\":\"2023-01-04T10:53:19+00:00\",\"dateModified\":\"2025-02-05T14:15:44+00:00\",\"description\":\"Expodefensa 2023 - Comunicados de prensa\",\"breadcrumb\":{\"@id\":\"https:\\\/\\\/www.expodefensa.com.co\\\/es\\\/comunicados-de-prensa\\\/#breadcrumb\"},\"inLanguage\":\"es\",\"potentialAction\":[{\"@type\":\"ReadAction\",\"target\":[\"https:\\\/\\\/www.expodefensa.com.co\\\/es\\\/comunicados-de-prensa\\\/\"]}]},{\"@type\":\"ImageObject\",\"inLanguage\":\"es\",\"@id\":\"https:\\\/\\\/www.expodefensa.com.co\\\/es\\\/comunicados-de-prensa\\\/#primaryimage\",\"url\":\"https:\\\/\\\/www.expodefensa.com.co\\\/wp-content\\\/uploads\\\/2022\\\/12\\\/Guillaume-WOODFORD-1-150x150.png\",\"contentUrl\":\"https:\\\/\\\/www.expodefensa.com.co\\\/wp-content\\\/uploads\\\/2022\\\/12\\\/Guillaume-WOODFORD-1-150x150.png\"},{\"@type\":\"BreadcrumbList\",\"@id\":\"https:\\\/\\\/www.expodefensa.com.co\\\/es\\\/comunicados-de-prensa\\\/#breadcrumb\",\"itemListElement\":[{\"@type\":\"ListItem\",\"position\":1,\"name\":\"Home\",\"item\":\"https:\\\/\\\/www.expodefensa.com.co\\\/es\\\/home\\\/\"},{\"@type\":\"ListItem\",\"position\":2,\"name\":\"Media\",\"item\":\"https:\\\/\\\/www.expodefensa.com.co\\\/es\\\/media\\\/\"},{\"@type\":\"ListItem\",\"position\":3,\"name\":\"Comunicados de prensa\"}]},{\"@type\":\"WebSite\",\"@id\":\"https:\\\/\\\/2023.expodefensa.fr\\\/#website\",\"url\":\"https:\\\/\\\/2023.expodefensa.fr\\\/\",\"name\":\"Expodefensa 2025\",\"description\":\"International Defense and Security Trade Fair\",\"publisher\":{\"@id\":\"https:\\\/\\\/2023.expodefensa.fr\\\/#organization\"},\"alternateName\":\"Expodefensa 2023\",\"potentialAction\":[{\"@type\":\"SearchAction\",\"target\":{\"@type\":\"EntryPoint\",\"urlTemplate\":\"https:\\\/\\\/2023.expodefensa.fr\\\/?s={search_term_string}\"},\"query-input\":{\"@type\":\"PropertyValueSpecification\",\"valueRequired\":true,\"valueName\":\"search_term_string\"}}],\"inLanguage\":\"es\"},{\"@type\":\"Organization\",\"@id\":\"https:\\\/\\\/2023.expodefensa.fr\\\/#organization\",\"name\":\"Expodefensa 2025\",\"alternateName\":\"Expodefensa 2023\",\"url\":\"https:\\\/\\\/2023.expodefensa.fr\\\/\",\"logo\":{\"@type\":\"ImageObject\",\"inLanguage\":\"es\",\"@id\":\"https:\\\/\\\/2023.expodefensa.fr\\\/#\\\/schema\\\/logo\\\/image\\\/\",\"url\":\"https:\\\/\\\/www.expodefensa.com.co\\\/wp-content\\\/uploads\\\/2023\\\/01\\\/logo_expodefensa-social.jpg\",\"contentUrl\":\"https:\\\/\\\/www.expodefensa.com.co\\\/wp-content\\\/uploads\\\/2023\\\/01\\\/logo_expodefensa-social.jpg\",\"width\":432,\"height\":200,\"caption\":\"Expodefensa 2025\"},\"image\":{\"@id\":\"https:\\\/\\\/2023.expodefensa.fr\\\/#\\\/schema\\\/logo\\\/image\\\/\"},\"sameAs\":[\"https:\\\/\\\/www.linkedin.com\\\/company\\\/expodefensa\\\/\"]}]}<\/script>\n<!-- \/ Yoast SEO plugin. -->","yoast_head_json":{"title":"Expodefensa 2023 - \u00daltimos comunicados de prensa","description":"Expodefensa 2023 - Comunicados de prensa","robots":{"index":"index","follow":"follow","max-snippet":"max-snippet:-1","max-image-preview":"max-image-preview:large","max-video-preview":"max-video-preview:-1"},"canonical":"https:\/\/www.expodefensa.com.co\/es\/comunicados-de-prensa\/","og_locale":"es_ES","og_type":"article","og_title":"Expodefensa 2023 - \u00daltimos comunicados de prensa","og_description":"Expodefensa 2023 - Comunicados de prensa","og_url":"https:\/\/www.expodefensa.com.co\/es\/comunicados-de-prensa\/","og_site_name":"Expodefensa 2025","article_modified_time":"2025-02-05T14:15:44+00:00","og_image":[{"width":200,"height":200,"url":"https:\/\/www.expodefensa.com.co\/wp-content\/uploads\/2022\/12\/Guillaume-WOODFORD-1.png","type":"image\/png"}],"twitter_card":"summary_large_image","twitter_misc":{"Tiempo de lectura":"2 minutos"},"schema":{"@context":"https:\/\/schema.org","@graph":[{"@type":"WebPage","@id":"https:\/\/www.expodefensa.com.co\/es\/comunicados-de-prensa\/","url":"https:\/\/www.expodefensa.com.co\/es\/comunicados-de-prensa\/","name":"Expodefensa 2023 - \u00daltimos comunicados de prensa","isPartOf":{"@id":"https:\/\/2023.expodefensa.fr\/#website"},"primaryImageOfPage":{"@id":"https:\/\/www.expodefensa.com.co\/es\/comunicados-de-prensa\/#primaryimage"},"image":{"@id":"https:\/\/www.expodefensa.com.co\/es\/comunicados-de-prensa\/#primaryimage"},"thumbnailUrl":"https:\/\/www.expodefensa.com.co\/wp-content\/uploads\/2022\/12\/Guillaume-WOODFORD-1-150x150.png","datePublished":"2023-01-04T10:53:19+00:00","dateModified":"2025-02-05T14:15:44+00:00","description":"Expodefensa 2023 - Comunicados de prensa","breadcrumb":{"@id":"https:\/\/www.expodefensa.com.co\/es\/comunicados-de-prensa\/#breadcrumb"},"inLanguage":"es","potentialAction":[{"@type":"ReadAction","target":["https:\/\/www.expodefensa.com.co\/es\/comunicados-de-prensa\/"]}]},{"@type":"ImageObject","inLanguage":"es","@id":"https:\/\/www.expodefensa.com.co\/es\/comunicados-de-prensa\/#primaryimage","url":"https:\/\/www.expodefensa.com.co\/wp-content\/uploads\/2022\/12\/Guillaume-WOODFORD-1-150x150.png","contentUrl":"https:\/\/www.expodefensa.com.co\/wp-content\/uploads\/2022\/12\/Guillaume-WOODFORD-1-150x150.png"},{"@type":"BreadcrumbList","@id":"https:\/\/www.expodefensa.com.co\/es\/comunicados-de-prensa\/#breadcrumb","itemListElement":[{"@type":"ListItem","position":1,"name":"Home","item":"https:\/\/www.expodefensa.com.co\/es\/home\/"},{"@type":"ListItem","position":2,"name":"Media","item":"https:\/\/www.expodefensa.com.co\/es\/media\/"},{"@type":"ListItem","position":3,"name":"Comunicados de prensa"}]},{"@type":"WebSite","@id":"https:\/\/2023.expodefensa.fr\/#website","url":"https:\/\/2023.expodefensa.fr\/","name":"Expodefensa 2025","description":"International Defense and Security Trade Fair","publisher":{"@id":"https:\/\/2023.expodefensa.fr\/#organization"},"alternateName":"Expodefensa 2023","potentialAction":[{"@type":"SearchAction","target":{"@type":"EntryPoint","urlTemplate":"https:\/\/2023.expodefensa.fr\/?s={search_term_string}"},"query-input":{"@type":"PropertyValueSpecification","valueRequired":true,"valueName":"search_term_string"}}],"inLanguage":"es"},{"@type":"Organization","@id":"https:\/\/2023.expodefensa.fr\/#organization","name":"Expodefensa 2025","alternateName":"Expodefensa 2023","url":"https:\/\/2023.expodefensa.fr\/","logo":{"@type":"ImageObject","inLanguage":"es","@id":"https:\/\/2023.expodefensa.fr\/#\/schema\/logo\/image\/","url":"https:\/\/www.expodefensa.com.co\/wp-content\/uploads\/2023\/01\/logo_expodefensa-social.jpg","contentUrl":"https:\/\/www.expodefensa.com.co\/wp-content\/uploads\/2023\/01\/logo_expodefensa-social.jpg","width":432,"height":200,"caption":"Expodefensa 2025"},"image":{"@id":"https:\/\/2023.expodefensa.fr\/#\/schema\/logo\/image\/"},"sameAs":["https:\/\/www.linkedin.com\/company\/expodefensa\/"]}]}},"_links":{"self":[{"href":"https:\/\/www.expodefensa.com.co\/es\/wp-json\/wp\/v2\/pages\/6464","targetHints":{"allow":["GET"]}}],"collection":[{"href":"https:\/\/www.expodefensa.com.co\/es\/wp-json\/wp\/v2\/pages"}],"about":[{"href":"https:\/\/www.expodefensa.com.co\/es\/wp-json\/wp\/v2\/types\/page"}],"author":[{"embeddable":true,"href":"https:\/\/www.expodefensa.com.co\/es\/wp-json\/wp\/v2\/users\/1"}],"replies":[{"embeddable":true,"href":"https:\/\/www.expodefensa.com.co\/es\/wp-json\/wp\/v2\/comments?post=6464"}],"version-history":[{"count":5,"href":"https:\/\/www.expodefensa.com.co\/es\/wp-json\/wp\/v2\/pages\/6464\/revisions"}],"predecessor-version":[{"id":11608,"href":"https:\/\/www.expodefensa.com.co\/es\/wp-json\/wp\/v2\/pages\/6464\/revisions\/11608"}],"wp:attachment":[{"href":"https:\/\/www.expodefensa.com.co\/es\/wp-json\/wp\/v2\/media?parent=6464"}],"curies":[{"name":"wp","href":"https:\/\/api.w.org\/{rel}","templated":true}]}}