    
{"id":12754,"date":"2025-11-25T20:05:51","date_gmt":"2025-11-25T19:05:51","guid":{"rendered":"https:\/\/www.expodefensa.com.co\/la-feria\/mensaje-de-bienvenida\/"},"modified":"2025-11-29T11:53:13","modified_gmt":"2025-11-29T10:53:13","slug":"mensaje-de-bienvenida","status":"publish","type":"page","link":"https:\/\/www.expodefensa.com.co\/es\/la-feria\/mensaje-de-bienvenida\/","title":{"rendered":"Mensaje de Bienvenida"},"content":{"rendered":"\t\t<div data-elementor-type=\"wp-page\" data-elementor-id=\"12754\" class=\"elementor elementor-12754 elementor-12735\" data-elementor-settings=\"{&quot;ha_cmc_init_switcher&quot;:&quot;no&quot;}\" data-elementor-post-type=\"page\">\n\t\t\t\t\t\t<section class=\"elementor-section elementor-top-section elementor-element elementor-element-84e9fdf elementor-section-full_width elementor-section-height-default elementor-section-height-default\" data-id=\"84e9fdf\" data-element_type=\"section\" data-e-type=\"section\" data-settings=\"{&quot;_ha_eqh_enable&quot;:false}\">\n\t\t\t\t\t\t<div class=\"elementor-container elementor-column-gap-default\">\n\t\t\t\t\t<div class=\"elementor-column elementor-col-100 elementor-top-column elementor-element elementor-element-88ab8c3\" data-id=\"88ab8c3\" data-element_type=\"column\" data-e-type=\"column\">\n\t\t\t<div class=\"elementor-widget-wrap elementor-element-populated\">\n\t\t\t\t\t\t<div class=\"elementor-element elementor-element-94bf024 elementor-widget elementor-widget-breadcrumbs\" data-id=\"94bf024\" data-element_type=\"widget\" data-e-type=\"widget\" data-widget_type=\"breadcrumbs.default\">\n\t\t\t\t<div class=\"elementor-widget-container\">\n\t\t\t\t\t<p id=\"breadcrumbs\"><span><span><a href=\"https:\/\/www.expodefensa.com.co\/es\/home\/\">Home<\/a><\/span><\/span><\/p>\t\t\t\t<\/div>\n\t\t\t\t<\/div>\n\t\t\t\t<div class=\"elementor-element elementor-element-c52ca77 elementor-widget__width-initial elementor-widget elementor-widget-heading\" data-id=\"c52ca77\" data-element_type=\"widget\" data-e-type=\"widget\" data-widget_type=\"heading.default\">\n\t\t\t\t<div class=\"elementor-widget-container\">\n\t\t\t\t\t<h1 class=\"elementor-heading-title elementor-size-default\">Mensaje de Bienvenida<\/h1>\t\t\t\t<\/div>\n\t\t\t\t<\/div>\n\t\t\t\t\t<\/div>\n\t\t<\/div>\n\t\t\t\t\t<\/div>\n\t\t<\/section>\n\t\t<div class=\"elementor-element elementor-element-7bc9c3a e-flex e-con-boxed e-con e-parent\" data-id=\"7bc9c3a\" data-element_type=\"container\" data-e-type=\"container\" data-settings=\"{&quot;_ha_eqh_enable&quot;:false}\">\n\t\t\t\t\t<div class=\"e-con-inner\">\n\t\t\t\t<div class=\"elementor-element elementor-element-b6b452e elementor-widget elementor-widget-eael-adv-tabs\" data-id=\"b6b452e\" data-element_type=\"widget\" data-e-type=\"widget\" data-widget_type=\"eael-adv-tabs.default\">\n\t\t\t\t<div class=\"elementor-widget-container\">\n\t\t\t\t\t        <div data-scroll-on-click=\"no\" data-scroll-speed=\"300\" id=\"eael-advance-tabs-b6b452e\" class=\"eael-advance-tabs eael-tabs-vertical eael-tab-auto-active \" data-tabid=\"b6b452e\">\n            <div class=\"eael-tabs-nav \">\n                <ul class=\"\" role=\"tablist\">\n                                            <li id=\"ministerio-de-defensa-nacional-\" class=\"inactive eael-tab-item-trigger eael-tab-nav-item\" aria-selected=\"true\" data-tab=\"1\" role=\"tab\" tabindex=\"0\" aria-controls=\"ministerio-de-defensa-nacional--tab\" aria-expanded=\"false\">\n                            \n                            \n                            \n                                                            <span class=\"eael-tab-title title-after-icon\" >Ministerio de defensa nacional <\/span>                                                    <\/li>\n                                            <li id=\"codaltec\" class=\"inactive eael-tab-item-trigger eael-tab-nav-item\" aria-selected=\"false\" data-tab=\"2\" role=\"tab\" tabindex=\"-1\" aria-controls=\"codaltec-tab\" aria-expanded=\"false\">\n                            \n                            \n                            \n                                                            <span class=\"eael-tab-title title-after-icon\" >codaltec<\/span>                                                    <\/li>\n                                            <li id=\"coges-events\" class=\"inactive eael-tab-item-trigger eael-tab-nav-item\" aria-selected=\"false\" data-tab=\"3\" role=\"tab\" tabindex=\"-1\" aria-controls=\"coges-events-tab\" aria-expanded=\"false\">\n                            \n                            \n                            \n                                                            <span class=\"eael-tab-title title-after-icon\" >Coges events<\/span>                                                    <\/li>\n                                            <li id=\"corferias\" class=\"inactive eael-tab-item-trigger eael-tab-nav-item\" aria-selected=\"false\" data-tab=\"4\" role=\"tab\" tabindex=\"-1\" aria-controls=\"corferias-tab\" aria-expanded=\"false\">\n                            \n                            \n                            \n                                                            <span class=\"eael-tab-title title-after-icon\" >Corferias<\/span>                                                    <\/li>\n                    \n                                  <\/ul>\n            <\/div>\n            \n            <div class=\"eael-tabs-content\">\n\t\t        \n                    <div id=\"ministerio-de-defensa-nacional--tab\" class=\"clearfix eael-tab-content-item inactive\" data-title-link=\"ministerio-de-defensa-nacional--tab\">\n\t\t\t\t        <style>.elementor-12784 .elementor-element.elementor-element-4a99968{--display:flex;--flex-direction:column;--container-widget-width:100%;--container-widget-height:initial;--container-widget-flex-grow:0;--container-widget-align-self:initial;--flex-wrap-mobile:wrap;}.elementor-widget-text-editor{font-family:var( --e-global-typography-text-font-family ), Sans-serif;font-weight:var( --e-global-typography-text-font-weight );color:var( --e-global-color-text );}.elementor-widget-text-editor.elementor-drop-cap-view-stacked .elementor-drop-cap{background-color:var( --e-global-color-primary );}.elementor-widget-text-editor.elementor-drop-cap-view-framed .elementor-drop-cap, .elementor-widget-text-editor.elementor-drop-cap-view-default .elementor-drop-cap{color:var( --e-global-color-primary );border-color:var( --e-global-color-primary );}.elementor-12784 .elementor-element.elementor-element-2788681{color:var( --e-global-color-primary );}.elementor-12784 .elementor-element.elementor-element-2788681 > .elementor-widget-container{margin:0% 0% -2% 0%;padding:2% 2% 2% 2%;}.elementor-widget-ha-testimonial .ha-testimonial__content{font-family:var( --e-global-typography-text-font-family ), Sans-serif;font-weight:var( --e-global-typography-text-font-weight );}.elementor-widget-ha-testimonial .ha-testimonial__reviewer-name{font-family:var( --e-global-typography-secondary-font-family ), Sans-serif;font-weight:var( --e-global-typography-secondary-font-weight );}.elementor-widget-ha-testimonial .ha-testimonial__reviewer-title{font-family:var( --e-global-typography-text-font-family ), Sans-serif;font-weight:var( --e-global-typography-text-font-weight );}.elementor-12784 .elementor-element.elementor-element-926bffd{text-align:left;}.elementor-12784 .elementor-element.elementor-element-926bffd .ha-testimonial__content{color:var( --e-global-color-primary );font-family:\"Montserrat\", Sans-serif;font-weight:400;}.elementor-12784 .elementor-element.elementor-element-926bffd .ha-testimonial__reviewer-thumb{-webkit-flex:0 0 100px;-ms-flex:0 0 100px;flex:0 0 100px;max-width:100px;height:100px;}.elementor-12784 .elementor-element.elementor-element-926bffd.ha-testimonial--left .ha-testimonial__reviewer-meta{-webkit-flex:0 0 calc(100% - 100px);-ms-flex:0 0 calc(100% - 100px);flex:0 0 calc(100% - 100px);max-width:calc(100% - 100px);}.elementor-12784 .elementor-element.elementor-element-926bffd.ha-testimonial--right .ha-testimonial__reviewer-meta{-webkit-flex:0 0 calc(100% - 100px);-ms-flex:0 0 calc(100% - 100px);flex:0 0 calc(100% - 100px);max-width:calc(100% - 100px);}.elementor-12784 .elementor-element.elementor-element-926bffd.ha-testimonial--left .ha-testimonial__content:after{left:calc((100px \/ 2) - 18px);}.elementor-12784 .elementor-element.elementor-element-926bffd.ha-testimonial--right .ha-testimonial__content:after{right:calc((100px \/ 2) - 18px);}.elementor-12784 .elementor-element.elementor-element-926bffd .ha-testimonial__reviewer-name{color:var( --e-global-color-b566d01 );font-family:\"Montserrat\", Sans-serif;font-weight:700;}.elementor-12784 .elementor-element.elementor-element-926bffd .ha-testimonial__reviewer-title{color:var( --e-global-color-accent );}.elementor-12784 .elementor-element.elementor-element-926bffd > .elementor-widget-container{margin:-3% 0% 0% 0%;border-style:none;}@media(max-width:767px){.elementor-12784 .elementor-element.elementor-element-926bffd .ha-testimonial__content{font-size:14px;}}<\/style>\t\t<div data-elementor-type=\"section\" data-elementor-id=\"12784\" class=\"elementor elementor-12784 elementor-12767 elementor-12767\" data-elementor-settings=\"{&quot;ha_cmc_init_switcher&quot;:&quot;no&quot;}\" data-elementor-post-type=\"elementor_library\">\n\t\t\t<div class=\"elementor-element elementor-element-4a99968 e-con-full e-flex e-con e-parent\" data-id=\"4a99968\" data-element_type=\"container\" data-e-type=\"container\" data-settings=\"{&quot;_ha_eqh_enable&quot;:false}\">\n\t\t\t\t<div class=\"elementor-element elementor-element-2788681 elementor-widget elementor-widget-text-editor\" data-id=\"2788681\" data-element_type=\"widget\" data-e-type=\"widget\" data-widget_type=\"text-editor.default\">\n\t\t\t\t<div class=\"elementor-widget-container\">\n\t\t\t\t\t\t\t\t\t<p><strong>Fortalecer la industria de defensa es fortalecer a Colombia<\/strong><\/p><p>Luego de 15 a\u00f1os de trayectoria, ExpoDefensa llega en 2025 a su d\u00e9cima versi\u00f3n. Esta edici\u00f3n busca convertirse en la m\u00e1s ambiciosa y fruct\u00edfera hasta el momento, proyectando superar los 10.000 visitantes profesionales y atraer al menos 220 expositores. <\/p><p>En este evento hist\u00f3rico e ic\u00f3nico para la seguridad del pa\u00eds, demostraremos al mundo nuestra capacidad para avanzar hacia la autosuficiencia tecnol\u00f3gica y la soberan\u00eda nacional.<\/p><p>Esta cartera ha sido, hist\u00f3ricamente, uno de los principales motores de innovaci\u00f3n tecnol\u00f3gica gracias a su misi\u00f3n y prop\u00f3sito. Sin embargo, entendemos que la seguridad no puede concebirse \u00fanicamente desde su dimensi\u00f3n militar o log\u00edstica. <\/p><p>En el mundo contempor\u00e1neo, los pa\u00edses que avanzan son aquellos que comprenden que invertir en este campo es invertir en ciencia, tecnolog\u00eda y conocimiento.<\/p><p>Colombia est\u00e1 preparada para consolidarse como un motor de transformaci\u00f3n nacional. Aspiramos a fortalecer un ecosistema de innovaci\u00f3n, basado en el modelo de la qu\u00edntuple h\u00e9lice, que integra al Gobierno, la empresa, la academia, la sociedad civil y el medio ambiente. <\/p><p>De esa visi\u00f3n nace nuestra iniciativa \u201cFuerza Innovaci\u00f3n\u201d, un modelo que busca dejar atr\u00e1s la percepci\u00f3n de un \u00e1mbito cerrado y convertirlo en un espacio de colaboraci\u00f3n, transferencia tecnol\u00f3gica y crecimiento colectivo.<\/p><p>En ExpoDefensa 2025 reafirmaremos que las amenazas del siglo XXI son un desaf\u00edo global que exige trabajo articulado entre naciones, con una visi\u00f3n moderna, democr\u00e1tica y multidimensional.<\/p><p>No se trata \u00fanicamente de producir equipamiento: se trata de crear cadenas de valor que impulsen la ciencia, la ingenier\u00eda, la industria local y el desarrollo regional con un enfoque inclusivo.<\/p><p>Cada bien, servicio o componente desarrollado para fortalecer a nuestras Fuerzas Armadas debe traducirse en oportunidades de crecimiento para las empresas colombianas y tambi\u00e9n para aquellas firmas extranjeras que conf\u00edan e invierten en nuestro pa\u00eds..<\/p><p>Hagamos de Colombia un referente regional en desarrollo tecnol\u00f3gico para la seguridad y la protecci\u00f3n de la Naci\u00f3n. El Gobierno est\u00e1 comprometido con este prop\u00f3sito, y por ello, desde el Ministerio de Defensa Nacional continuaremos trabajando para que nuestras Fuerzas sean cada vez m\u00e1s preparadas, tecnol\u00f3gicas e innovadoras. <\/p><p>El Ministerio de Defensa Nacional no busca solo proveedores; busca aliados para construir pa\u00eds, por ello entendemos a ExpoDefensa 2025 como una plataforma clave para generar desarrollo econ\u00f3mico de alta calidad, promover la transferencia tecnol\u00f3gica y avanzar hacia una mayor autosuficiencia industrial. <\/p><p>La seguridad es ciencia, innovaci\u00f3n y talento; es la suma de voluntades que garantiza el progreso de la Naci\u00f3n. ExpoDefensa 2025 se consolidar\u00e1 como un escenario de referencia en desarrollo tecnol\u00f3gico e innovaci\u00f3n al servicio de quienes protegen a Colombia. <\/p>\t\t\t\t\t\t\t\t<\/div>\n\t\t\t\t<\/div>\n\t\t\t\t<div class=\"elementor-element elementor-element-926bffd ha-testimonial--left ha-testimonial--basic elementor-widget elementor-widget-ha-testimonial happy-addon ha-testimonial\" data-id=\"926bffd\" data-element_type=\"widget\" data-e-type=\"widget\" data-widget_type=\"ha-testimonial.default\">\n\t\t\t\t<div class=\"elementor-widget-container\">\n\t\t\t\t\t\n\t\t<div class=\"ha-testimonial__content\">\n\t\t\t\t\t<\/div>\n\t\t<div class=\"ha-testimonial__reviewer\">\n\t\t\t\t\t\t\t<div class=\"ha-testimonial__reviewer-thumb\">\n\t\t\t\t\t<img fetchpriority=\"high\" decoding=\"async\" width=\"300\" height=\"300\" src=\"https:\/\/www.expodefensa.com.co\/wp-content\/uploads\/2025\/11\/Arnulfo.jpg\" class=\"attachment-full size-full wp-image-12826\" alt=\"Arnulfo\" srcset=\"https:\/\/www.expodefensa.com.co\/wp-content\/uploads\/2025\/11\/Arnulfo.jpg 300w, https:\/\/www.expodefensa.com.co\/wp-content\/uploads\/2025\/11\/Arnulfo-150x150.jpg 150w\" sizes=\"(max-width: 300px) 100vw, 300px\" \/>\t\t\t\t<\/div>\n\t\t\t\n\t\t\t<div class=\"ha-testimonial__reviewer-meta\">\n\t\t\t\t<div class=\"ha-testimonial__reviewer-name\">Pedro Arnulfo S\u00e1nchez Su\u00e1rez<\/div>\n\t\t\t\t<div class=\"ha-testimonial__reviewer-title\">Ministro de Defensa Nacional de Colombia<\/div>\n\t\t\t<\/div>\n\t\t<\/div>\n\t\t\t\t\t\t<\/div>\n\t\t\t\t<\/div>\n\t\t\t\t<\/div>\n\t\t\t\t<\/div>\n\t\t                    <\/div>\n\t\t        \n                    <div id=\"codaltec-tab\" class=\"clearfix eael-tab-content-item inactive\" data-title-link=\"codaltec-tab\">\n\t\t\t\t        <style>.elementor-12789 .elementor-element.elementor-element-4a99968{--display:flex;--flex-direction:column;--container-widget-width:100%;--container-widget-height:initial;--container-widget-flex-grow:0;--container-widget-align-self:initial;--flex-wrap-mobile:wrap;}.elementor-widget-text-editor{font-family:var( --e-global-typography-text-font-family ), Sans-serif;font-weight:var( --e-global-typography-text-font-weight );color:var( --e-global-color-text );}.elementor-widget-text-editor.elementor-drop-cap-view-stacked .elementor-drop-cap{background-color:var( --e-global-color-primary );}.elementor-widget-text-editor.elementor-drop-cap-view-framed .elementor-drop-cap, .elementor-widget-text-editor.elementor-drop-cap-view-default .elementor-drop-cap{color:var( --e-global-color-primary );border-color:var( --e-global-color-primary );}.elementor-12789 .elementor-element.elementor-element-7e22494{color:var( --e-global-color-primary );}.elementor-12789 .elementor-element.elementor-element-7e22494 > .elementor-widget-container{margin:0% 0% -2% 0%;padding:2% 2% 2% 2%;}.elementor-widget-ha-testimonial .ha-testimonial__content{font-family:var( --e-global-typography-text-font-family ), Sans-serif;font-weight:var( --e-global-typography-text-font-weight );}.elementor-widget-ha-testimonial .ha-testimonial__reviewer-name{font-family:var( --e-global-typography-secondary-font-family ), Sans-serif;font-weight:var( --e-global-typography-secondary-font-weight );}.elementor-widget-ha-testimonial .ha-testimonial__reviewer-title{font-family:var( --e-global-typography-text-font-family ), Sans-serif;font-weight:var( --e-global-typography-text-font-weight );}.elementor-12789 .elementor-element.elementor-element-f337e8d{text-align:left;}.elementor-12789 .elementor-element.elementor-element-f337e8d .ha-testimonial__content{color:var( --e-global-color-primary );font-family:\"Montserrat\", Sans-serif;font-weight:400;}.elementor-12789 .elementor-element.elementor-element-f337e8d .ha-testimonial__reviewer-thumb{-webkit-flex:0 0 100px;-ms-flex:0 0 100px;flex:0 0 100px;max-width:100px;height:100px;}.elementor-12789 .elementor-element.elementor-element-f337e8d.ha-testimonial--left .ha-testimonial__reviewer-meta{-webkit-flex:0 0 calc(100% - 100px);-ms-flex:0 0 calc(100% - 100px);flex:0 0 calc(100% - 100px);max-width:calc(100% - 100px);}.elementor-12789 .elementor-element.elementor-element-f337e8d.ha-testimonial--right .ha-testimonial__reviewer-meta{-webkit-flex:0 0 calc(100% - 100px);-ms-flex:0 0 calc(100% - 100px);flex:0 0 calc(100% - 100px);max-width:calc(100% - 100px);}.elementor-12789 .elementor-element.elementor-element-f337e8d.ha-testimonial--left .ha-testimonial__content:after{left:calc((100px \/ 2) - 18px);}.elementor-12789 .elementor-element.elementor-element-f337e8d.ha-testimonial--right .ha-testimonial__content:after{right:calc((100px \/ 2) - 18px);}.elementor-12789 .elementor-element.elementor-element-f337e8d .ha-testimonial__reviewer-name{color:var( --e-global-color-b566d01 );font-family:\"Montserrat\", Sans-serif;font-weight:700;}.elementor-12789 .elementor-element.elementor-element-f337e8d .ha-testimonial__reviewer-title{color:var( --e-global-color-accent );}.elementor-12789 .elementor-element.elementor-element-f337e8d > .elementor-widget-container{margin:-3% 0% 0% 0%;border-style:none;}@media(max-width:767px){.elementor-12789 .elementor-element.elementor-element-f337e8d .ha-testimonial__content{font-size:14px;}}<\/style>\t\t<div data-elementor-type=\"section\" data-elementor-id=\"12789\" class=\"elementor elementor-12789 elementor-12771 elementor-12771\" data-elementor-settings=\"{&quot;ha_cmc_init_switcher&quot;:&quot;no&quot;}\" data-elementor-post-type=\"elementor_library\">\n\t\t\t<div class=\"elementor-element elementor-element-4a99968 e-con-full e-flex e-con e-parent\" data-id=\"4a99968\" data-element_type=\"container\" data-e-type=\"container\" data-settings=\"{&quot;_ha_eqh_enable&quot;:false}\">\n\t\t\t\t<div class=\"elementor-element elementor-element-7e22494 elementor-widget elementor-widget-text-editor\" data-id=\"7e22494\" data-element_type=\"widget\" data-e-type=\"widget\" data-widget_type=\"text-editor.default\">\n\t\t\t\t<div class=\"elementor-widget-container\">\n\t\t\t\t\t\t\t\t\t<p>La Corporaci\u00f3n de Alta Tecnolog\u00eda para la Defensa &#8211; CODALTEC da la m\u00e1s cordial bienvenida a todos los expositores y participantes de EXPODEFENSA 2025, un espacio estrat\u00e9gico dise\u00f1ado para reunir las capacidades tecnol\u00f3gicas, industriales y operativas aplicables a la defensa y la seguridad.<\/p><p>Os damos las gracias por vuestra presencia y por el compromiso que hab\u00e9is demostrado en la promoci\u00f3n de soluciones avanzadas encaminadas a reforzar la soberan\u00eda y ayudar a crear las condiciones para la paz y la prosperidad. En esta edici\u00f3n, destacamos la importancia de la colaboraci\u00f3n entre las instituciones p\u00fablicas, la industria privada y el mundo acad\u00e9mico para acelerar los procesos de innovaci\u00f3n y consolidar productos y servicios que cumplan los m\u00e1s altos est\u00e1ndares de calidad y rendimiento.<\/p><p>Invitamos a todos los asistentes a explorar los avances tecnol\u00f3gicos y los proyectos integrados desarrollados para abordar las necesidades actuales y futuras del sector de la defensa, la industria y la comunidad cient\u00edfica. Tu participaci\u00f3n contribuye a ampliar el conocimiento colectivo y a fomentar asociaciones que potencien el desarrollo de condiciones pac\u00edficas en todas las regiones.<\/p><p>Para CODALTEC, es un honor darte la bienvenida y poner a tu disposici\u00f3n nuestras capacidades, con la convicci\u00f3n de que este evento generar\u00e1 resultados concretos, medibles y sostenibles. Te deseamos una experiencia altamente productiva centrada en la identificaci\u00f3n de oportunidades y la construcci\u00f3n de soluciones impactantes para la defensa y la seguridad hemisf\u00e9ricas.<\/p>\t\t\t\t\t\t\t\t<\/div>\n\t\t\t\t<\/div>\n\t\t\t\t<div class=\"elementor-element elementor-element-f337e8d ha-testimonial--left ha-testimonial--basic elementor-widget elementor-widget-ha-testimonial happy-addon ha-testimonial\" data-id=\"f337e8d\" data-element_type=\"widget\" data-e-type=\"widget\" data-widget_type=\"ha-testimonial.default\">\n\t\t\t\t<div class=\"elementor-widget-container\">\n\t\t\t\t\t\n\t\t<div class=\"ha-testimonial__content\">\n\t\t\t\t\t<\/div>\n\t\t<div class=\"ha-testimonial__reviewer\">\n\t\t\t\t\t\t\t<div class=\"ha-testimonial__reviewer-thumb\">\n\t\t\t\t\t<img decoding=\"async\" width=\"300\" height=\"300\" src=\"https:\/\/www.expodefensa.com.co\/wp-content\/uploads\/2025\/11\/Colonel-Nilssen-Janeth.jpg\" class=\"attachment-full size-full wp-image-12746\" alt=\"Colonel-Nilssen-Janeth\" srcset=\"https:\/\/www.expodefensa.com.co\/wp-content\/uploads\/2025\/11\/Colonel-Nilssen-Janeth.jpg 300w, https:\/\/www.expodefensa.com.co\/wp-content\/uploads\/2025\/11\/Colonel-Nilssen-Janeth-150x150.jpg 150w\" sizes=\"(max-width: 300px) 100vw, 300px\" \/>\t\t\t\t<\/div>\n\t\t\t\n\t\t\t<div class=\"ha-testimonial__reviewer-meta\">\n\t\t\t\t<div class=\"ha-testimonial__reviewer-name\">Colonel Nilssen Janeth Guti\u00e9rrez Su\u00e1rez<\/div>\n\t\t\t\t<div class=\"ha-testimonial__reviewer-title\">CODALTEC<\/div>\n\t\t\t<\/div>\n\t\t<\/div>\n\t\t\t\t\t\t<\/div>\n\t\t\t\t<\/div>\n\t\t\t\t<\/div>\n\t\t\t\t<\/div>\n\t\t                    <\/div>\n\t\t        \n                    <div id=\"coges-events-tab\" class=\"clearfix eael-tab-content-item inactive\" data-title-link=\"coges-events-tab\">\n\t\t\t\t        <style>.elementor-12782 .elementor-element.elementor-element-4a99968{--display:flex;--flex-direction:column;--container-widget-width:100%;--container-widget-height:initial;--container-widget-flex-grow:0;--container-widget-align-self:initial;--flex-wrap-mobile:wrap;}.elementor-widget-text-editor{font-family:var( --e-global-typography-text-font-family ), Sans-serif;font-weight:var( --e-global-typography-text-font-weight );color:var( --e-global-color-text );}.elementor-widget-text-editor.elementor-drop-cap-view-stacked .elementor-drop-cap{background-color:var( --e-global-color-primary );}.elementor-widget-text-editor.elementor-drop-cap-view-framed .elementor-drop-cap, .elementor-widget-text-editor.elementor-drop-cap-view-default .elementor-drop-cap{color:var( --e-global-color-primary );border-color:var( --e-global-color-primary );}.elementor-12782 .elementor-element.elementor-element-8019aae{color:var( --e-global-color-primary );}.elementor-12782 .elementor-element.elementor-element-8019aae > .elementor-widget-container{margin:0% 0% -2% 0%;padding:2% 2% 2% 2%;}.elementor-widget-ha-testimonial .ha-testimonial__content{font-family:var( --e-global-typography-text-font-family ), Sans-serif;font-weight:var( --e-global-typography-text-font-weight );}.elementor-widget-ha-testimonial .ha-testimonial__reviewer-name{font-family:var( --e-global-typography-secondary-font-family ), Sans-serif;font-weight:var( --e-global-typography-secondary-font-weight );}.elementor-widget-ha-testimonial .ha-testimonial__reviewer-title{font-family:var( --e-global-typography-text-font-family ), Sans-serif;font-weight:var( --e-global-typography-text-font-weight );}.elementor-12782 .elementor-element.elementor-element-71457fe{text-align:left;}.elementor-12782 .elementor-element.elementor-element-71457fe .ha-testimonial__content{color:var( --e-global-color-primary );font-family:\"Montserrat\", Sans-serif;font-weight:400;}.elementor-12782 .elementor-element.elementor-element-71457fe .ha-testimonial__reviewer-thumb{-webkit-flex:0 0 100px;-ms-flex:0 0 100px;flex:0 0 100px;max-width:100px;height:100px;}.elementor-12782 .elementor-element.elementor-element-71457fe.ha-testimonial--left .ha-testimonial__reviewer-meta{-webkit-flex:0 0 calc(100% - 100px);-ms-flex:0 0 calc(100% - 100px);flex:0 0 calc(100% - 100px);max-width:calc(100% - 100px);}.elementor-12782 .elementor-element.elementor-element-71457fe.ha-testimonial--right .ha-testimonial__reviewer-meta{-webkit-flex:0 0 calc(100% - 100px);-ms-flex:0 0 calc(100% - 100px);flex:0 0 calc(100% - 100px);max-width:calc(100% - 100px);}.elementor-12782 .elementor-element.elementor-element-71457fe.ha-testimonial--left .ha-testimonial__content:after{left:calc((100px \/ 2) - 18px);}.elementor-12782 .elementor-element.elementor-element-71457fe.ha-testimonial--right .ha-testimonial__content:after{right:calc((100px \/ 2) - 18px);}.elementor-12782 .elementor-element.elementor-element-71457fe .ha-testimonial__reviewer-name{color:var( --e-global-color-b566d01 );font-family:\"Montserrat\", Sans-serif;font-weight:700;}.elementor-12782 .elementor-element.elementor-element-71457fe .ha-testimonial__reviewer-title{color:var( --e-global-color-accent );}.elementor-12782 .elementor-element.elementor-element-71457fe > .elementor-widget-container{margin:-3% 0% 0% 0%;border-style:none;}@media(max-width:767px){.elementor-12782 .elementor-element.elementor-element-71457fe .ha-testimonial__content{font-size:14px;}}<\/style>\t\t<div data-elementor-type=\"section\" data-elementor-id=\"12782\" class=\"elementor elementor-12782 elementor-12759 elementor-12759\" data-elementor-settings=\"{&quot;ha_cmc_init_switcher&quot;:&quot;no&quot;}\" data-elementor-post-type=\"elementor_library\">\n\t\t\t<div class=\"elementor-element elementor-element-4a99968 e-con-full e-flex e-con e-parent\" data-id=\"4a99968\" data-element_type=\"container\" data-e-type=\"container\" data-settings=\"{&quot;_ha_eqh_enable&quot;:false}\">\n\t\t\t\t<div class=\"elementor-element elementor-element-8019aae elementor-widget elementor-widget-text-editor\" data-id=\"8019aae\" data-element_type=\"widget\" data-e-type=\"widget\" data-widget_type=\"text-editor.default\">\n\t\t\t\t<div class=\"elementor-widget-container\">\n\t\t\t\t\t\t\t\t\t<p>Durante la \u00faltima d\u00e9cada, Coges Events ha tenido el honor de organizar Expodefensa conjuntamente con Corferias, el Ministerio de Defensa de Colombia y CODALTEC. Esta asociaci\u00f3n ha permitido que el evento se convierta en uno de los principales encuentros de defensa y seguridad de Am\u00e9rica Latina, as\u00ed como en una plataforma l\u00edder para la industria a nivel mundial. Para esta d\u00e9cima edici\u00f3n, Coges Events reafirma su compromiso de aplicar su experiencia a una feria capaz de abordar los retos estrat\u00e9gicos de nuestro tiempo.  <\/p><p>La edici\u00f3n de 2025 tiene lugar en un entorno global marcado por la intensificaci\u00f3n de los desaf\u00edos: el cambio clim\u00e1tico, el narcotr\u00e1fico, las migraciones, las tensiones regionales, el resurgimiento de conflictos de alta intensidad y las profundas transformaciones tecnol\u00f3gicas impulsadas por la inteligencia artificial, las tecnolog\u00edas cu\u00e1nticas, la energ\u00eda y los sistemas aut\u00f3nomos. En este complejo panorama, Expodefensa se posiciona como un espacio esencial para el di\u00e1logo, la cooperaci\u00f3n y las soluciones que apoyen la seguridad, el desarrollo econ\u00f3mico y la protecci\u00f3n de las poblaciones. <\/p><p>El programa de este a\u00f1o contar\u00e1 con tres jornadas tem\u00e1ticas desarrolladas en coordinaci\u00f3n con el Ministerio de Defensa de Colombia. En ellas se destacar\u00e1n cuestiones relacionadas con las tecnolog\u00edas emergentes, la innovaci\u00f3n y la soberan\u00eda digital a trav\u00e9s de presentaciones de expertos y demostraciones que ilustrar\u00e1n las necesidades operativas actuales.<br>Esta edici\u00f3n tambi\u00e9n acoger\u00e1 a unas cuarenta delegaciones oficiales e institucionales de alto nivel. Su participaci\u00f3n confirma el papel de Expodefensa como plataforma estrat\u00e9gica en la que los responsables de la toma de decisiones pueden recabar informaci\u00f3n, evaluar las soluciones existentes, reforzar la cooperaci\u00f3n e identificar las capacidades tecnol\u00f3gicas m\u00e1s adecuadas a sus necesidades operativas.  <\/p><p>Coges Events expresa su sincero agradecimiento a Corferias, al Ministerio de Defensa de Colombia y a CODALTEC por su continua confianza. Un agradecimiento especial tambi\u00e9n va dirigido a los expositores, socios y visitantes del sal\u00f3n: son la fuerza motriz y el alma misma de Expodefensa, y contribuyen directamente a su alcance internacional. <\/p><p>Con una s\u00f3lida Base Industrial y Tecnol\u00f3gica de Defensa, Colombia reafirma su papel como polo regional y mundial, capaz de acoger un evento en el que convergen innovaci\u00f3n, cooperaci\u00f3n y visi\u00f3n estrat\u00e9gica.<\/p><p>Como organizador internacional de grandes exposiciones de defensa y seguridad, Coges Events se enorgullece de contribuir a esta din\u00e1mica colectiva. Juntos, construyamos las capacidades de seguridad y defensa de hoy y de ma\u00f1ana. <\/p><p>Coges Events desea a todos mucho \u00e9xito en Expodefensa 2025.<\/p>\t\t\t\t\t\t\t\t<\/div>\n\t\t\t\t<\/div>\n\t\t\t\t<div class=\"elementor-element elementor-element-71457fe ha-testimonial--left ha-testimonial--basic elementor-widget elementor-widget-ha-testimonial happy-addon ha-testimonial\" data-id=\"71457fe\" data-element_type=\"widget\" data-e-type=\"widget\" data-widget_type=\"ha-testimonial.default\">\n\t\t\t\t<div class=\"elementor-widget-container\">\n\t\t\t\t\t\n\t\t<div class=\"ha-testimonial__content\">\n\t\t\t\t\t<\/div>\n\t\t<div class=\"ha-testimonial__reviewer\">\n\t\t\t\t\t\t\t<div class=\"ha-testimonial__reviewer-thumb\">\n\t\t\t\t\t<img decoding=\"async\" width=\"300\" height=\"300\" src=\"https:\/\/www.expodefensa.com.co\/wp-content\/uploads\/2025\/11\/beaudouin.jpg\" class=\"attachment-full size-full wp-image-12744\" alt=\"beaudouin\" srcset=\"https:\/\/www.expodefensa.com.co\/wp-content\/uploads\/2025\/11\/beaudouin.jpg 300w, https:\/\/www.expodefensa.com.co\/wp-content\/uploads\/2025\/11\/beaudouin-150x150.jpg 150w\" sizes=\"(max-width: 300px) 100vw, 300px\" \/>\t\t\t\t<\/div>\n\t\t\t\n\t\t\t<div class=\"ha-testimonial__reviewer-meta\">\n\t\t\t\t<div class=\"ha-testimonial__reviewer-name\">General (2S) Charles BEAUDOUIN<\/div>\n\t\t\t\t<div class=\"ha-testimonial__reviewer-title\">Presidente de COGES Events <\/div>\n\t\t\t<\/div>\n\t\t<\/div>\n\t\t\t\t\t\t<\/div>\n\t\t\t\t<\/div>\n\t\t\t\t<\/div>\n\t\t\t\t<\/div>\n\t\t                    <\/div>\n\t\t        \n                    <div id=\"corferias-tab\" class=\"clearfix eael-tab-content-item inactive\" data-title-link=\"corferias-tab\">\n\t\t\t\t        <style>.elementor-12787 .elementor-element.elementor-element-4a99968{--display:flex;--flex-direction:column;--container-widget-width:100%;--container-widget-height:initial;--container-widget-flex-grow:0;--container-widget-align-self:initial;--flex-wrap-mobile:wrap;}.elementor-widget-text-editor{font-family:var( --e-global-typography-text-font-family ), Sans-serif;font-weight:var( --e-global-typography-text-font-weight );color:var( --e-global-color-text );}.elementor-widget-text-editor.elementor-drop-cap-view-stacked .elementor-drop-cap{background-color:var( --e-global-color-primary );}.elementor-widget-text-editor.elementor-drop-cap-view-framed .elementor-drop-cap, .elementor-widget-text-editor.elementor-drop-cap-view-default .elementor-drop-cap{color:var( --e-global-color-primary );border-color:var( --e-global-color-primary );}.elementor-12787 .elementor-element.elementor-element-cb9ce44{color:var( --e-global-color-primary );}.elementor-12787 .elementor-element.elementor-element-cb9ce44 > .elementor-widget-container{margin:0% 0% -2% 0%;padding:2% 2% 2% 2%;}.elementor-widget-ha-testimonial .ha-testimonial__content{font-family:var( --e-global-typography-text-font-family ), Sans-serif;font-weight:var( --e-global-typography-text-font-weight );}.elementor-widget-ha-testimonial .ha-testimonial__reviewer-name{font-family:var( --e-global-typography-secondary-font-family ), Sans-serif;font-weight:var( --e-global-typography-secondary-font-weight );}.elementor-widget-ha-testimonial .ha-testimonial__reviewer-title{font-family:var( --e-global-typography-text-font-family ), Sans-serif;font-weight:var( --e-global-typography-text-font-weight );}.elementor-12787 .elementor-element.elementor-element-c8535db{text-align:left;}.elementor-12787 .elementor-element.elementor-element-c8535db .ha-testimonial__content{color:var( --e-global-color-primary );font-family:\"Montserrat\", Sans-serif;font-weight:400;}.elementor-12787 .elementor-element.elementor-element-c8535db .ha-testimonial__reviewer-thumb{-webkit-flex:0 0 100px;-ms-flex:0 0 100px;flex:0 0 100px;max-width:100px;height:100px;}.elementor-12787 .elementor-element.elementor-element-c8535db.ha-testimonial--left .ha-testimonial__reviewer-meta{-webkit-flex:0 0 calc(100% - 100px);-ms-flex:0 0 calc(100% - 100px);flex:0 0 calc(100% - 100px);max-width:calc(100% - 100px);}.elementor-12787 .elementor-element.elementor-element-c8535db.ha-testimonial--right .ha-testimonial__reviewer-meta{-webkit-flex:0 0 calc(100% - 100px);-ms-flex:0 0 calc(100% - 100px);flex:0 0 calc(100% - 100px);max-width:calc(100% - 100px);}.elementor-12787 .elementor-element.elementor-element-c8535db.ha-testimonial--left .ha-testimonial__content:after{left:calc((100px \/ 2) - 18px);}.elementor-12787 .elementor-element.elementor-element-c8535db.ha-testimonial--right .ha-testimonial__content:after{right:calc((100px \/ 2) - 18px);}.elementor-12787 .elementor-element.elementor-element-c8535db .ha-testimonial__reviewer-name{color:var( --e-global-color-b566d01 );font-family:\"Montserrat\", Sans-serif;font-weight:700;}.elementor-12787 .elementor-element.elementor-element-c8535db .ha-testimonial__reviewer-title{color:var( --e-global-color-accent );}.elementor-12787 .elementor-element.elementor-element-c8535db > .elementor-widget-container{margin:-3% 0% 0% 0%;border-style:none;}@media(max-width:767px){.elementor-12787 .elementor-element.elementor-element-c8535db .ha-testimonial__content{font-size:14px;}}<\/style>\t\t<div data-elementor-type=\"section\" data-elementor-id=\"12787\" class=\"elementor elementor-12787 elementor-12769 elementor-12769\" data-elementor-settings=\"{&quot;ha_cmc_init_switcher&quot;:&quot;no&quot;}\" data-elementor-post-type=\"elementor_library\">\n\t\t\t<div class=\"elementor-element elementor-element-4a99968 e-con-full e-flex e-con e-parent\" data-id=\"4a99968\" data-element_type=\"container\" data-e-type=\"container\" data-settings=\"{&quot;_ha_eqh_enable&quot;:false}\">\n\t\t\t\t<div class=\"elementor-element elementor-element-cb9ce44 elementor-widget elementor-widget-text-editor\" data-id=\"cb9ce44\" data-element_type=\"widget\" data-e-type=\"widget\" data-widget_type=\"text-editor.default\">\n\t\t\t\t<div class=\"elementor-widget-container\">\n\t\t\t\t\t\t\t\t\t<p>Cada edici\u00f3n de Expodefensa ofrece la oportunidad de mirar hacia el futuro con una visi\u00f3n renovada del papel que desempe\u00f1an la innovaci\u00f3n, la cooperaci\u00f3n y la tecnolog\u00eda en la construcci\u00f3n de sociedades m\u00e1s seguras. En un entorno global en constante transformaci\u00f3n -donde los retos de seguridad y defensa exigen respuestas conjuntas-, esta exposici\u00f3n se ha consolidado como un foro estrat\u00e9gico para el di\u00e1logo, el intercambio de conocimientos y la proyecci\u00f3n del talento y las capacidades tecnol\u00f3gicas de Iberoam\u00e9rica. <\/p><p>Desde su creaci\u00f3n, Expodefensa ha trascendido el concepto de feria comercial para convertirse en una plataforma de cooperaci\u00f3n internacional, donde gobierno, industria y academia convergen con un prop\u00f3sito compartido: fortalecer las capacidades de respuesta a los retos de seguridad y promover el desarrollo tecnol\u00f3gico con un enfoque centrado en el ser humano. En este espacio, la innovaci\u00f3n ya no es un fin en s\u00ed misma, sino un medio para proteger vidas, impulsar la sostenibilidad y generar progreso para las comunidades. <\/p><p>En esta edici\u00f3n de 2025, m\u00e1s de 230 expositores de m\u00e1s de 25 pa\u00edses -incluidos pabellones internacionales de Brasil, Emiratos \u00c1rabes Unidos, Estados Unidos, Francia, Rep\u00fablica Checa, Eslovaquia, Argentina y Reino Unido- se reunir\u00e1n en Corferias para mostrar nuevas tecnolog\u00edas, equipos y soluciones destinados a mejorar la seguridad, la protecci\u00f3n de la comunidad y la respuesta ante emergencias. A lo largo de tres d\u00edas, cerca de 10.000 visitantes tendr\u00e1n la oportunidad de asistir a demostraciones en directo, participar en conferencias dirigidas por expertos y explorar proyectos que integran la tecnolog\u00eda con la cooperaci\u00f3n internacional. <\/p><p>La edici\u00f3n de 2025 reafirma la alianza s\u00f3lida y con visi\u00f3n de futuro entre COGES Events y Corferias, as\u00ed como el apoyo esencial del Gobierno Nacional, el Ministerio de Defensa y CODALTEC, cuyo liderazgo permite que Expodefensa siga fortaleciendo su posici\u00f3n como referente mundial. Gracias a este esfuerzo colectivo, Bogot\u00e1 volver\u00e1 a ser el punto de encuentro de capacidades industriales, tecnol\u00f3gicas y operativas de los cinco continentes, y un espacio para el intercambio de conocimientos y el fortalecimiento de alianzas regionales. <\/p><p>En Corferias creemos firmemente en el poder transformador de las ferias: espacios que impulsan la competitividad, la internacionalizaci\u00f3n y el crecimiento sostenible de los sectores productivos. Expodefensa encarna esta misi\u00f3n. Es un encuentro donde la tecnolog\u00eda se une al conocimiento, la innovaci\u00f3n se convierte en cooperaci\u00f3n y la seguridad se entiende como un compromiso colectivo por el bienestar.  <\/p><p>Invito a todos los participantes, socios y visitantes a desempe\u00f1ar un papel activo en esta conversaci\u00f3n global sobre los retos y oportunidades que configurar\u00e1n el futuro de la defensa y la seguridad en nuestra regi\u00f3n.<\/p><p>Bienvenido a Expodefensa 2025, una exposici\u00f3n para quienes creen en la innovaci\u00f3n con prop\u00f3sito, en la defensa de la vida y en la cooperaci\u00f3n como camino hacia un futuro m\u00e1s seguro y resistente para todos.<\/p>\t\t\t\t\t\t\t\t<\/div>\n\t\t\t\t<\/div>\n\t\t\t\t<div class=\"elementor-element elementor-element-c8535db ha-testimonial--left ha-testimonial--basic elementor-widget elementor-widget-ha-testimonial happy-addon ha-testimonial\" data-id=\"c8535db\" data-element_type=\"widget\" data-e-type=\"widget\" data-widget_type=\"ha-testimonial.default\">\n\t\t\t\t<div class=\"elementor-widget-container\">\n\t\t\t\t\t\n\t\t<div class=\"ha-testimonial__content\">\n\t\t\t\t\t<\/div>\n\t\t<div class=\"ha-testimonial__reviewer\">\n\t\t\t\t\t\t\t<div class=\"ha-testimonial__reviewer-thumb\">\n\t\t\t\t\t<img loading=\"lazy\" decoding=\"async\" width=\"300\" height=\"300\" src=\"https:\/\/www.expodefensa.com.co\/wp-content\/uploads\/2025\/11\/dr-lopez.jpg\" class=\"attachment-full size-full wp-image-12818\" alt=\"dr-lopez\" srcset=\"https:\/\/www.expodefensa.com.co\/wp-content\/uploads\/2025\/11\/dr-lopez.jpg 300w, https:\/\/www.expodefensa.com.co\/wp-content\/uploads\/2025\/11\/dr-lopez-150x150.jpg 150w\" sizes=\"(max-width: 300px) 100vw, 300px\" \/>\t\t\t\t<\/div>\n\t\t\t\n\t\t\t<div class=\"ha-testimonial__reviewer-meta\">\n\t\t\t\t<div class=\"ha-testimonial__reviewer-name\">Andr\u00e9s L\u00f3pez Valderrama<\/div>\n\t\t\t\t<div class=\"ha-testimonial__reviewer-title\">Presidente Ejecutivo de Corferias<\/div>\n\t\t\t<\/div>\n\t\t<\/div>\n\t\t\t\t\t\t<\/div>\n\t\t\t\t<\/div>\n\t\t\t\t<\/div>\n\t\t\t\t<\/div>\n\t\t                    <\/div>\n\t\t                    <\/div>\n        <\/div>\n\t\t\t\t<\/div>\n\t\t\t\t<\/div>\n\t\t\t\t\t<\/div>\n\t\t\t\t<\/div>\n\t\t\t\t<section class=\"elementor-section elementor-top-section elementor-element elementor-element-b5a321c elementor-section-boxed elementor-section-height-default elementor-section-height-default\" data-id=\"b5a321c\" data-element_type=\"section\" data-e-type=\"section\" data-settings=\"{&quot;_ha_eqh_enable&quot;:false}\">\n\t\t\t\t\t\t<div class=\"elementor-container elementor-column-gap-wider\">\n\t\t\t\t\t<div class=\"elementor-column elementor-col-25 elementor-top-column elementor-element elementor-element-6d64b1e\" data-id=\"6d64b1e\" data-element_type=\"column\" data-e-type=\"column\">\n\t\t\t<div class=\"elementor-widget-wrap elementor-element-populated\">\n\t\t\t\t\t\t<div class=\"elementor-element elementor-element-aa7d885 elementor-position-top elementor-widget elementor-widget-image-box\" data-id=\"aa7d885\" data-element_type=\"widget\" data-e-type=\"widget\" data-widget_type=\"image-box.default\">\n\t\t\t\t<div class=\"elementor-widget-container\">\n\t\t\t\t\t<div class=\"elementor-image-box-wrapper\"><figure class=\"elementor-image-box-img\"><img loading=\"lazy\" decoding=\"async\" width=\"900\" height=\"599\" src=\"https:\/\/www.expodefensa.com.co\/wp-content\/uploads\/2025\/04\/defensa26.jpg\" class=\"attachment-full size-full wp-image-11911\" alt=\"defensa26defdefensa26ensa26\" srcset=\"https:\/\/www.expodefensa.com.co\/wp-content\/uploads\/2025\/04\/defensa26.jpg 900w, https:\/\/www.expodefensa.com.co\/wp-content\/uploads\/2025\/04\/defensa26-300x200.jpg 300w, https:\/\/www.expodefensa.com.co\/wp-content\/uploads\/2025\/04\/defensa26-768x511.jpg 768w\" sizes=\"(max-width: 900px) 100vw, 900px\" \/><\/figure><div class=\"elementor-image-box-content\"><h3 class=\"elementor-image-box-title\">El Ministerio de la Defensa nacional de la Rep\u00fablica de Colombia<\/h3><\/div><\/div>\t\t\t\t<\/div>\n\t\t\t\t<\/div>\n\t\t\t\t\t<\/div>\n\t\t<\/div>\n\t\t\t\t<div class=\"elementor-column elementor-col-25 elementor-top-column elementor-element elementor-element-17df671\" data-id=\"17df671\" data-element_type=\"column\" data-e-type=\"column\">\n\t\t\t<div class=\"elementor-widget-wrap elementor-element-populated\">\n\t\t\t\t\t\t<div class=\"elementor-element elementor-element-8fbe601 elementor-position-top elementor-widget elementor-widget-image-box\" data-id=\"8fbe601\" data-element_type=\"widget\" data-e-type=\"widget\" data-widget_type=\"image-box.default\">\n\t\t\t\t<div class=\"elementor-widget-container\">\n\t\t\t\t\t<div class=\"elementor-image-box-wrapper\"><figure class=\"elementor-image-box-img\"><img loading=\"lazy\" decoding=\"async\" width=\"900\" height=\"900\" src=\"https:\/\/www.expodefensa.com.co\/wp-content\/uploads\/2023\/02\/codaltec.jpg\" class=\"attachment-full size-full wp-image-8073\" alt=\"codaltec\" srcset=\"https:\/\/www.expodefensa.com.co\/wp-content\/uploads\/2023\/02\/codaltec.jpg 900w, https:\/\/www.expodefensa.com.co\/wp-content\/uploads\/2023\/02\/codaltec-300x300.jpg 300w, https:\/\/www.expodefensa.com.co\/wp-content\/uploads\/2023\/02\/codaltec-150x150.jpg 150w, https:\/\/www.expodefensa.com.co\/wp-content\/uploads\/2023\/02\/codaltec-768x768.jpg 768w\" sizes=\"(max-width: 900px) 100vw, 900px\" \/><\/figure><div class=\"elementor-image-box-content\"><h3 class=\"elementor-image-box-title\">La Coporaci\u00f3n de Alta Tecnolog\u00eda<\/h3><\/div><\/div>\t\t\t\t<\/div>\n\t\t\t\t<\/div>\n\t\t\t\t\t<\/div>\n\t\t<\/div>\n\t\t\t\t<div class=\"elementor-column elementor-col-25 elementor-top-column elementor-element elementor-element-aa632f6\" data-id=\"aa632f6\" data-element_type=\"column\" data-e-type=\"column\">\n\t\t\t<div class=\"elementor-widget-wrap elementor-element-populated\">\n\t\t\t\t\t\t<div class=\"elementor-element elementor-element-54627cd elementor-position-top elementor-widget elementor-widget-image-box\" data-id=\"54627cd\" data-element_type=\"widget\" data-e-type=\"widget\" data-widget_type=\"image-box.default\">\n\t\t\t\t<div class=\"elementor-widget-container\">\n\t\t\t\t\t<div class=\"elementor-image-box-wrapper\"><figure class=\"elementor-image-box-img\"><img loading=\"lazy\" decoding=\"async\" width=\"300\" height=\"150\" src=\"https:\/\/www.expodefensa.com.co\/wp-content\/uploads\/2023\/02\/COGES-logo.jpg\" class=\"attachment-full size-full wp-image-8075\" alt=\"COGES-logo\" \/><\/figure><div class=\"elementor-image-box-content\"><h3 class=\"elementor-image-box-title\">Organizador de exposiciones internacionales de Defensa y Seguridad como Eurosatory<\/h3><\/div><\/div>\t\t\t\t<\/div>\n\t\t\t\t<\/div>\n\t\t\t\t\t<\/div>\n\t\t<\/div>\n\t\t\t\t<div class=\"elementor-column elementor-col-25 elementor-top-column elementor-element elementor-element-fa88462\" data-id=\"fa88462\" data-element_type=\"column\" data-e-type=\"column\">\n\t\t\t<div class=\"elementor-widget-wrap elementor-element-populated\">\n\t\t\t\t\t\t<div class=\"elementor-element elementor-element-7b93eeb elementor-position-top elementor-widget elementor-widget-image-box\" data-id=\"7b93eeb\" data-element_type=\"widget\" data-e-type=\"widget\" data-widget_type=\"image-box.default\">\n\t\t\t\t<div class=\"elementor-widget-container\">\n\t\t\t\t\t<div class=\"elementor-image-box-wrapper\"><figure class=\"elementor-image-box-img\"><img loading=\"lazy\" decoding=\"async\" width=\"2428\" height=\"1249\" src=\"https:\/\/www.expodefensa.com.co\/wp-content\/uploads\/2023\/02\/Logo_de_Corferias.svg\" class=\"attachment-full size-full wp-image-8071\" alt=\"Logo_de_Corferias\" \/><\/figure><div class=\"elementor-image-box-content\"><h3 class=\"elementor-image-box-title\">El centro de convenciones de negocios internacional de Bogot\u00e1<\/h3><\/div><\/div>\t\t\t\t<\/div>\n\t\t\t\t<\/div>\n\t\t\t\t\t<\/div>\n\t\t<\/div>\n\t\t\t\t\t<\/div>\n\t\t<\/section>\n\t\t\t\t<\/div>\n\t\t","protected":false},"excerpt":{"rendered":"<p>Mensaje de Bienvenida Ministerio de defensa nacional codaltec Coges events Corferias Strengthening the Defense Industry is Strengthening Colombia After 15 years of success, Expodefensa reaches its tenth edition in 2025. This edition aims to be the most ambitious and productive yet, targeting over 10,000 professional visitors and attracting at least 220 exhibitors. At this historic [&hellip;]<\/p>\n","protected":false},"author":1,"featured_media":0,"parent":6500,"menu_order":0,"comment_status":"closed","ping_status":"closed","template":"","meta":{"_acf_changed":false,"footnotes":""},"class_list":["post-12754","page","type-page","status-publish","hentry"],"acf":[],"yoast_head":"<!-- This site is optimized with the Yoast SEO plugin v27.4 - https:\/\/yoast.com\/product\/yoast-seo-wordpress\/ -->\n<title>Expodefensa 2025 - Mensaje de Bienvenida<\/title>\n<meta name=\"description\" content=\"Encuentre soluciones de seguridad y defensa a la medida de sus necesidades en Expodefensa 2023, la mayor feria de Am\u00e9rica Latina. Conozca las \u00faltimas tecnolog\u00edas, equipos y soluciones presentados por fabricantes internacionales y refuerce sus redes de negocios. Solicite ahora su invitaci\u00f3n.\" \/>\n<meta name=\"robots\" content=\"index, follow, max-snippet:-1, max-image-preview:large, max-video-preview:-1\" \/>\n<link rel=\"canonical\" href=\"https:\/\/www.expodefensa.com.co\/es\/la-feria\/mensaje-de-bienvenida\/\" \/>\n<meta property=\"og:locale\" content=\"es_ES\" \/>\n<meta property=\"og:type\" content=\"article\" \/>\n<meta property=\"og:title\" content=\"Expodefensa 2025 - Mensaje de Bienvenida\" \/>\n<meta property=\"og:description\" content=\"Encuentre soluciones de seguridad y defensa a la medida de sus necesidades en Expodefensa 2023, la mayor feria de Am\u00e9rica Latina. Conozca las \u00faltimas tecnolog\u00edas, equipos y soluciones presentados por fabricantes internacionales y refuerce sus redes de negocios. Solicite ahora su invitaci\u00f3n.\" \/>\n<meta property=\"og:url\" content=\"https:\/\/www.expodefensa.com.co\/es\/la-feria\/mensaje-de-bienvenida\/\" \/>\n<meta property=\"og:site_name\" content=\"Expodefensa 2025\" \/>\n<meta property=\"article:modified_time\" content=\"2025-11-29T10:53:13+00:00\" \/>\n<meta property=\"og:image\" content=\"https:\/\/www.expodefensa.com.co\/wp-content\/uploads\/2025\/11\/Arnulfo.jpg\" \/>\n\t<meta property=\"og:image:width\" content=\"300\" \/>\n\t<meta property=\"og:image:height\" content=\"300\" \/>\n\t<meta property=\"og:image:type\" content=\"image\/jpeg\" \/>\n<meta name=\"twitter:card\" content=\"summary_large_image\" \/>\n<meta name=\"twitter:label1\" content=\"Tiempo de lectura\" \/>\n\t<meta name=\"twitter:data1\" content=\"7 minutos\" \/>\n<script type=\"application\/ld+json\" class=\"yoast-schema-graph\">{\"@context\":\"https:\\\/\\\/schema.org\",\"@graph\":[{\"@type\":\"WebPage\",\"@id\":\"https:\\\/\\\/www.expodefensa.com.co\\\/es\\\/la-feria\\\/mensaje-de-bienvenida\\\/\",\"url\":\"https:\\\/\\\/www.expodefensa.com.co\\\/es\\\/la-feria\\\/mensaje-de-bienvenida\\\/\",\"name\":\"Expodefensa 2025 - Mensaje de Bienvenida\",\"isPartOf\":{\"@id\":\"https:\\\/\\\/2023.expodefensa.fr\\\/#website\"},\"primaryImageOfPage\":{\"@id\":\"https:\\\/\\\/www.expodefensa.com.co\\\/es\\\/la-feria\\\/mensaje-de-bienvenida\\\/#primaryimage\"},\"image\":{\"@id\":\"https:\\\/\\\/www.expodefensa.com.co\\\/es\\\/la-feria\\\/mensaje-de-bienvenida\\\/#primaryimage\"},\"thumbnailUrl\":\"https:\\\/\\\/www.expodefensa.com.co\\\/wp-content\\\/uploads\\\/2025\\\/11\\\/Arnulfo.jpg\",\"datePublished\":\"2025-11-25T19:05:51+00:00\",\"dateModified\":\"2025-11-29T10:53:13+00:00\",\"description\":\"Encuentre soluciones de seguridad y defensa a la medida de sus necesidades en Expodefensa 2023, la mayor feria de Am\u00e9rica Latina. Conozca las \u00faltimas tecnolog\u00edas, equipos y soluciones presentados por fabricantes internacionales y refuerce sus redes de negocios. Solicite ahora su invitaci\u00f3n.\",\"breadcrumb\":{\"@id\":\"https:\\\/\\\/www.expodefensa.com.co\\\/es\\\/la-feria\\\/mensaje-de-bienvenida\\\/#breadcrumb\"},\"inLanguage\":\"es\",\"potentialAction\":[{\"@type\":\"ReadAction\",\"target\":[\"https:\\\/\\\/www.expodefensa.com.co\\\/es\\\/la-feria\\\/mensaje-de-bienvenida\\\/\"]}]},{\"@type\":\"ImageObject\",\"inLanguage\":\"es\",\"@id\":\"https:\\\/\\\/www.expodefensa.com.co\\\/es\\\/la-feria\\\/mensaje-de-bienvenida\\\/#primaryimage\",\"url\":\"https:\\\/\\\/www.expodefensa.com.co\\\/wp-content\\\/uploads\\\/2025\\\/11\\\/Arnulfo.jpg\",\"contentUrl\":\"https:\\\/\\\/www.expodefensa.com.co\\\/wp-content\\\/uploads\\\/2025\\\/11\\\/Arnulfo.jpg\"},{\"@type\":\"BreadcrumbList\",\"@id\":\"https:\\\/\\\/www.expodefensa.com.co\\\/es\\\/la-feria\\\/mensaje-de-bienvenida\\\/#breadcrumb\",\"itemListElement\":[{\"@type\":\"ListItem\",\"position\":1,\"name\":\"Home\",\"item\":\"https:\\\/\\\/www.expodefensa.com.co\\\/es\\\/home\\\/\"},{\"@type\":\"ListItem\",\"position\":2,\"name\":\"Expodefensa\",\"item\":\"https:\\\/\\\/www.expodefensa.com.co\\\/es\\\/la-feria\\\/\"},{\"@type\":\"ListItem\",\"position\":3,\"name\":\"Mensaje de Bienvenida\"}]},{\"@type\":\"WebSite\",\"@id\":\"https:\\\/\\\/2023.expodefensa.fr\\\/#website\",\"url\":\"https:\\\/\\\/2023.expodefensa.fr\\\/\",\"name\":\"Expodefensa 2025\",\"description\":\"International Defense and Security Trade Fair\",\"publisher\":{\"@id\":\"https:\\\/\\\/2023.expodefensa.fr\\\/#organization\"},\"alternateName\":\"Expodefensa 2023\",\"potentialAction\":[{\"@type\":\"SearchAction\",\"target\":{\"@type\":\"EntryPoint\",\"urlTemplate\":\"https:\\\/\\\/2023.expodefensa.fr\\\/?s={search_term_string}\"},\"query-input\":{\"@type\":\"PropertyValueSpecification\",\"valueRequired\":true,\"valueName\":\"search_term_string\"}}],\"inLanguage\":\"es\"},{\"@type\":\"Organization\",\"@id\":\"https:\\\/\\\/2023.expodefensa.fr\\\/#organization\",\"name\":\"Expodefensa 2025\",\"alternateName\":\"Expodefensa 2023\",\"url\":\"https:\\\/\\\/2023.expodefensa.fr\\\/\",\"logo\":{\"@type\":\"ImageObject\",\"inLanguage\":\"es\",\"@id\":\"https:\\\/\\\/2023.expodefensa.fr\\\/#\\\/schema\\\/logo\\\/image\\\/\",\"url\":\"https:\\\/\\\/www.expodefensa.com.co\\\/wp-content\\\/uploads\\\/2023\\\/01\\\/logo_expodefensa-social.jpg\",\"contentUrl\":\"https:\\\/\\\/www.expodefensa.com.co\\\/wp-content\\\/uploads\\\/2023\\\/01\\\/logo_expodefensa-social.jpg\",\"width\":432,\"height\":200,\"caption\":\"Expodefensa 2025\"},\"image\":{\"@id\":\"https:\\\/\\\/2023.expodefensa.fr\\\/#\\\/schema\\\/logo\\\/image\\\/\"},\"sameAs\":[\"https:\\\/\\\/www.linkedin.com\\\/company\\\/expodefensa\\\/\"]}]}<\/script>\n<!-- \/ Yoast SEO plugin. -->","yoast_head_json":{"title":"Expodefensa 2025 - Mensaje de Bienvenida","description":"Encuentre soluciones de seguridad y defensa a la medida de sus necesidades en Expodefensa 2023, la mayor feria de Am\u00e9rica Latina. Conozca las \u00faltimas tecnolog\u00edas, equipos y soluciones presentados por fabricantes internacionales y refuerce sus redes de negocios. Solicite ahora su invitaci\u00f3n.","robots":{"index":"index","follow":"follow","max-snippet":"max-snippet:-1","max-image-preview":"max-image-preview:large","max-video-preview":"max-video-preview:-1"},"canonical":"https:\/\/www.expodefensa.com.co\/es\/la-feria\/mensaje-de-bienvenida\/","og_locale":"es_ES","og_type":"article","og_title":"Expodefensa 2025 - Mensaje de Bienvenida","og_description":"Encuentre soluciones de seguridad y defensa a la medida de sus necesidades en Expodefensa 2023, la mayor feria de Am\u00e9rica Latina. Conozca las \u00faltimas tecnolog\u00edas, equipos y soluciones presentados por fabricantes internacionales y refuerce sus redes de negocios. Solicite ahora su invitaci\u00f3n.","og_url":"https:\/\/www.expodefensa.com.co\/es\/la-feria\/mensaje-de-bienvenida\/","og_site_name":"Expodefensa 2025","article_modified_time":"2025-11-29T10:53:13+00:00","og_image":[{"width":300,"height":300,"url":"https:\/\/www.expodefensa.com.co\/wp-content\/uploads\/2025\/11\/Arnulfo.jpg","type":"image\/jpeg"}],"twitter_card":"summary_large_image","twitter_misc":{"Tiempo de lectura":"7 minutos"},"schema":{"@context":"https:\/\/schema.org","@graph":[{"@type":"WebPage","@id":"https:\/\/www.expodefensa.com.co\/es\/la-feria\/mensaje-de-bienvenida\/","url":"https:\/\/www.expodefensa.com.co\/es\/la-feria\/mensaje-de-bienvenida\/","name":"Expodefensa 2025 - Mensaje de Bienvenida","isPartOf":{"@id":"https:\/\/2023.expodefensa.fr\/#website"},"primaryImageOfPage":{"@id":"https:\/\/www.expodefensa.com.co\/es\/la-feria\/mensaje-de-bienvenida\/#primaryimage"},"image":{"@id":"https:\/\/www.expodefensa.com.co\/es\/la-feria\/mensaje-de-bienvenida\/#primaryimage"},"thumbnailUrl":"https:\/\/www.expodefensa.com.co\/wp-content\/uploads\/2025\/11\/Arnulfo.jpg","datePublished":"2025-11-25T19:05:51+00:00","dateModified":"2025-11-29T10:53:13+00:00","description":"Encuentre soluciones de seguridad y defensa a la medida de sus necesidades en Expodefensa 2023, la mayor feria de Am\u00e9rica Latina. Conozca las \u00faltimas tecnolog\u00edas, equipos y soluciones presentados por fabricantes internacionales y refuerce sus redes de negocios. Solicite ahora su invitaci\u00f3n.","breadcrumb":{"@id":"https:\/\/www.expodefensa.com.co\/es\/la-feria\/mensaje-de-bienvenida\/#breadcrumb"},"inLanguage":"es","potentialAction":[{"@type":"ReadAction","target":["https:\/\/www.expodefensa.com.co\/es\/la-feria\/mensaje-de-bienvenida\/"]}]},{"@type":"ImageObject","inLanguage":"es","@id":"https:\/\/www.expodefensa.com.co\/es\/la-feria\/mensaje-de-bienvenida\/#primaryimage","url":"https:\/\/www.expodefensa.com.co\/wp-content\/uploads\/2025\/11\/Arnulfo.jpg","contentUrl":"https:\/\/www.expodefensa.com.co\/wp-content\/uploads\/2025\/11\/Arnulfo.jpg"},{"@type":"BreadcrumbList","@id":"https:\/\/www.expodefensa.com.co\/es\/la-feria\/mensaje-de-bienvenida\/#breadcrumb","itemListElement":[{"@type":"ListItem","position":1,"name":"Home","item":"https:\/\/www.expodefensa.com.co\/es\/home\/"},{"@type":"ListItem","position":2,"name":"Expodefensa","item":"https:\/\/www.expodefensa.com.co\/es\/la-feria\/"},{"@type":"ListItem","position":3,"name":"Mensaje de Bienvenida"}]},{"@type":"WebSite","@id":"https:\/\/2023.expodefensa.fr\/#website","url":"https:\/\/2023.expodefensa.fr\/","name":"Expodefensa 2025","description":"International Defense and Security Trade Fair","publisher":{"@id":"https:\/\/2023.expodefensa.fr\/#organization"},"alternateName":"Expodefensa 2023","potentialAction":[{"@type":"SearchAction","target":{"@type":"EntryPoint","urlTemplate":"https:\/\/2023.expodefensa.fr\/?s={search_term_string}"},"query-input":{"@type":"PropertyValueSpecification","valueRequired":true,"valueName":"search_term_string"}}],"inLanguage":"es"},{"@type":"Organization","@id":"https:\/\/2023.expodefensa.fr\/#organization","name":"Expodefensa 2025","alternateName":"Expodefensa 2023","url":"https:\/\/2023.expodefensa.fr\/","logo":{"@type":"ImageObject","inLanguage":"es","@id":"https:\/\/2023.expodefensa.fr\/#\/schema\/logo\/image\/","url":"https:\/\/www.expodefensa.com.co\/wp-content\/uploads\/2023\/01\/logo_expodefensa-social.jpg","contentUrl":"https:\/\/www.expodefensa.com.co\/wp-content\/uploads\/2023\/01\/logo_expodefensa-social.jpg","width":432,"height":200,"caption":"Expodefensa 2025"},"image":{"@id":"https:\/\/2023.expodefensa.fr\/#\/schema\/logo\/image\/"},"sameAs":["https:\/\/www.linkedin.com\/company\/expodefensa\/"]}]}},"_links":{"self":[{"href":"https:\/\/www.expodefensa.com.co\/es\/wp-json\/wp\/v2\/pages\/12754","targetHints":{"allow":["GET"]}}],"collection":[{"href":"https:\/\/www.expodefensa.com.co\/es\/wp-json\/wp\/v2\/pages"}],"about":[{"href":"https:\/\/www.expodefensa.com.co\/es\/wp-json\/wp\/v2\/types\/page"}],"author":[{"embeddable":true,"href":"https:\/\/www.expodefensa.com.co\/es\/wp-json\/wp\/v2\/users\/1"}],"replies":[{"embeddable":true,"href":"https:\/\/www.expodefensa.com.co\/es\/wp-json\/wp\/v2\/comments?post=12754"}],"version-history":[{"count":7,"href":"https:\/\/www.expodefensa.com.co\/es\/wp-json\/wp\/v2\/pages\/12754\/revisions"}],"predecessor-version":[{"id":12846,"href":"https:\/\/www.expodefensa.com.co\/es\/wp-json\/wp\/v2\/pages\/12754\/revisions\/12846"}],"up":[{"embeddable":true,"href":"https:\/\/www.expodefensa.com.co\/es\/wp-json\/wp\/v2\/pages\/6500"}],"wp:attachment":[{"href":"https:\/\/www.expodefensa.com.co\/es\/wp-json\/wp\/v2\/media?parent=12754"}],"curies":[{"name":"wp","href":"https:\/\/api.w.org\/{rel}","templated":true}]}}