    
{"id":11522,"date":"2025-01-31T15:52:46","date_gmt":"2025-01-31T14:52:46","guid":{"rendered":"https:\/\/www.expodefensa.com.co\/delegacion-oficial2025\/"},"modified":"2025-11-14T14:13:40","modified_gmt":"2025-11-14T13:13:40","slug":"delegacion-oficial2025","status":"publish","type":"page","link":"https:\/\/www.expodefensa.com.co\/es\/delegacion-oficial2025\/","title":{"rendered":"Delegaci\u00f3n oficial"},"content":{"rendered":"\t\t<div data-elementor-type=\"wp-page\" data-elementor-id=\"11522\" class=\"elementor elementor-11522 elementor-11490\" data-elementor-settings=\"{&quot;ha_cmc_init_switcher&quot;:&quot;no&quot;}\" data-elementor-post-type=\"page\">\n\t\t\t\t<div class=\"elementor-element elementor-element-fe36ee7 e-con-full e-flex e-con e-parent\" data-id=\"fe36ee7\" data-element_type=\"container\" data-e-type=\"container\" data-settings=\"{&quot;background_background&quot;:&quot;classic&quot;,&quot;_ha_eqh_enable&quot;:false}\">\n\t\t<div class=\"elementor-element elementor-element-2ab1f47 e-flex e-con-boxed e-con e-child\" data-id=\"2ab1f47\" data-element_type=\"container\" data-e-type=\"container\" data-settings=\"{&quot;_ha_eqh_enable&quot;:false}\">\n\t\t\t\t\t<div class=\"e-con-inner\">\n\t\t<div class=\"elementor-element elementor-element-b502c9a e-con-full e-flex e-con e-child\" data-id=\"b502c9a\" data-element_type=\"container\" data-e-type=\"container\" data-settings=\"{&quot;_ha_eqh_enable&quot;:false}\">\n\t\t\t\t<div class=\"elementor-element elementor-element-630840f elementor-widget elementor-widget-breadcrumbs\" data-id=\"630840f\" data-element_type=\"widget\" data-e-type=\"widget\" data-widget_type=\"breadcrumbs.default\">\n\t\t\t\t<div class=\"elementor-widget-container\">\n\t\t\t\t\t<p id=\"breadcrumbs\"><span><span><a href=\"https:\/\/www.expodefensa.com.co\/es\/home\/\">Home<\/a><\/span><\/span><\/p>\t\t\t\t<\/div>\n\t\t\t\t<\/div>\n\t\t\t\t<div class=\"elementor-element elementor-element-78d73c0 elementor-widget__width-initial elementor-widget elementor-widget-heading\" data-id=\"78d73c0\" data-element_type=\"widget\" data-e-type=\"widget\" data-widget_type=\"heading.default\">\n\t\t\t\t<div class=\"elementor-widget-container\">\n\t\t\t\t\t<h1 class=\"elementor-heading-title elementor-size-default\">S\u00famase a Expodefensa 2025 <\/h1>\t\t\t\t<\/div>\n\t\t\t\t<\/div>\n\t\t\t\t<div class=\"elementor-element elementor-element-2e30dae elementor-widget elementor-widget-heading\" data-id=\"2e30dae\" data-element_type=\"widget\" data-e-type=\"widget\" data-widget_type=\"heading.default\">\n\t\t\t\t<div class=\"elementor-widget-container\">\n\t\t\t\t\t<h1 class=\"elementor-heading-title elementor-size-default\">como delegaci\u00f3n oficial<\/h1>\t\t\t\t<\/div>\n\t\t\t\t<\/div>\n\t\t\t\t<div class=\"elementor-element elementor-element-71afd66 elementor-hidden-desktop elementor-hidden-tablet elementor-hidden-mobile elementor-widget elementor-widget-button\" data-id=\"71afd66\" data-element_type=\"widget\" data-e-type=\"widget\" data-widget_type=\"button.default\">\n\t\t\t\t<div class=\"elementor-widget-container\">\n\t\t\t\t\t\t\t\t\t<div class=\"elementor-button-wrapper\">\n\t\t\t\t\t<a class=\"elementor-button elementor-button-link elementor-size-sm\" href=\"#\">\n\t\t\t\t\t\t<span class=\"elementor-button-content-wrapper\">\n\t\t\t\t\t\t<span class=\"elementor-button-icon\">\n\t\t\t\t<i aria-hidden=\"true\" class=\"fas fa-pen\"><\/i>\t\t\t<\/span>\n\t\t\t\t\t\t\t\t\t<span class=\"elementor-button-text\">Quiero exponer<\/span>\n\t\t\t\t\t<\/span>\n\t\t\t\t\t<\/a>\n\t\t\t\t<\/div>\n\t\t\t\t\t\t\t\t<\/div>\n\t\t\t\t<\/div>\n\t\t\t\t<div class=\"elementor-element elementor-element-6d5cea9 elementor-hidden-desktop elementor-hidden-tablet elementor-hidden-mobile elementor-widget elementor-widget-button\" data-id=\"6d5cea9\" data-element_type=\"widget\" data-e-type=\"widget\" data-widget_type=\"button.default\">\n\t\t\t\t<div class=\"elementor-widget-container\">\n\t\t\t\t\t\t\t\t\t<div class=\"elementor-button-wrapper\">\n\t\t\t\t\t<a class=\"elementor-button elementor-button-link elementor-size-sm\" href=\"#\">\n\t\t\t\t\t\t<span class=\"elementor-button-content-wrapper\">\n\t\t\t\t\t\t<span class=\"elementor-button-icon\">\n\t\t\t\t<i aria-hidden=\"true\" class=\"fas fa-book-open\"><\/i>\t\t\t<\/span>\n\t\t\t\t\t\t\t\t\t<span class=\"elementor-button-text\">Solicitar folleto comercial <\/span>\n\t\t\t\t\t<\/span>\n\t\t\t\t\t<\/a>\n\t\t\t\t<\/div>\n\t\t\t\t\t\t\t\t<\/div>\n\t\t\t\t<\/div>\n\t\t\t\t<\/div>\n\t\t<div class=\"elementor-element elementor-element-d72b3c8 e-con-full e-flex e-con e-child\" data-id=\"d72b3c8\" data-element_type=\"container\" data-e-type=\"container\" data-settings=\"{&quot;_ha_eqh_enable&quot;:false}\">\n\t\t\t\t<\/div>\n\t\t\t\t\t<\/div>\n\t\t\t\t<\/div>\n\t\t\t\t<\/div>\n\t\t<div class=\"elementor-element elementor-element-3aee431 e-flex e-con-boxed e-con e-parent\" data-id=\"3aee431\" data-element_type=\"container\" data-e-type=\"container\" data-settings=\"{&quot;_ha_eqh_enable&quot;:false}\">\n\t\t\t\t\t<div class=\"e-con-inner\">\n\t\t\t\t<div class=\"elementor-element elementor-element-9e1434b elementor-widget elementor-widget-text-editor\" data-id=\"9e1434b\" data-element_type=\"widget\" data-e-type=\"widget\" data-widget_type=\"text-editor.default\">\n\t\t\t\t<div class=\"elementor-widget-container\">\n\t\t\t\t\t\t\t\t\t<p>Tanto si pertenece a las fuerzas armadas como a las fuerzas de seguridad civil o a organismos gubernamentales, Expodefensa 2025 lo invita, en calidad de autoridad de alto nivel, a explorar las tecnolog\u00edas de vanguardia y a establecer asociaciones estrat\u00e9gicas para reforzar su seguridad y defensa nacionales.<\/p>\t\t\t\t\t\t\t\t<\/div>\n\t\t\t\t<\/div>\n\t\t\t\t\t<\/div>\n\t\t\t\t<\/div>\n\t\t<div class=\"elementor-element elementor-element-29ee676 e-flex e-con-boxed e-con e-parent\" data-id=\"29ee676\" data-element_type=\"container\" data-e-type=\"container\" data-settings=\"{&quot;_ha_eqh_enable&quot;:false}\">\n\t\t\t\t\t<div class=\"e-con-inner\">\n\t\t<div class=\"elementor-element elementor-element-990cab5 e-con-full e-flex e-con e-child\" data-id=\"990cab5\" data-element_type=\"container\" data-e-type=\"container\" data-settings=\"{&quot;_ha_eqh_enable&quot;:false}\">\n\t\t\t\t<div class=\"elementor-element elementor-element-bf5d3ea elementor-widget elementor-widget-image\" data-id=\"bf5d3ea\" data-element_type=\"widget\" data-e-type=\"widget\" data-widget_type=\"image.default\">\n\t\t\t\t<div class=\"elementor-widget-container\">\n\t\t\t\t\t\t\t\t\t\t\t\t\t\t\t<img fetchpriority=\"high\" decoding=\"async\" width=\"567\" height=\"567\" src=\"https:\/\/www.expodefensa.com.co\/wp-content\/uploads\/2022\/12\/network.jpg\" class=\"attachment-large size-large wp-image-5832\" alt=\"\" srcset=\"https:\/\/www.expodefensa.com.co\/wp-content\/uploads\/2022\/12\/network.jpg 567w, https:\/\/www.expodefensa.com.co\/wp-content\/uploads\/2022\/12\/network-300x300.jpg 300w, https:\/\/www.expodefensa.com.co\/wp-content\/uploads\/2022\/12\/network-150x150.jpg 150w, https:\/\/www.expodefensa.com.co\/wp-content\/uploads\/2022\/12\/network-75x75.jpg 75w\" sizes=\"(max-width: 567px) 100vw, 567px\" \/>\t\t\t\t\t\t\t\t\t\t\t\t\t\t\t<\/div>\n\t\t\t\t<\/div>\n\t\t\t\t<\/div>\n\t\t<div class=\"elementor-element elementor-element-cb4e735 e-con-full e-flex e-con e-child\" data-id=\"cb4e735\" data-element_type=\"container\" data-e-type=\"container\" data-settings=\"{&quot;_ha_eqh_enable&quot;:false}\">\n\t\t\t\t<div class=\"elementor-element elementor-element-c858994 elementor-widget__width-initial elementor-widget elementor-widget-heading\" data-id=\"c858994\" data-element_type=\"widget\" data-e-type=\"widget\" data-widget_type=\"heading.default\">\n\t\t\t\t<div class=\"elementor-widget-container\">\n\t\t\t\t\t<h2 class=\"elementor-heading-title elementor-size-default\">Como delegaci\u00f3n oficial, tendr\u00e1 la oportunidad de<\/h2>\t\t\t\t<\/div>\n\t\t\t\t<\/div>\n\t\t\t\t<div class=\"elementor-element elementor-element-c7d0621 elementor-widget elementor-widget-text-editor\" data-id=\"c7d0621\" data-element_type=\"widget\" data-e-type=\"widget\" data-widget_type=\"text-editor.default\">\n\t\t\t\t<div class=\"elementor-widget-container\">\n\t\t\t\t\t\t\t\t\t<ul><li><strong>Explorar soluciones integrales<\/strong> terrestres, a\u00e9reas, navales, cibern\u00e9ticas y espaciales que respondan a los retos geopol\u00edticos y de seguridad de la regi\u00f3n.<\/li><li><strong>Acceder a las tecnolog\u00edas de punta<\/strong> para resolver los retos de la seguridad regional y las prioridades de defensa nacionales: la gesti\u00f3n de las tensiones fronterizas, la gesti\u00f3n de crisis m\u00faltiples, la protecci\u00f3n de las poblaciones, la seguridad de las ciudades y los territorios, el refuerzo de la ciberseguridad.<\/li><li><strong>Fortalecer\u00e1 las asociaciones internacionales<\/strong> para una mayor cooperaci\u00f3n en la lucha contra las amenazas transnacionales y la seguridad regional.<\/li><li><strong>Compartir las buenas pr\u00e1cticas y las experiencias<\/strong> con otras naciones que se enfrentan a retos similares, con el fin de coordinar mejor las acciones de seguridad y defensa a nivel regional.<\/li><\/ul>\t\t\t\t\t\t\t\t<\/div>\n\t\t\t\t<\/div>\n\t\t\t\t<\/div>\n\t\t\t\t\t<\/div>\n\t\t\t\t<\/div>\n\t\t<div class=\"elementor-element elementor-element-539b849 e-con-full e-flex e-con e-parent\" data-id=\"539b849\" data-element_type=\"container\" data-e-type=\"container\" data-settings=\"{&quot;background_background&quot;:&quot;gradient&quot;,&quot;_ha_eqh_enable&quot;:false}\">\n\t\t\t\t<div class=\"elementor-element elementor-element-5ef5bf6 elementor-widget__width-initial elementor-widget elementor-widget-heading\" data-id=\"5ef5bf6\" data-element_type=\"widget\" data-e-type=\"widget\" data-widget_type=\"heading.default\">\n\t\t\t\t<div class=\"elementor-widget-container\">\n\t\t\t\t\t<h2 class=\"elementor-heading-title elementor-size-default\">\u00bfPor qu\u00e9 debe participar?<\/h2>\t\t\t\t<\/div>\n\t\t\t\t<\/div>\n\t\t<div class=\"elementor-element elementor-element-216784c e-flex e-con-boxed e-con e-child\" data-id=\"216784c\" data-element_type=\"container\" data-e-type=\"container\" data-settings=\"{&quot;_ha_eqh_enable&quot;:false}\">\n\t\t\t\t\t<div class=\"e-con-inner\">\n\t\t<div class=\"elementor-element elementor-element-a05b02c e-con-full e-flex e-con e-child\" data-id=\"a05b02c\" data-element_type=\"container\" data-e-type=\"container\" data-settings=\"{&quot;_ha_eqh_enable&quot;:false}\">\n\t\t\t\t<div class=\"elementor-element elementor-element-12565fc elementor-align-center elementor-widget elementor-widget-lottie\" data-id=\"12565fc\" data-element_type=\"widget\" data-e-type=\"widget\" data-settings=\"{&quot;source_json&quot;:{&quot;url&quot;:&quot;https:\\\/\\\/www.expodefensa.com.co\\\/wp-content\\\/uploads\\\/2025\\\/01\\\/wired-outline-735-world-globe-hover-roll-2.json&quot;,&quot;id&quot;:11388,&quot;size&quot;:&quot;&quot;,&quot;alt&quot;:&quot;&quot;,&quot;source&quot;:&quot;library&quot;},&quot;source&quot;:&quot;media_file&quot;,&quot;caption_source&quot;:&quot;none&quot;,&quot;link_to&quot;:&quot;none&quot;,&quot;trigger&quot;:&quot;arriving_to_viewport&quot;,&quot;viewport&quot;:{&quot;unit&quot;:&quot;%&quot;,&quot;size&quot;:&quot;&quot;,&quot;sizes&quot;:{&quot;start&quot;:0,&quot;end&quot;:100}},&quot;play_speed&quot;:{&quot;unit&quot;:&quot;px&quot;,&quot;size&quot;:1,&quot;sizes&quot;:[]},&quot;start_point&quot;:{&quot;unit&quot;:&quot;%&quot;,&quot;size&quot;:0,&quot;sizes&quot;:[]},&quot;end_point&quot;:{&quot;unit&quot;:&quot;%&quot;,&quot;size&quot;:100,&quot;sizes&quot;:[]},&quot;renderer&quot;:&quot;svg&quot;}\" data-widget_type=\"lottie.default\">\n\t\t\t\t<div class=\"elementor-widget-container\">\n\t\t\t\t\t<div class=\"e-lottie__container\"><div class=\"e-lottie__animation\"><\/div><\/div>\t\t\t\t<\/div>\n\t\t\t\t<\/div>\n\t\t\t\t<div class=\"elementor-element elementor-element-590ab58 elementor-widget elementor-widget-heading\" data-id=\"590ab58\" data-element_type=\"widget\" data-e-type=\"widget\" data-widget_type=\"heading.default\">\n\t\t\t\t<div class=\"elementor-widget-container\">\n\t\t\t\t\t<h3 class=\"elementor-heading-title elementor-size-default\">Establecer\u00e1 nuevas asociaciones <\/h3>\t\t\t\t<\/div>\n\t\t\t\t<\/div>\n\t\t\t\t<div class=\"elementor-element elementor-element-c8f1474 elementor-widget elementor-widget-text-editor\" data-id=\"c8f1474\" data-element_type=\"widget\" data-e-type=\"widget\" data-widget_type=\"text-editor.default\">\n\t\t\t\t<div class=\"elementor-widget-container\">\n\t\t\t\t\t\t\t\t\t<p>con m\u00e1s de 250 expositores y 90 delegaciones oficiales, ampliando as\u00ed las oportunidades de colaboraci\u00f3n a escala mundial.<\/p>\t\t\t\t\t\t\t\t<\/div>\n\t\t\t\t<\/div>\n\t\t\t\t<\/div>\n\t\t<div class=\"elementor-element elementor-element-2839151 e-con-full e-flex e-con e-child\" data-id=\"2839151\" data-element_type=\"container\" data-e-type=\"container\" data-settings=\"{&quot;_ha_eqh_enable&quot;:false}\">\n\t\t\t\t<div class=\"elementor-element elementor-element-dd677e9 elementor-align-center elementor-widget elementor-widget-lottie\" data-id=\"dd677e9\" data-element_type=\"widget\" data-e-type=\"widget\" data-settings=\"{&quot;source_json&quot;:{&quot;url&quot;:&quot;https:\\\/\\\/www.expodefensa.com.co\\\/wp-content\\\/uploads\\\/2025\\\/01\\\/wired-outline-456-handshake-deal-hover-pinch-3.json&quot;,&quot;id&quot;:11394,&quot;size&quot;:&quot;&quot;,&quot;alt&quot;:&quot;&quot;,&quot;source&quot;:&quot;library&quot;},&quot;source&quot;:&quot;media_file&quot;,&quot;caption_source&quot;:&quot;none&quot;,&quot;link_to&quot;:&quot;none&quot;,&quot;trigger&quot;:&quot;arriving_to_viewport&quot;,&quot;viewport&quot;:{&quot;unit&quot;:&quot;%&quot;,&quot;size&quot;:&quot;&quot;,&quot;sizes&quot;:{&quot;start&quot;:0,&quot;end&quot;:100}},&quot;play_speed&quot;:{&quot;unit&quot;:&quot;px&quot;,&quot;size&quot;:1,&quot;sizes&quot;:[]},&quot;start_point&quot;:{&quot;unit&quot;:&quot;%&quot;,&quot;size&quot;:0,&quot;sizes&quot;:[]},&quot;end_point&quot;:{&quot;unit&quot;:&quot;%&quot;,&quot;size&quot;:100,&quot;sizes&quot;:[]},&quot;renderer&quot;:&quot;svg&quot;}\" data-widget_type=\"lottie.default\">\n\t\t\t\t<div class=\"elementor-widget-container\">\n\t\t\t\t\t<div class=\"e-lottie__container\"><div class=\"e-lottie__animation\"><\/div><\/div>\t\t\t\t<\/div>\n\t\t\t\t<\/div>\n\t\t\t\t<div class=\"elementor-element elementor-element-d93af53 elementor-widget elementor-widget-heading\" data-id=\"d93af53\" data-element_type=\"widget\" data-e-type=\"widget\" data-widget_type=\"heading.default\">\n\t\t\t\t<div class=\"elementor-widget-container\">\n\t\t\t\t\t<h3 class=\"elementor-heading-title elementor-size-default\">Consolidar\u00e1 las alianzas <\/h3>\t\t\t\t<\/div>\n\t\t\t\t<\/div>\n\t\t\t\t<div class=\"elementor-element elementor-element-e449750 elementor-widget elementor-widget-text-editor\" data-id=\"e449750\" data-element_type=\"widget\" data-e-type=\"widget\" data-widget_type=\"text-editor.default\">\n\t\t\t\t<div class=\"elementor-widget-container\">\n\t\t\t\t\t\t\t\t\t<p>con los socios internacionales para hacer frente a los retos comunes en materia de seguridad.<\/p>\t\t\t\t\t\t\t\t<\/div>\n\t\t\t\t<\/div>\n\t\t\t\t<\/div>\n\t\t<div class=\"elementor-element elementor-element-79bbd7d e-con-full e-flex e-con e-child\" data-id=\"79bbd7d\" data-element_type=\"container\" data-e-type=\"container\" data-settings=\"{&quot;_ha_eqh_enable&quot;:false}\">\n\t\t\t\t<div class=\"elementor-element elementor-element-7a0180e elementor-align-center elementor-widget elementor-widget-lottie\" data-id=\"7a0180e\" data-element_type=\"widget\" data-e-type=\"widget\" data-settings=\"{&quot;source_json&quot;:{&quot;url&quot;:&quot;https:\\\/\\\/www.expodefensa.com.co\\\/wp-content\\\/uploads\\\/2025\\\/01\\\/wired-outline-964-omnichannel-hover-pinch-2.json&quot;,&quot;id&quot;:11508,&quot;size&quot;:&quot;&quot;,&quot;alt&quot;:&quot;&quot;,&quot;source&quot;:&quot;library&quot;},&quot;source&quot;:&quot;media_file&quot;,&quot;caption_source&quot;:&quot;none&quot;,&quot;link_to&quot;:&quot;none&quot;,&quot;trigger&quot;:&quot;arriving_to_viewport&quot;,&quot;viewport&quot;:{&quot;unit&quot;:&quot;%&quot;,&quot;size&quot;:&quot;&quot;,&quot;sizes&quot;:{&quot;start&quot;:0,&quot;end&quot;:100}},&quot;play_speed&quot;:{&quot;unit&quot;:&quot;px&quot;,&quot;size&quot;:1,&quot;sizes&quot;:[]},&quot;start_point&quot;:{&quot;unit&quot;:&quot;%&quot;,&quot;size&quot;:0,&quot;sizes&quot;:[]},&quot;end_point&quot;:{&quot;unit&quot;:&quot;%&quot;,&quot;size&quot;:100,&quot;sizes&quot;:[]},&quot;renderer&quot;:&quot;svg&quot;}\" data-widget_type=\"lottie.default\">\n\t\t\t\t<div class=\"elementor-widget-container\">\n\t\t\t\t\t<div class=\"e-lottie__container\"><div class=\"e-lottie__animation\"><\/div><\/div>\t\t\t\t<\/div>\n\t\t\t\t<\/div>\n\t\t\t\t<div class=\"elementor-element elementor-element-954aab2 elementor-widget elementor-widget-heading\" data-id=\"954aab2\" data-element_type=\"widget\" data-e-type=\"widget\" data-widget_type=\"heading.default\">\n\t\t\t\t<div class=\"elementor-widget-container\">\n\t\t\t\t\t<h3 class=\"elementor-heading-title elementor-size-default\">Acceder\u00e1 a perspectivas estrat\u00e9gicas <\/h3>\t\t\t\t<\/div>\n\t\t\t\t<\/div>\n\t\t\t\t<div class=\"elementor-element elementor-element-ffcc4a2 elementor-widget elementor-widget-text-editor\" data-id=\"ffcc4a2\" data-element_type=\"widget\" data-e-type=\"widget\" data-widget_type=\"text-editor.default\">\n\t\t\t\t<div class=\"elementor-widget-container\">\n\t\t\t\t\t\t\t\t\t<p>para ajustar las soluciones a los recursos prioritarios de la seguridad y defensa nacionales.<\/p>\t\t\t\t\t\t\t\t<\/div>\n\t\t\t\t<\/div>\n\t\t\t\t<\/div>\n\t\t\t\t\t<\/div>\n\t\t\t\t<\/div>\n\t\t\t\t<\/div>\n\t\t<div class=\"elementor-element elementor-element-1662706 e-flex e-con-boxed e-con e-parent\" data-id=\"1662706\" data-element_type=\"container\" data-e-type=\"container\" data-settings=\"{&quot;_ha_eqh_enable&quot;:false}\">\n\t\t\t\t\t<div class=\"e-con-inner\">\n\t\t\t\t<div class=\"elementor-element elementor-element-46da2aa elementor-widget__width-initial elementor-widget elementor-widget-heading\" data-id=\"46da2aa\" data-element_type=\"widget\" data-e-type=\"widget\" data-widget_type=\"heading.default\">\n\t\t\t\t<div class=\"elementor-widget-container\">\n\t\t\t\t\t<h2 class=\"elementor-heading-title elementor-size-default\">\u00bfQu\u00e9 encontrar\u00e1 en expodensa 2025?<\/h2>\t\t\t\t<\/div>\n\t\t\t\t<\/div>\n\t\t<div class=\"elementor-element elementor-element-6097850 e-con-full e-flex e-con e-child\" data-id=\"6097850\" data-element_type=\"container\" data-e-type=\"container\" data-settings=\"{&quot;_ha_eqh_enable&quot;:false}\">\n\t\t<div class=\"elementor-element elementor-element-b0f8c84 e-con-full e-flex e-con e-child\" data-id=\"b0f8c84\" data-element_type=\"container\" data-e-type=\"container\" data-settings=\"{&quot;_ha_eqh_enable&quot;:false}\">\n\t\t\t\t<div class=\"elementor-element elementor-element-8f4f096 elementor-widget elementor-widget-image\" data-id=\"8f4f096\" data-element_type=\"widget\" data-e-type=\"widget\" data-widget_type=\"image.default\">\n\t\t\t\t<div class=\"elementor-widget-container\">\n\t\t\t\t\t\t\t\t\t\t\t\t\t\t\t<img decoding=\"async\" width=\"800\" height=\"534\" src=\"https:\/\/www.expodefensa.com.co\/wp-content\/uploads\/2023\/01\/EXPODEFENSA-equipement.jpg\" class=\"attachment-large size-large wp-image-6357\" alt=\"EXPODEFENSA-equipement\" srcset=\"https:\/\/www.expodefensa.com.co\/wp-content\/uploads\/2023\/01\/EXPODEFENSA-equipement.jpg 1024w, https:\/\/www.expodefensa.com.co\/wp-content\/uploads\/2023\/01\/EXPODEFENSA-equipement-300x200.jpg 300w, https:\/\/www.expodefensa.com.co\/wp-content\/uploads\/2023\/01\/EXPODEFENSA-equipement-768x513.jpg 768w\" sizes=\"(max-width: 800px) 100vw, 800px\" \/>\t\t\t\t\t\t\t\t\t\t\t\t\t\t\t<\/div>\n\t\t\t\t<\/div>\n\t\t\t\t<\/div>\n\t\t<div class=\"elementor-element elementor-element-672e0b9 e-con-full e-flex e-con e-child\" data-id=\"672e0b9\" data-element_type=\"container\" data-e-type=\"container\" data-settings=\"{&quot;_ha_eqh_enable&quot;:false}\">\n\t\t\t\t<div class=\"elementor-element elementor-element-26672c3 elementor-widget elementor-widget-heading\" data-id=\"26672c3\" data-element_type=\"widget\" data-e-type=\"widget\" data-widget_type=\"heading.default\">\n\t\t\t\t<div class=\"elementor-widget-container\">\n\t\t\t\t\t<h3 class=\"elementor-heading-title elementor-size-default\">Equipos y soluciones para los mercados latinoamericanos <\/h3>\t\t\t\t<\/div>\n\t\t\t\t<\/div>\n\t\t\t\t<div class=\"elementor-element elementor-element-0a02d52 elementor-widget elementor-widget-text-editor\" data-id=\"0a02d52\" data-element_type=\"widget\" data-e-type=\"widget\" data-widget_type=\"text-editor.default\">\n\t\t\t\t<div class=\"elementor-widget-container\">\n\t\t\t\t\t\t\t\t\t<p>Los expositores ofrecer\u00e1n tecnolog\u00edas adaptadas a una amplia gama de entornos, desde <strong>densas zonas urbanas hasta territorios fronterizos y regiones remotas de dif\u00edcil acceso.<\/strong><\/p>\t\t\t\t\t\t\t\t<\/div>\n\t\t\t\t<\/div>\n\t\t\t\t<\/div>\n\t\t\t\t<\/div>\n\t\t<div class=\"elementor-element elementor-element-63a8242 e-con-full e-flex e-con e-child\" data-id=\"63a8242\" data-element_type=\"container\" data-e-type=\"container\" data-settings=\"{&quot;_ha_eqh_enable&quot;:false}\">\n\t\t<div class=\"elementor-element elementor-element-477f147 e-con-full e-flex e-con e-child\" data-id=\"477f147\" data-element_type=\"container\" data-e-type=\"container\" data-settings=\"{&quot;_ha_eqh_enable&quot;:false}\">\n\t\t\t\t<div class=\"elementor-element elementor-element-b0aa1f2 elementor-widget elementor-widget-heading\" data-id=\"b0aa1f2\" data-element_type=\"widget\" data-e-type=\"widget\" data-widget_type=\"heading.default\">\n\t\t\t\t<div class=\"elementor-widget-container\">\n\t\t\t\t\t<h3 class=\"elementor-heading-title elementor-size-default\">Una experiencia que le permitir\u00e1 anticiparse a los retos del ma\u00f1ana <\/h3>\t\t\t\t<\/div>\n\t\t\t\t<\/div>\n\t\t\t\t<div class=\"elementor-element elementor-element-cee6087 elementor-widget elementor-widget-text-editor\" data-id=\"cee6087\" data-element_type=\"widget\" data-e-type=\"widget\" data-widget_type=\"text-editor.default\">\n\t\t\t\t<div class=\"elementor-widget-container\">\n\t\t\t\t\t\t\t\t\t<ul><li>Responder a las <strong>nuevas amenazas asim\u00e9tricas.<\/strong><\/li><li>Prevenir y gestionar el impacto del <strong>cambio clim\u00e1tico<\/strong> en la seguridad p\u00fablica.<\/li><li>o Dominar los avances en <strong>ciberseguridad, IA y drones aut\u00f3nomos.<\/strong><\/li><\/ul>\t\t\t\t\t\t\t\t<\/div>\n\t\t\t\t<\/div>\n\t\t\t\t<\/div>\n\t\t<div class=\"elementor-element elementor-element-1fab2e6 e-con-full e-flex e-con e-child\" data-id=\"1fab2e6\" data-element_type=\"container\" data-e-type=\"container\" data-settings=\"{&quot;_ha_eqh_enable&quot;:false}\">\n\t\t\t\t<div class=\"elementor-element elementor-element-67a1063 elementor-widget elementor-widget-image\" data-id=\"67a1063\" data-element_type=\"widget\" data-e-type=\"widget\" data-widget_type=\"image.default\">\n\t\t\t\t<div class=\"elementor-widget-container\">\n\t\t\t\t\t\t\t\t\t\t\t\t\t\t\t<img decoding=\"async\" width=\"800\" height=\"539\" src=\"https:\/\/www.expodefensa.com.co\/wp-content\/uploads\/2023\/01\/EXPODEFENSA2021-Showcase-of-innovation-1024x690.jpg\" class=\"attachment-large size-large wp-image-6203\" alt=\"EXPODEFENSA2021-Showcase-of-innovation\" srcset=\"https:\/\/www.expodefensa.com.co\/wp-content\/uploads\/2023\/01\/EXPODEFENSA2021-Showcase-of-innovation-1024x690.jpg 1024w, https:\/\/www.expodefensa.com.co\/wp-content\/uploads\/2023\/01\/EXPODEFENSA2021-Showcase-of-innovation-300x202.jpg 300w, https:\/\/www.expodefensa.com.co\/wp-content\/uploads\/2023\/01\/EXPODEFENSA2021-Showcase-of-innovation-768x518.jpg 768w, https:\/\/www.expodefensa.com.co\/wp-content\/uploads\/2023\/01\/EXPODEFENSA2021-Showcase-of-innovation.jpg 1200w\" sizes=\"(max-width: 800px) 100vw, 800px\" \/>\t\t\t\t\t\t\t\t\t\t\t\t\t\t\t<\/div>\n\t\t\t\t<\/div>\n\t\t\t\t<\/div>\n\t\t\t\t<\/div>\n\t\t<div class=\"elementor-element elementor-element-54eacd1 e-con-full e-flex e-con e-child\" data-id=\"54eacd1\" data-element_type=\"container\" data-e-type=\"container\" data-settings=\"{&quot;_ha_eqh_enable&quot;:false}\">\n\t\t<div class=\"elementor-element elementor-element-3c6b1e4 e-con-full e-flex e-con e-child\" data-id=\"3c6b1e4\" data-element_type=\"container\" data-e-type=\"container\" data-settings=\"{&quot;_ha_eqh_enable&quot;:false}\">\n\t\t\t\t<div class=\"elementor-element elementor-element-d2fa5f7 elementor-widget elementor-widget-image\" data-id=\"d2fa5f7\" data-element_type=\"widget\" data-e-type=\"widget\" data-widget_type=\"image.default\">\n\t\t\t\t<div class=\"elementor-widget-container\">\n\t\t\t\t\t\t\t\t\t\t\t\t\t\t\t<img loading=\"lazy\" decoding=\"async\" width=\"800\" height=\"507\" src=\"https:\/\/www.expodefensa.com.co\/wp-content\/uploads\/2023\/01\/EXPODEFENSA2021-Talleres-y-workshops-1024x649.jpg\" class=\"attachment-large size-large wp-image-6211\" alt=\"EXPODEFENSA2021-Talleres-y-workshops\" srcset=\"https:\/\/www.expodefensa.com.co\/wp-content\/uploads\/2023\/01\/EXPODEFENSA2021-Talleres-y-workshops-1024x649.jpg 1024w, https:\/\/www.expodefensa.com.co\/wp-content\/uploads\/2023\/01\/EXPODEFENSA2021-Talleres-y-workshops-300x190.jpg 300w, https:\/\/www.expodefensa.com.co\/wp-content\/uploads\/2023\/01\/EXPODEFENSA2021-Talleres-y-workshops-768x487.jpg 768w, https:\/\/www.expodefensa.com.co\/wp-content\/uploads\/2023\/01\/EXPODEFENSA2021-Talleres-y-workshops-1536x974.jpg 1536w, https:\/\/www.expodefensa.com.co\/wp-content\/uploads\/2023\/01\/EXPODEFENSA2021-Talleres-y-workshops-2048x1298.jpg 2048w\" sizes=\"(max-width: 800px) 100vw, 800px\" \/>\t\t\t\t\t\t\t\t\t\t\t\t\t\t\t<\/div>\n\t\t\t\t<\/div>\n\t\t\t\t<\/div>\n\t\t<div class=\"elementor-element elementor-element-54b50b7 e-con-full e-flex e-con e-child\" data-id=\"54b50b7\" data-element_type=\"container\" data-e-type=\"container\" data-settings=\"{&quot;_ha_eqh_enable&quot;:false}\">\n\t\t\t\t<div class=\"elementor-element elementor-element-45d1ff8 elementor-widget elementor-widget-heading\" data-id=\"45d1ff8\" data-element_type=\"widget\" data-e-type=\"widget\" data-widget_type=\"heading.default\">\n\t\t\t\t<div class=\"elementor-widget-container\">\n\t\t\t\t\t<h3 class=\"elementor-heading-title elementor-size-default\">Compartir experiencias motivadoras <\/h3>\t\t\t\t<\/div>\n\t\t\t\t<\/div>\n\t\t\t\t<div class=\"elementor-element elementor-element-0b90423 elementor-widget elementor-widget-text-editor\" data-id=\"0b90423\" data-element_type=\"widget\" data-e-type=\"widget\" data-widget_type=\"text-editor.default\">\n\t\t\t\t<div class=\"elementor-widget-container\">\n\t\t\t\t\t\t\t\t\t<p>Asista a <strong>conferencias y talleres interactivos<\/strong>, en los que se informar\u00e1 sobre las \u00faltimas soluciones y tecnolog\u00edas en condiciones operativas. Optimice sus acciones futuras compartiendo experiencias. <\/p>\t\t\t\t\t\t\t\t<\/div>\n\t\t\t\t<\/div>\n\t\t\t\t<\/div>\n\t\t\t\t<\/div>\n\t\t\t\t\t<\/div>\n\t\t\t\t<\/div>\n\t\t<div class=\"elementor-element elementor-element-719b49c e-flex e-con-boxed e-con e-parent\" data-id=\"719b49c\" data-element_type=\"container\" data-e-type=\"container\" data-settings=\"{&quot;_ha_eqh_enable&quot;:false}\">\n\t\t\t\t\t<div class=\"e-con-inner\">\n\t\t\t\t<div class=\"elementor-element elementor-element-0488c5a elementor-widget__width-initial elementor-widget elementor-widget-heading\" data-id=\"0488c5a\" data-element_type=\"widget\" data-e-type=\"widget\" data-widget_type=\"heading.default\">\n\t\t\t\t<div class=\"elementor-widget-container\">\n\t\t\t\t\t<h2 class=\"elementor-heading-title elementor-size-default\">Expodensa 2025: un evento clave para los responsables y autoridades de am\u00e9rica latina <\/h2>\t\t\t\t<\/div>\n\t\t\t\t<\/div>\n\t\t\t\t<div class=\"elementor-element elementor-element-40566ca elementor-widget elementor-widget-text-editor\" data-id=\"40566ca\" data-element_type=\"widget\" data-e-type=\"widget\" data-widget_type=\"text-editor.default\">\n\t\t\t\t<div class=\"elementor-widget-container\">\n\t\t\t\t\t\t\t\t\t<p>Ya sea usted una <strong>alta autoridad gubernamental, un oficial militar o de las fuerzas de seguridad p\u00fablica, un ejecutivo de seguridad privada o un experto en gesti\u00f3n de crisis y tecnolog\u00edas de seguridad<\/strong>, Expodefensa est\u00e1 dise\u00f1ada para:<\/p><ul><li>Mantenerlo <strong>informado sobre las tendencias mundiales<\/strong> sin dejar de centrarse en sus necesidades regionales.<\/li><li><strong>Encontrar soluciones pr\u00e1cticas<\/strong> y tecnolog\u00edas listas para usar.<\/li><li><strong>Establecer colaboraciones duraderas<\/strong> con socios que comprendan sus prioridades.<\/li><\/ul>\t\t\t\t\t\t\t\t<\/div>\n\t\t\t\t<\/div>\n\t\t\t\t\t<\/div>\n\t\t\t\t<\/div>\n\t\t<div class=\"elementor-element elementor-element-3f0cd5e e-flex e-con-boxed e-con e-parent\" data-id=\"3f0cd5e\" data-element_type=\"container\" data-e-type=\"container\" data-settings=\"{&quot;_ha_eqh_enable&quot;:false}\">\n\t\t\t\t\t<div class=\"e-con-inner\">\n\t\t<div class=\"elementor-element elementor-element-f34a4b8 e-con-full e-flex e-con e-child\" data-id=\"f34a4b8\" data-element_type=\"container\" data-e-type=\"container\" data-settings=\"{&quot;_ha_eqh_enable&quot;:false}\">\n\t\t\t\t<div class=\"elementor-element elementor-element-fa31860 elementor-widget elementor-widget-image\" data-id=\"fa31860\" data-element_type=\"widget\" data-e-type=\"widget\" data-widget_type=\"image.default\">\n\t\t\t\t<div class=\"elementor-widget-container\">\n\t\t\t\t\t\t\t\t\t\t\t\t\t\t\t<img loading=\"lazy\" decoding=\"async\" width=\"347\" height=\"642\" src=\"https:\/\/www.expodefensa.com.co\/wp-content\/uploads\/2022\/12\/decision-makers.jpg\" class=\"attachment-large size-large wp-image-5867\" alt=\"\" srcset=\"https:\/\/www.expodefensa.com.co\/wp-content\/uploads\/2022\/12\/decision-makers.jpg 347w, https:\/\/www.expodefensa.com.co\/wp-content\/uploads\/2022\/12\/decision-makers-162x300.jpg 162w\" sizes=\"(max-width: 347px) 100vw, 347px\" \/>\t\t\t\t\t\t\t\t\t\t\t\t\t\t\t<\/div>\n\t\t\t\t<\/div>\n\t\t\t\t<\/div>\n\t\t<div class=\"elementor-element elementor-element-6f8e1c9 e-con-full e-flex e-con e-child\" data-id=\"6f8e1c9\" data-element_type=\"container\" data-e-type=\"container\" data-settings=\"{&quot;_ha_eqh_enable&quot;:false}\">\n\t\t\t\t<div class=\"elementor-element elementor-element-0c41ea3 elementor-widget__width-initial elementor-widget elementor-widget-heading\" data-id=\"0c41ea3\" data-element_type=\"widget\" data-e-type=\"widget\" data-widget_type=\"heading.default\">\n\t\t\t\t<div class=\"elementor-widget-container\">\n\t\t\t\t\t<h3 class=\"elementor-heading-title elementor-size-default\">\u00danase a la comunidad de l\u00edderes de la defensa latinoamericana <\/h3>\t\t\t\t<\/div>\n\t\t\t\t<\/div>\n\t\t\t\t<div class=\"elementor-element elementor-element-da162a9 elementor-widget elementor-widget-text-editor\" data-id=\"da162a9\" data-element_type=\"widget\" data-e-type=\"widget\" data-widget_type=\"text-editor.default\">\n\t\t\t\t<div class=\"elementor-widget-container\">\n\t\t\t\t\t\t\t\t\t<p>No se pierda la oportunidad \u00fanica de <strong>participar en los debates estrat\u00e9gicos que dar\u00e1n forma al futuro de la seguridad y la defensa en Am\u00e9rica Latina.<\/strong><\/p>\t\t\t\t\t\t\t\t<\/div>\n\t\t\t\t<\/div>\n\t\t\t\t<div class=\"elementor-element elementor-element-80a856f elementor-widget elementor-widget-text-editor\" data-id=\"80a856f\" data-element_type=\"widget\" data-e-type=\"widget\" data-widget_type=\"text-editor.default\">\n\t\t\t\t<div class=\"elementor-widget-container\">\n\t\t\t\t\t\t\t\t\t<p><strong>Desea participar como delegaci\u00f3n oficial*<\/strong><\/p>\t\t\t\t\t\t\t\t<\/div>\n\t\t\t\t<\/div>\n\t\t\t\t<div class=\"elementor-element elementor-element-1650f0c elementor-align-left elementor-widget elementor-widget-button\" data-id=\"1650f0c\" data-element_type=\"widget\" data-e-type=\"widget\" data-widget_type=\"button.default\">\n\t\t\t\t<div class=\"elementor-widget-container\">\n\t\t\t\t\t\t\t\t\t<div class=\"elementor-button-wrapper\">\n\t\t\t\t\t<a class=\"elementor-button elementor-button-link elementor-size-sm\" href=\"#elementor-action%3Aaction%3Dpopup%3Aopen%26settings%3DeyJpZCI6MTE3MjUsInRvZ2dsZSI6ZmFsc2V9\">\n\t\t\t\t\t\t<span class=\"elementor-button-content-wrapper\">\n\t\t\t\t\t\t\t\t\t<span class=\"elementor-button-text\">Env\u00ede su solicitud de visita como delegaci\u00f3n oficial<\/span>\n\t\t\t\t\t<\/span>\n\t\t\t\t\t<\/a>\n\t\t\t\t<\/div>\n\t\t\t\t\t\t\t\t<\/div>\n\t\t\t\t<\/div>\n\t\t\t\t<div class=\"elementor-element elementor-element-e2d3372 elementor-widget elementor-widget-text-editor\" data-id=\"e2d3372\" data-element_type=\"widget\" data-e-type=\"widget\" data-widget_type=\"text-editor.default\">\n\t\t\t\t<div class=\"elementor-widget-container\">\n\t\t\t\t\t\t\t\t\t<p>*Las delegaciones oficiales son grupos de al menos tres personas que representan a gobiernos, fuerzas armadas u organismos de seguridad. Estos grupos participan oficialmente en el evento para reforzar la cooperaci\u00f3n internacional, explorar soluciones de defensa y compartir conocimientos estrat\u00e9gicos. <br>Como delegaci\u00f3n, estos representantes tienen acceso a debates espec\u00edficos, tecnolog\u00edas de vanguardia y oportunidades de asociaci\u00f3n internacional. <\/p>\t\t\t\t\t\t\t\t<\/div>\n\t\t\t\t<\/div>\n\t\t\t\t<\/div>\n\t\t\t\t\t<\/div>\n\t\t\t\t<\/div>\n\t\t<div class=\"elementor-element elementor-element-54df33a e-flex e-con-boxed e-con e-parent\" data-id=\"54df33a\" data-element_type=\"container\" data-e-type=\"container\" data-settings=\"{&quot;background_background&quot;:&quot;classic&quot;,&quot;_ha_eqh_enable&quot;:false}\">\n\t\t\t\t\t<div class=\"e-con-inner\">\n\t\t\t\t<div class=\"elementor-element elementor-element-f15402c elementor-widget__width-initial elementor-widget elementor-widget-heading\" data-id=\"f15402c\" data-element_type=\"widget\" data-e-type=\"widget\" data-widget_type=\"heading.default\">\n\t\t\t\t<div class=\"elementor-widget-container\">\n\t\t\t\t\t<h2 class=\"elementor-heading-title elementor-size-default\">\u00bfTiene alguna pregunta sobre tu participaci\u00f3n? <span style=\"color:#FFF\">Cont\u00e1ctenos<\/span><\/h2>\t\t\t\t<\/div>\n\t\t\t\t<\/div>\n\t\t<div class=\"elementor-element elementor-element-f9210fb e-con-full e-flex e-con e-child\" data-id=\"f9210fb\" data-element_type=\"container\" data-e-type=\"container\" data-settings=\"{&quot;_ha_eqh_enable&quot;:false}\">\n\t\t<div class=\"elementor-element elementor-element-b3694e5 e-con-full e-flex e-con e-child\" data-id=\"b3694e5\" data-element_type=\"container\" data-e-type=\"container\" data-settings=\"{&quot;_ha_eqh_enable&quot;:false}\">\n\t\t\t\t<\/div>\n\t\t<div class=\"elementor-element elementor-element-c1b70c6 e-con-full e-flex e-con e-child\" data-id=\"c1b70c6\" data-element_type=\"container\" data-e-type=\"container\" data-settings=\"{&quot;_ha_eqh_enable&quot;:false}\">\n\t\t\t\t<div class=\"elementor-element elementor-element-cae574a elementor-flip-box--effect-flip elementor-flip-box--direction-up elementor-widget elementor-widget-flip-box\" data-id=\"cae574a\" data-element_type=\"widget\" data-e-type=\"widget\" data-widget_type=\"flip-box.default\">\n\t\t\t\t<div class=\"elementor-widget-container\">\n\t\t\t\t\t\t\t<div class=\"elementor-flip-box\" tabindex=\"0\">\n\t\t\t<div class=\"elementor-flip-box__layer elementor-flip-box__front\">\n\t\t\t\t<div class=\"elementor-flip-box__layer__overlay\">\n\t\t\t\t\t<div class=\"elementor-flip-box__layer__inner\">\n\t\t\t\t\t\t\t\t\t\t\t\t\t<div class=\"elementor-flip-box__image\">\n\t\t\t\t\t\t\t\t<img loading=\"lazy\" decoding=\"async\" width=\"398\" height=\"398\" src=\"https:\/\/www.expodefensa.com.co\/wp-content\/uploads\/2024\/11\/Victor-CREIGNOU.jpg\" class=\"attachment-full size-full wp-image-11284\" alt=\"Victor-CREIGNOU\" srcset=\"https:\/\/www.expodefensa.com.co\/wp-content\/uploads\/2024\/11\/Victor-CREIGNOU.jpg 398w, https:\/\/www.expodefensa.com.co\/wp-content\/uploads\/2024\/11\/Victor-CREIGNOU-300x300.jpg 300w, https:\/\/www.expodefensa.com.co\/wp-content\/uploads\/2024\/11\/Victor-CREIGNOU-150x150.jpg 150w\" sizes=\"(max-width: 398px) 100vw, 398px\" \/>\t\t\t\t\t\t\t<\/div>\n\t\t\t\t\t\t\n\t\t\t\t\t\t\t\t\t\t\t\t\t<h3 class=\"elementor-flip-box__layer__title\">\n\t\t\t\t\t\t\t\tVictor CREIGNOU\t\t\t\t\t\t\t<\/h3>\n\t\t\t\t\t\t\n\t\t\t\t\t\t\t\t\t\t\t\t\t<div class=\"elementor-flip-box__layer__description\">\n\t\t\t\t\t\t\t\tDirector de Delegaciones Internacionales de Defensa y Visitantes\t\t\t\t\t\t\t<\/div>\n\t\t\t\t\t\t\t\t\t\t\t<\/div>\n\t\t\t\t<\/div>\n\t\t\t<\/div>\n\t\t\t<div class=\"elementor-flip-box__layer elementor-flip-box__back\">\n\t\t\t<div class=\"elementor-flip-box__layer__overlay\">\n\t\t\t\t<div class=\"elementor-flip-box__layer__inner\">\n\t\t\t\t\t\t\t\t\t\t\t<h3 class=\"elementor-flip-box__layer__title\">\n\t\t\t\t\t\t\tContacto Victor CREIGNOU\t\t\t\t\t\t<\/h3>\n\t\t\t\t\t\n\t\t\t\t\t\t\t\t\t\t\t<div class=\"elementor-flip-box__layer__description\">\n\t\t\t\t\t\t\t<a href=\"tel:+33670438819\"><span class=\"fa fa-phone\" aria-hidden=\"true\"><\/a><br>+33670438819<br><a href=\"mailto:v.creignou@cogesevents.com\"><span class=\"fa fa-envelope\" aria-hidden=\"true\"><\/a>\t\t\t\t\t\t<\/div>\n\t\t\t\t\t\n\t\t\t\t\t\t\t\t<\/div>\n\t\t<\/div>\n\t\t<\/div>\n\t\t<\/div>\n\t\t\t\t\t\t<\/div>\n\t\t\t\t<\/div>\n\t\t\t\t<\/div>\n\t\t<div class=\"elementor-element elementor-element-21f89fc e-con-full e-flex e-con e-child\" data-id=\"21f89fc\" data-element_type=\"container\" data-e-type=\"container\" data-settings=\"{&quot;_ha_eqh_enable&quot;:false}\">\n\t\t\t\t<\/div>\n\t\t\t\t<\/div>\n\t\t\t\t\t<\/div>\n\t\t\t\t<\/div>\n\t\t\t\t<\/div>\n\t\t","protected":false},"excerpt":{"rendered":"<p>S\u00famase a Expodefensa 2025 como delegaci\u00f3n oficial Quiero exponer Solicitar folleto comercial Tanto si pertenece a las fuerzas armadas como a las fuerzas de seguridad civil o a organismos gubernamentales, Expodefensa 2025 lo invita, en calidad de autoridad de alto nivel, a explorar las tecnolog\u00edas de vanguardia y a establecer asociaciones estrat\u00e9gicas para reforzar su [&hellip;]<\/p>\n","protected":false},"author":1,"featured_media":0,"parent":0,"menu_order":0,"comment_status":"closed","ping_status":"closed","template":"","meta":{"_acf_changed":false,"footnotes":""},"class_list":["post-11522","page","type-page","status-publish","hentry"],"acf":[],"yoast_head":"<!-- This site is optimized with the Yoast SEO plugin v27.4 - https:\/\/yoast.com\/product\/yoast-seo-wordpress\/ -->\n<title>Expodefensa 2025 - Exponga y desarrolle su negocio<\/title>\n<meta name=\"description\" content=\"\u00a1Expande su negocio en el mercado latinoamericano en solo 3 d\u00edas en Expodefensa, la feria de referencia en el campo de la Defensa y la Seguridad en Colombia!\" \/>\n<meta name=\"robots\" content=\"index, follow, max-snippet:-1, max-image-preview:large, max-video-preview:-1\" \/>\n<link rel=\"canonical\" href=\"https:\/\/www.expodefensa.com.co\/es\/delegacion-oficial2025\/\" \/>\n<meta property=\"og:locale\" content=\"es_ES\" \/>\n<meta property=\"og:type\" content=\"article\" \/>\n<meta property=\"og:title\" content=\"Expodefensa 2025 - Exponga y desarrolle su negocio\" \/>\n<meta property=\"og:description\" content=\"\u00a1Expande su negocio en el mercado latinoamericano en solo 3 d\u00edas en Expodefensa, la feria de referencia en el campo de la Defensa y la Seguridad en Colombia!\" \/>\n<meta property=\"og:url\" content=\"https:\/\/www.expodefensa.com.co\/es\/delegacion-oficial2025\/\" \/>\n<meta property=\"og:site_name\" content=\"Expodefensa 2025\" \/>\n<meta property=\"article:modified_time\" content=\"2025-11-14T13:13:40+00:00\" \/>\n<meta property=\"og:image\" content=\"https:\/\/www.expodefensa.com.co\/wp-content\/uploads\/2022\/12\/network.jpg\" \/>\n\t<meta property=\"og:image:width\" content=\"567\" \/>\n\t<meta property=\"og:image:height\" content=\"567\" \/>\n\t<meta property=\"og:image:type\" content=\"image\/jpeg\" \/>\n<meta name=\"twitter:card\" content=\"summary_large_image\" \/>\n<meta name=\"twitter:label1\" content=\"Tiempo de lectura\" \/>\n\t<meta name=\"twitter:data1\" content=\"3 minutos\" \/>\n<script type=\"application\/ld+json\" class=\"yoast-schema-graph\">{\"@context\":\"https:\\\/\\\/schema.org\",\"@graph\":[{\"@type\":\"WebPage\",\"@id\":\"https:\\\/\\\/www.expodefensa.com.co\\\/es\\\/delegacion-oficial2025\\\/\",\"url\":\"https:\\\/\\\/www.expodefensa.com.co\\\/es\\\/delegacion-oficial2025\\\/\",\"name\":\"Expodefensa 2025 - Exponga y desarrolle su negocio\",\"isPartOf\":{\"@id\":\"https:\\\/\\\/2023.expodefensa.fr\\\/#website\"},\"primaryImageOfPage\":{\"@id\":\"https:\\\/\\\/www.expodefensa.com.co\\\/es\\\/delegacion-oficial2025\\\/#primaryimage\"},\"image\":{\"@id\":\"https:\\\/\\\/www.expodefensa.com.co\\\/es\\\/delegacion-oficial2025\\\/#primaryimage\"},\"thumbnailUrl\":\"https:\\\/\\\/www.expodefensa.com.co\\\/wp-content\\\/uploads\\\/2022\\\/12\\\/network.jpg\",\"datePublished\":\"2025-01-31T14:52:46+00:00\",\"dateModified\":\"2025-11-14T13:13:40+00:00\",\"description\":\"\u00a1Expande su negocio en el mercado latinoamericano en solo 3 d\u00edas en Expodefensa, la feria de referencia en el campo de la Defensa y la Seguridad en Colombia!\",\"breadcrumb\":{\"@id\":\"https:\\\/\\\/www.expodefensa.com.co\\\/es\\\/delegacion-oficial2025\\\/#breadcrumb\"},\"inLanguage\":\"es\",\"potentialAction\":[{\"@type\":\"ReadAction\",\"target\":[\"https:\\\/\\\/www.expodefensa.com.co\\\/es\\\/delegacion-oficial2025\\\/\"]}]},{\"@type\":\"ImageObject\",\"inLanguage\":\"es\",\"@id\":\"https:\\\/\\\/www.expodefensa.com.co\\\/es\\\/delegacion-oficial2025\\\/#primaryimage\",\"url\":\"https:\\\/\\\/www.expodefensa.com.co\\\/wp-content\\\/uploads\\\/2022\\\/12\\\/network.jpg\",\"contentUrl\":\"https:\\\/\\\/www.expodefensa.com.co\\\/wp-content\\\/uploads\\\/2022\\\/12\\\/network.jpg\"},{\"@type\":\"BreadcrumbList\",\"@id\":\"https:\\\/\\\/www.expodefensa.com.co\\\/es\\\/delegacion-oficial2025\\\/#breadcrumb\",\"itemListElement\":[{\"@type\":\"ListItem\",\"position\":1,\"name\":\"Home\",\"item\":\"https:\\\/\\\/www.expodefensa.com.co\\\/es\\\/home\\\/\"},{\"@type\":\"ListItem\",\"position\":2,\"name\":\"Delegaci\u00f3n oficial\"}]},{\"@type\":\"WebSite\",\"@id\":\"https:\\\/\\\/2023.expodefensa.fr\\\/#website\",\"url\":\"https:\\\/\\\/2023.expodefensa.fr\\\/\",\"name\":\"Expodefensa 2025\",\"description\":\"International Defense and Security Trade Fair\",\"publisher\":{\"@id\":\"https:\\\/\\\/2023.expodefensa.fr\\\/#organization\"},\"alternateName\":\"Expodefensa 2023\",\"potentialAction\":[{\"@type\":\"SearchAction\",\"target\":{\"@type\":\"EntryPoint\",\"urlTemplate\":\"https:\\\/\\\/2023.expodefensa.fr\\\/?s={search_term_string}\"},\"query-input\":{\"@type\":\"PropertyValueSpecification\",\"valueRequired\":true,\"valueName\":\"search_term_string\"}}],\"inLanguage\":\"es\"},{\"@type\":\"Organization\",\"@id\":\"https:\\\/\\\/2023.expodefensa.fr\\\/#organization\",\"name\":\"Expodefensa 2025\",\"alternateName\":\"Expodefensa 2023\",\"url\":\"https:\\\/\\\/2023.expodefensa.fr\\\/\",\"logo\":{\"@type\":\"ImageObject\",\"inLanguage\":\"es\",\"@id\":\"https:\\\/\\\/2023.expodefensa.fr\\\/#\\\/schema\\\/logo\\\/image\\\/\",\"url\":\"https:\\\/\\\/www.expodefensa.com.co\\\/wp-content\\\/uploads\\\/2023\\\/01\\\/logo_expodefensa-social.jpg\",\"contentUrl\":\"https:\\\/\\\/www.expodefensa.com.co\\\/wp-content\\\/uploads\\\/2023\\\/01\\\/logo_expodefensa-social.jpg\",\"width\":432,\"height\":200,\"caption\":\"Expodefensa 2025\"},\"image\":{\"@id\":\"https:\\\/\\\/2023.expodefensa.fr\\\/#\\\/schema\\\/logo\\\/image\\\/\"},\"sameAs\":[\"https:\\\/\\\/www.linkedin.com\\\/company\\\/expodefensa\\\/\"]}]}<\/script>\n<!-- \/ Yoast SEO plugin. -->","yoast_head_json":{"title":"Expodefensa 2025 - Exponga y desarrolle su negocio","description":"\u00a1Expande su negocio en el mercado latinoamericano en solo 3 d\u00edas en Expodefensa, la feria de referencia en el campo de la Defensa y la Seguridad en Colombia!","robots":{"index":"index","follow":"follow","max-snippet":"max-snippet:-1","max-image-preview":"max-image-preview:large","max-video-preview":"max-video-preview:-1"},"canonical":"https:\/\/www.expodefensa.com.co\/es\/delegacion-oficial2025\/","og_locale":"es_ES","og_type":"article","og_title":"Expodefensa 2025 - Exponga y desarrolle su negocio","og_description":"\u00a1Expande su negocio en el mercado latinoamericano en solo 3 d\u00edas en Expodefensa, la feria de referencia en el campo de la Defensa y la Seguridad en Colombia!","og_url":"https:\/\/www.expodefensa.com.co\/es\/delegacion-oficial2025\/","og_site_name":"Expodefensa 2025","article_modified_time":"2025-11-14T13:13:40+00:00","og_image":[{"width":567,"height":567,"url":"https:\/\/www.expodefensa.com.co\/wp-content\/uploads\/2022\/12\/network.jpg","type":"image\/jpeg"}],"twitter_card":"summary_large_image","twitter_misc":{"Tiempo de lectura":"3 minutos"},"schema":{"@context":"https:\/\/schema.org","@graph":[{"@type":"WebPage","@id":"https:\/\/www.expodefensa.com.co\/es\/delegacion-oficial2025\/","url":"https:\/\/www.expodefensa.com.co\/es\/delegacion-oficial2025\/","name":"Expodefensa 2025 - Exponga y desarrolle su negocio","isPartOf":{"@id":"https:\/\/2023.expodefensa.fr\/#website"},"primaryImageOfPage":{"@id":"https:\/\/www.expodefensa.com.co\/es\/delegacion-oficial2025\/#primaryimage"},"image":{"@id":"https:\/\/www.expodefensa.com.co\/es\/delegacion-oficial2025\/#primaryimage"},"thumbnailUrl":"https:\/\/www.expodefensa.com.co\/wp-content\/uploads\/2022\/12\/network.jpg","datePublished":"2025-01-31T14:52:46+00:00","dateModified":"2025-11-14T13:13:40+00:00","description":"\u00a1Expande su negocio en el mercado latinoamericano en solo 3 d\u00edas en Expodefensa, la feria de referencia en el campo de la Defensa y la Seguridad en Colombia!","breadcrumb":{"@id":"https:\/\/www.expodefensa.com.co\/es\/delegacion-oficial2025\/#breadcrumb"},"inLanguage":"es","potentialAction":[{"@type":"ReadAction","target":["https:\/\/www.expodefensa.com.co\/es\/delegacion-oficial2025\/"]}]},{"@type":"ImageObject","inLanguage":"es","@id":"https:\/\/www.expodefensa.com.co\/es\/delegacion-oficial2025\/#primaryimage","url":"https:\/\/www.expodefensa.com.co\/wp-content\/uploads\/2022\/12\/network.jpg","contentUrl":"https:\/\/www.expodefensa.com.co\/wp-content\/uploads\/2022\/12\/network.jpg"},{"@type":"BreadcrumbList","@id":"https:\/\/www.expodefensa.com.co\/es\/delegacion-oficial2025\/#breadcrumb","itemListElement":[{"@type":"ListItem","position":1,"name":"Home","item":"https:\/\/www.expodefensa.com.co\/es\/home\/"},{"@type":"ListItem","position":2,"name":"Delegaci\u00f3n oficial"}]},{"@type":"WebSite","@id":"https:\/\/2023.expodefensa.fr\/#website","url":"https:\/\/2023.expodefensa.fr\/","name":"Expodefensa 2025","description":"International Defense and Security Trade Fair","publisher":{"@id":"https:\/\/2023.expodefensa.fr\/#organization"},"alternateName":"Expodefensa 2023","potentialAction":[{"@type":"SearchAction","target":{"@type":"EntryPoint","urlTemplate":"https:\/\/2023.expodefensa.fr\/?s={search_term_string}"},"query-input":{"@type":"PropertyValueSpecification","valueRequired":true,"valueName":"search_term_string"}}],"inLanguage":"es"},{"@type":"Organization","@id":"https:\/\/2023.expodefensa.fr\/#organization","name":"Expodefensa 2025","alternateName":"Expodefensa 2023","url":"https:\/\/2023.expodefensa.fr\/","logo":{"@type":"ImageObject","inLanguage":"es","@id":"https:\/\/2023.expodefensa.fr\/#\/schema\/logo\/image\/","url":"https:\/\/www.expodefensa.com.co\/wp-content\/uploads\/2023\/01\/logo_expodefensa-social.jpg","contentUrl":"https:\/\/www.expodefensa.com.co\/wp-content\/uploads\/2023\/01\/logo_expodefensa-social.jpg","width":432,"height":200,"caption":"Expodefensa 2025"},"image":{"@id":"https:\/\/2023.expodefensa.fr\/#\/schema\/logo\/image\/"},"sameAs":["https:\/\/www.linkedin.com\/company\/expodefensa\/"]}]}},"_links":{"self":[{"href":"https:\/\/www.expodefensa.com.co\/es\/wp-json\/wp\/v2\/pages\/11522","targetHints":{"allow":["GET"]}}],"collection":[{"href":"https:\/\/www.expodefensa.com.co\/es\/wp-json\/wp\/v2\/pages"}],"about":[{"href":"https:\/\/www.expodefensa.com.co\/es\/wp-json\/wp\/v2\/types\/page"}],"author":[{"embeddable":true,"href":"https:\/\/www.expodefensa.com.co\/es\/wp-json\/wp\/v2\/users\/1"}],"replies":[{"embeddable":true,"href":"https:\/\/www.expodefensa.com.co\/es\/wp-json\/wp\/v2\/comments?post=11522"}],"version-history":[{"count":8,"href":"https:\/\/www.expodefensa.com.co\/es\/wp-json\/wp\/v2\/pages\/11522\/revisions"}],"predecessor-version":[{"id":12588,"href":"https:\/\/www.expodefensa.com.co\/es\/wp-json\/wp\/v2\/pages\/11522\/revisions\/12588"}],"wp:attachment":[{"href":"https:\/\/www.expodefensa.com.co\/es\/wp-json\/wp\/v2\/media?parent=11522"}],"curies":[{"name":"wp","href":"https:\/\/api.w.org\/{rel}","templated":true}]}}