    
{"id":10011,"date":"2023-11-20T13:31:36","date_gmt":"2023-11-20T12:31:36","guid":{"rendered":"https:\/\/www.expodefensa.com.co\/hablan-de-nosotros\/"},"modified":"2025-11-14T14:59:42","modified_gmt":"2025-11-14T13:59:42","slug":"hablan-de-nosotros","status":"publish","type":"page","link":"https:\/\/www.expodefensa.com.co\/es\/la-feria\/hablan-de-nosotros\/","title":{"rendered":"Hablan de nosotros"},"content":{"rendered":"\t\t<div data-elementor-type=\"wp-page\" data-elementor-id=\"10011\" class=\"elementor elementor-10011 elementor-9991\" data-elementor-settings=\"{&quot;ha_cmc_init_switcher&quot;:&quot;no&quot;}\" data-elementor-post-type=\"page\">\n\t\t\t\t\t\t<section class=\"elementor-section elementor-top-section elementor-element elementor-element-e2c801c elementor-section-full_width elementor-section-height-default elementor-section-height-default\" data-id=\"e2c801c\" data-element_type=\"section\" data-e-type=\"section\" data-settings=\"{&quot;_ha_eqh_enable&quot;:false}\">\n\t\t\t\t\t\t<div class=\"elementor-container elementor-column-gap-default\">\n\t\t\t\t\t<div class=\"elementor-column elementor-col-100 elementor-top-column elementor-element elementor-element-8c2cb74\" data-id=\"8c2cb74\" data-element_type=\"column\" data-e-type=\"column\">\n\t\t\t<div class=\"elementor-widget-wrap elementor-element-populated\">\n\t\t\t\t\t\t<div class=\"elementor-element elementor-element-47cc025 elementor-widget elementor-widget-breadcrumbs\" data-id=\"47cc025\" data-element_type=\"widget\" data-e-type=\"widget\" data-widget_type=\"breadcrumbs.default\">\n\t\t\t\t<div class=\"elementor-widget-container\">\n\t\t\t\t\t<p id=\"breadcrumbs\"><span><span><a href=\"https:\/\/www.expodefensa.com.co\/es\/home\/\">Home<\/a><\/span><\/span><\/p>\t\t\t\t<\/div>\n\t\t\t\t<\/div>\n\t\t\t\t<div class=\"elementor-element elementor-element-55febd3 elementor-widget__width-initial elementor-widget elementor-widget-heading\" data-id=\"55febd3\" data-element_type=\"widget\" data-e-type=\"widget\" data-widget_type=\"heading.default\">\n\t\t\t\t<div class=\"elementor-widget-container\">\n\t\t\t\t\t<h1 class=\"elementor-heading-title elementor-size-default\">Las Altas Autoridades de Defensa y Seguridad de Colombia hablan sobre Expodefensa <\/h1>\t\t\t\t<\/div>\n\t\t\t\t<\/div>\n\t\t\t\t\t<\/div>\n\t\t<\/div>\n\t\t\t\t\t<\/div>\n\t\t<\/section>\n\t\t\t\t<section class=\"elementor-section elementor-top-section elementor-element elementor-element-6c2da3a elementor-section-full_width elementor-section-height-default elementor-section-height-default\" data-id=\"6c2da3a\" data-element_type=\"section\" data-e-type=\"section\" data-settings=\"{&quot;_ha_eqh_enable&quot;:false}\">\n\t\t\t\t\t\t<div class=\"elementor-container elementor-column-gap-default\">\n\t\t\t\t\t<div class=\"elementor-column elementor-col-50 elementor-top-column elementor-element elementor-element-f3e3fd3\" data-id=\"f3e3fd3\" data-element_type=\"column\" data-e-type=\"column\">\n\t\t\t<div class=\"elementor-widget-wrap elementor-element-populated\">\n\t\t\t\t\t\t<div class=\"elementor-element elementor-element-87f2671 elementor-widget elementor-widget-video\" data-id=\"87f2671\" data-element_type=\"widget\" data-e-type=\"widget\" data-settings=\"{&quot;youtube_url&quot;:&quot;https:\\\/\\\/www.youtube.com\\\/watch?v=c9rMSJuBQbc&quot;,&quot;video_type&quot;:&quot;youtube&quot;,&quot;controls&quot;:&quot;yes&quot;}\" data-widget_type=\"video.default\">\n\t\t\t\t<div class=\"elementor-widget-container\">\n\t\t\t\t\t\t\t<div class=\"elementor-wrapper elementor-open-inline\">\n\t\t\t<div class=\"elementor-video\"><\/div>\t\t<\/div>\n\t\t\t\t\t\t<\/div>\n\t\t\t\t<\/div>\n\t\t\t\t<div class=\"elementor-element elementor-element-5a61f00 elementor-widget elementor-widget-text-editor\" data-id=\"5a61f00\" data-element_type=\"widget\" data-e-type=\"widget\" data-widget_type=\"text-editor.default\">\n\t\t\t\t<div class=\"elementor-widget-container\">\n\t\t\t\t\t\t\t\t\t<p>Ana Catalina Cano | Viceministra de Veteranos y GSED &#8211; Ministerio de Defensa Nacional de Colombia<\/p>\t\t\t\t\t\t\t\t<\/div>\n\t\t\t\t<\/div>\n\t\t\t\t\t<\/div>\n\t\t<\/div>\n\t\t\t\t<div class=\"elementor-column elementor-col-50 elementor-top-column elementor-element elementor-element-3c04197\" data-id=\"3c04197\" data-element_type=\"column\" data-e-type=\"column\">\n\t\t\t<div class=\"elementor-widget-wrap elementor-element-populated\">\n\t\t\t\t\t\t<div class=\"elementor-element elementor-element-140f3a5 elementor-widget elementor-widget-heading\" data-id=\"140f3a5\" data-element_type=\"widget\" data-e-type=\"widget\" data-widget_type=\"heading.default\">\n\t\t\t\t<div class=\"elementor-widget-container\">\n\t\t\t\t\t<h2 class=\"elementor-heading-title elementor-size-default\">Expodefensa 2023: Tendiendo puentes para la defensa y la prosperidad civil<\/h2>\t\t\t\t<\/div>\n\t\t\t\t<\/div>\n\t\t\t\t<div class=\"elementor-element elementor-element-145cab4 elementor-widget elementor-widget-text-editor\" data-id=\"145cab4\" data-element_type=\"widget\" data-e-type=\"widget\" data-widget_type=\"text-editor.default\">\n\t\t\t\t<div class=\"elementor-widget-container\">\n\t\t\t\t\t\t\t\t\t<p>Ana Catalina Cano, Viceministra de Veteranos y GSED &#8211; Ministerio de Defensa Nacional de Colombia explica el papel de Expodefensa para el Ministerio de Defensa colombiano, pero tambi\u00e9n para el sector de Defensa y Seguridad.<\/p><p>Este gran acontecimiento sirve de centro neur\u00e1lgico para Am\u00e9rica Latina y el Caribe, mostrando las capacidades de las fuerzas armadas y destacando el potencial del sector de la defensa para la poblaci\u00f3n civil.<\/p><p>La edici\u00f3n 2023 de Expodefensa innova con un concepto \u00abdual\u00bb, beneficioso tanto para las necesidades de defensa como para las civiles.<\/p>\t\t\t\t\t\t\t\t<\/div>\n\t\t\t\t<\/div>\n\t\t\t\t\t<\/div>\n\t\t<\/div>\n\t\t\t\t\t<\/div>\n\t\t<\/section>\n\t\t\t\t<section class=\"elementor-section elementor-top-section elementor-element elementor-element-a3530ee elementor-section-full_width elementor-section-height-default elementor-section-height-default\" data-id=\"a3530ee\" data-element_type=\"section\" data-e-type=\"section\" data-settings=\"{&quot;_ha_eqh_enable&quot;:false}\">\n\t\t\t\t\t\t<div class=\"elementor-container elementor-column-gap-default\">\n\t\t\t\t\t<div class=\"elementor-column elementor-col-50 elementor-top-column elementor-element elementor-element-04fb1b5\" data-id=\"04fb1b5\" data-element_type=\"column\" data-e-type=\"column\">\n\t\t\t<div class=\"elementor-widget-wrap elementor-element-populated\">\n\t\t\t\t\t\t<div class=\"elementor-element elementor-element-48b77dd elementor-widget elementor-widget-heading\" data-id=\"48b77dd\" data-element_type=\"widget\" data-e-type=\"widget\" data-widget_type=\"heading.default\">\n\t\t\t\t<div class=\"elementor-widget-container\">\n\t\t\t\t\t<h2 class=\"elementor-heading-title elementor-size-default\">Navegando el futuro: La innovaci\u00f3n de la industria de defensa colombiana en la era de la IA y el ciberespacio<\/h2>\t\t\t\t<\/div>\n\t\t\t\t<\/div>\n\t\t\t\t<div class=\"elementor-element elementor-element-8670899 elementor-widget elementor-widget-text-editor\" data-id=\"8670899\" data-element_type=\"widget\" data-e-type=\"widget\" data-widget_type=\"text-editor.default\">\n\t\t\t\t<div class=\"elementor-widget-container\">\n\t\t\t\t\t\t\t\t\t<p>El entorno actual de la Defensa y la Seguridad se enfrenta a nuevas amenazas, que exigen que la industria se adapte a los retos de tecnolog\u00edas emergentes como la Inteligencia Artificial y el Ciberespacio. Estas cuestiones cruciales orientar\u00e1n los esfuerzos del sector hacia estrategias innovadoras con un doble objetivo: comprender las nuevas amenazas y proponer soluciones innovadoras para el p\u00fablico.<\/p><p>Las respuestas concretas a los retos contempor\u00e1neos se presentan a trav\u00e9s de proyectos del GSED y del Ministerio de Defensa colombiano, como la construcci\u00f3n de una fragata colombiana en colaboraci\u00f3n con la Armada de Colombia y Cotecmar, el desarrollo de energ\u00edas alternativas con el uso de hidr\u00f3geno verde en los buques y la apuesta por el desarrollo de aviones no tripulados, que est\u00e1 despertando un gran inter\u00e9s en el Gobierno nacional.<\/p>\t\t\t\t\t\t\t\t<\/div>\n\t\t\t\t<\/div>\n\t\t\t\t\t<\/div>\n\t\t<\/div>\n\t\t\t\t<div class=\"elementor-column elementor-col-50 elementor-top-column elementor-element elementor-element-0d36304\" data-id=\"0d36304\" data-element_type=\"column\" data-e-type=\"column\">\n\t\t\t<div class=\"elementor-widget-wrap elementor-element-populated\">\n\t\t\t\t\t\t<div class=\"elementor-element elementor-element-a58a3e1 elementor-widget elementor-widget-video\" data-id=\"a58a3e1\" data-element_type=\"widget\" data-e-type=\"widget\" data-settings=\"{&quot;youtube_url&quot;:&quot;https:\\\/\\\/www.youtube.com\\\/watch?v=HpxiJ6aNZyg&quot;,&quot;video_type&quot;:&quot;youtube&quot;,&quot;controls&quot;:&quot;yes&quot;}\" data-widget_type=\"video.default\">\n\t\t\t\t<div class=\"elementor-widget-container\">\n\t\t\t\t\t\t\t<div class=\"elementor-wrapper elementor-open-inline\">\n\t\t\t<div class=\"elementor-video\"><\/div>\t\t<\/div>\n\t\t\t\t\t\t<\/div>\n\t\t\t\t<\/div>\n\t\t\t\t<div class=\"elementor-element elementor-element-fe340aa elementor-widget elementor-widget-text-editor\" data-id=\"fe340aa\" data-element_type=\"widget\" data-e-type=\"widget\" data-widget_type=\"text-editor.default\">\n\t\t\t\t<div class=\"elementor-widget-container\">\n\t\t\t\t\t\t\t\t\t<p>Ana Catalina Cano | Viceministra de Veteranos y GSED &#8211; Ministerio de Defensa Nacional de Colombia<\/p>\t\t\t\t\t\t\t\t<\/div>\n\t\t\t\t<\/div>\n\t\t\t\t\t<\/div>\n\t\t<\/div>\n\t\t\t\t\t<\/div>\n\t\t<\/section>\n\t\t\t\t<section class=\"elementor-section elementor-top-section elementor-element elementor-element-f2e125a elementor-section-full_width elementor-section-height-default elementor-section-height-default\" data-id=\"f2e125a\" data-element_type=\"section\" data-e-type=\"section\" data-settings=\"{&quot;_ha_eqh_enable&quot;:false}\">\n\t\t\t\t\t\t<div class=\"elementor-container elementor-column-gap-default\">\n\t\t\t\t\t<div class=\"elementor-column elementor-col-50 elementor-top-column elementor-element elementor-element-ec08080\" data-id=\"ec08080\" data-element_type=\"column\" data-e-type=\"column\">\n\t\t\t<div class=\"elementor-widget-wrap elementor-element-populated\">\n\t\t\t\t\t\t<div class=\"elementor-element elementor-element-b4f0e75 elementor-widget elementor-widget-video\" data-id=\"b4f0e75\" data-element_type=\"widget\" data-e-type=\"widget\" data-settings=\"{&quot;youtube_url&quot;:&quot;https:\\\/\\\/youtu.be\\\/JSXXwDomRiE?si=mQnsOo8p1tuj4jGs&quot;,&quot;video_type&quot;:&quot;youtube&quot;,&quot;controls&quot;:&quot;yes&quot;}\" data-widget_type=\"video.default\">\n\t\t\t\t<div class=\"elementor-widget-container\">\n\t\t\t\t\t\t\t<div class=\"elementor-wrapper elementor-open-inline\">\n\t\t\t<div class=\"elementor-video\"><\/div>\t\t<\/div>\n\t\t\t\t\t\t<\/div>\n\t\t\t\t<\/div>\n\t\t\t\t<div class=\"elementor-element elementor-element-2a2d476 elementor-widget elementor-widget-text-editor\" data-id=\"2a2d476\" data-element_type=\"widget\" data-e-type=\"widget\" data-widget_type=\"text-editor.default\">\n\t\t\t\t<div class=\"elementor-widget-container\">\n\t\t\t\t\t\t\t\t\t<p>Alberto Lara Losada | Viceministro de Defensa y Pol\u00edtica de Seguridad<\/p>\t\t\t\t\t\t\t\t<\/div>\n\t\t\t\t<\/div>\n\t\t\t\t\t<\/div>\n\t\t<\/div>\n\t\t\t\t<div class=\"elementor-column elementor-col-50 elementor-top-column elementor-element elementor-element-5ff2360\" data-id=\"5ff2360\" data-element_type=\"column\" data-e-type=\"column\">\n\t\t\t<div class=\"elementor-widget-wrap elementor-element-populated\">\n\t\t\t\t\t\t<div class=\"elementor-element elementor-element-23e1a19 elementor-widget elementor-widget-heading\" data-id=\"23e1a19\" data-element_type=\"widget\" data-e-type=\"widget\" data-widget_type=\"heading.default\">\n\t\t\t\t<div class=\"elementor-widget-container\">\n\t\t\t\t\t<h2 class=\"elementor-heading-title elementor-size-default\">Cambio de paradigma en Colombia: Un enfoque de la seguridad centrado en el ser humano<\/h2>\t\t\t\t<\/div>\n\t\t\t\t<\/div>\n\t\t\t\t<div class=\"elementor-element elementor-element-5872ca4 elementor-widget elementor-widget-text-editor\" data-id=\"5872ca4\" data-element_type=\"widget\" data-e-type=\"widget\" data-widget_type=\"text-editor.default\">\n\t\t\t\t<div class=\"elementor-widget-container\">\n\t\t\t\t\t\t\t\t\t<p>Colombia apunta por primera vez a una pol\u00edtica de seguridad centrada en la teor\u00eda de la seguridad humana, con el objetivo de anticipar, prevenir y construir una vida digna.<\/p><p>Los cuatro objetivos del gobierno colombiano son proteger la vida, el medio ambiente, la soberan\u00eda territorial y fortalecer la fuerza p\u00fablica abordando temas como la resoluci\u00f3n de conflictos, la lucha contra el crimen, la preservaci\u00f3n del medio ambiente, la defensa contra ciberataques, la cooperaci\u00f3n internacional y la defensa de fronteras.<\/p>\t\t\t\t\t\t\t\t<\/div>\n\t\t\t\t<\/div>\n\t\t\t\t\t<\/div>\n\t\t<\/div>\n\t\t\t\t\t<\/div>\n\t\t<\/section>\n\t\t\t\t<section class=\"elementor-section elementor-top-section elementor-element elementor-element-5d4bb69 elementor-section-full_width elementor-section-height-default elementor-section-height-default\" data-id=\"5d4bb69\" data-element_type=\"section\" data-e-type=\"section\" data-settings=\"{&quot;_ha_eqh_enable&quot;:false}\">\n\t\t\t\t\t\t<div class=\"elementor-container elementor-column-gap-default\">\n\t\t\t\t\t<div class=\"elementor-column elementor-col-50 elementor-top-column elementor-element elementor-element-5dd0c82\" data-id=\"5dd0c82\" data-element_type=\"column\" data-e-type=\"column\">\n\t\t\t<div class=\"elementor-widget-wrap elementor-element-populated\">\n\t\t\t\t\t\t<div class=\"elementor-element elementor-element-851c850 elementor-widget elementor-widget-heading\" data-id=\"851c850\" data-element_type=\"widget\" data-e-type=\"widget\" data-widget_type=\"heading.default\">\n\t\t\t\t<div class=\"elementor-widget-container\">\n\t\t\t\t\t<h2 class=\"elementor-heading-title elementor-size-default\">Construyendo lazos m\u00e1s fuertes: El enfoque colombiano de los retos transnacionales de seguridad<\/h2>\t\t\t\t<\/div>\n\t\t\t\t<\/div>\n\t\t\t\t<div class=\"elementor-element elementor-element-3748cbd elementor-widget elementor-widget-text-editor\" data-id=\"3748cbd\" data-element_type=\"widget\" data-e-type=\"widget\" data-widget_type=\"text-editor.default\">\n\t\t\t\t<div class=\"elementor-widget-container\">\n\t\t\t\t\t\t\t\t\t<p>El gobierno ha identificado amenazas transnacionales, como la criminalidad transnacional, que exige una respuesta fundamental a trav\u00e9s de alianzas estrat\u00e9gicas.<\/p><p>El presidente Gustavo Petro subraya la necesidad de fortalecer alianzas nacionales y transnacionales para combatir diversos delitos, implicando una mayor colaboraci\u00f3n en cooperaci\u00f3n, inteligencia, intercambio de informaci\u00f3n y colaboraci\u00f3n judicial, con esfuerzos en curso para mejorar la cooperaci\u00f3n con pa\u00edses vecinos.<\/p>\t\t\t\t\t\t\t\t<\/div>\n\t\t\t\t<\/div>\n\t\t\t\t\t<\/div>\n\t\t<\/div>\n\t\t\t\t<div class=\"elementor-column elementor-col-50 elementor-top-column elementor-element elementor-element-246e632\" data-id=\"246e632\" data-element_type=\"column\" data-e-type=\"column\">\n\t\t\t<div class=\"elementor-widget-wrap elementor-element-populated\">\n\t\t\t\t\t\t<div class=\"elementor-element elementor-element-86b4692 elementor-widget elementor-widget-video\" data-id=\"86b4692\" data-element_type=\"widget\" data-e-type=\"widget\" data-settings=\"{&quot;youtube_url&quot;:&quot;https:\\\/\\\/youtu.be\\\/AQcoCQYVBRQ?si=hq2xonkQeGshsJYV&quot;,&quot;video_type&quot;:&quot;youtube&quot;,&quot;controls&quot;:&quot;yes&quot;}\" data-widget_type=\"video.default\">\n\t\t\t\t<div class=\"elementor-widget-container\">\n\t\t\t\t\t\t\t<div class=\"elementor-wrapper elementor-open-inline\">\n\t\t\t<div class=\"elementor-video\"><\/div>\t\t<\/div>\n\t\t\t\t\t\t<\/div>\n\t\t\t\t<\/div>\n\t\t\t\t<div class=\"elementor-element elementor-element-ed83c5c elementor-widget elementor-widget-text-editor\" data-id=\"ed83c5c\" data-element_type=\"widget\" data-e-type=\"widget\" data-widget_type=\"text-editor.default\">\n\t\t\t\t<div class=\"elementor-widget-container\">\n\t\t\t\t\t\t\t\t\t<p>Alberto Lara Losada | Viceministro de Defensa y Pol\u00edtica de Seguridad<\/p>\t\t\t\t\t\t\t\t<\/div>\n\t\t\t\t<\/div>\n\t\t\t\t\t<\/div>\n\t\t<\/div>\n\t\t\t\t\t<\/div>\n\t\t<\/section>\n\t\t\t\t<section class=\"elementor-section elementor-top-section elementor-element elementor-element-6246155 elementor-section-full_width elementor-section-height-default elementor-section-height-default\" data-id=\"6246155\" data-element_type=\"section\" data-e-type=\"section\" data-settings=\"{&quot;_ha_eqh_enable&quot;:false}\">\n\t\t\t\t\t\t<div class=\"elementor-container elementor-column-gap-default\">\n\t\t\t\t\t<div class=\"elementor-column elementor-col-50 elementor-top-column elementor-element elementor-element-3ac237e\" data-id=\"3ac237e\" data-element_type=\"column\" data-e-type=\"column\">\n\t\t\t<div class=\"elementor-widget-wrap elementor-element-populated\">\n\t\t\t\t\t\t<div class=\"elementor-element elementor-element-10e12c9 elementor-widget elementor-widget-video\" data-id=\"10e12c9\" data-element_type=\"widget\" data-e-type=\"widget\" data-settings=\"{&quot;youtube_url&quot;:&quot;https:\\\/\\\/youtu.be\\\/7GMdbMxJArs?si=vUzwmdn7Axxikmq-&quot;,&quot;video_type&quot;:&quot;youtube&quot;,&quot;controls&quot;:&quot;yes&quot;}\" data-widget_type=\"video.default\">\n\t\t\t\t<div class=\"elementor-widget-container\">\n\t\t\t\t\t\t\t<div class=\"elementor-wrapper elementor-open-inline\">\n\t\t\t<div class=\"elementor-video\"><\/div>\t\t<\/div>\n\t\t\t\t\t\t<\/div>\n\t\t\t\t<\/div>\n\t\t\t\t<div class=\"elementor-element elementor-element-c1db3b2 elementor-widget elementor-widget-text-editor\" data-id=\"c1db3b2\" data-element_type=\"widget\" data-e-type=\"widget\" data-widget_type=\"text-editor.default\">\n\t\t\t\t<div class=\"elementor-widget-container\">\n\t\t\t\t\t\t\t\t\t<p>Teniente Coronel Sonia Ruth Rinc\u00f3n Urbina Jefe Centro de Investigaci\u00f3n Aeroespacial CITAE<\/p>\t\t\t\t\t\t\t\t<\/div>\n\t\t\t\t<\/div>\n\t\t\t\t\t<\/div>\n\t\t<\/div>\n\t\t\t\t<div class=\"elementor-column elementor-col-50 elementor-top-column elementor-element elementor-element-e2120f9\" data-id=\"e2120f9\" data-element_type=\"column\" data-e-type=\"column\">\n\t\t\t<div class=\"elementor-widget-wrap elementor-element-populated\">\n\t\t\t\t\t\t<div class=\"elementor-element elementor-element-4a17e0a elementor-widget elementor-widget-heading\" data-id=\"4a17e0a\" data-element_type=\"widget\" data-e-type=\"widget\" data-widget_type=\"heading.default\">\n\t\t\t\t<div class=\"elementor-widget-container\">\n\t\t\t\t\t<h2 class=\"elementor-heading-title elementor-size-default\">Ampliando horizontes: Exploraci\u00f3n colaborativa en Expodefensa 2023<\/h2>\t\t\t\t<\/div>\n\t\t\t\t<\/div>\n\t\t\t\t<div class=\"elementor-element elementor-element-31bcc6f elementor-widget elementor-widget-text-editor\" data-id=\"31bcc6f\" data-element_type=\"widget\" data-e-type=\"widget\" data-widget_type=\"text-editor.default\">\n\t\t\t\t<div class=\"elementor-widget-container\">\n\t\t\t\t\t\t\t\t\t<p>Dentro del CITAE, el objetivo en Expodefensa 2023 es explorar las capacidades de los pa\u00edses invitados, como Espa\u00f1a, Portugal y la Rep\u00fablica Dominicana, para identificar oportunidades de cooperaci\u00f3n en los \u00e1mbitos a\u00e9reo, espacial y cibern\u00e9tico.<\/p><p>El enfoque se centra en comprender los avances de la industria y el progreso de las fuerzas militares, especialmente en el espacio, la nueva frontera para la fuerza aeroespacial colombiana.<\/p>\t\t\t\t\t\t\t\t<\/div>\n\t\t\t\t<\/div>\n\t\t\t\t\t<\/div>\n\t\t<\/div>\n\t\t\t\t\t<\/div>\n\t\t<\/section>\n\t\t\t\t<section class=\"elementor-section elementor-top-section elementor-element elementor-element-540ecd0 elementor-section-full_width elementor-section-height-default elementor-section-height-default\" data-id=\"540ecd0\" data-element_type=\"section\" data-e-type=\"section\" data-settings=\"{&quot;_ha_eqh_enable&quot;:false}\">\n\t\t\t\t\t\t<div class=\"elementor-container elementor-column-gap-default\">\n\t\t\t\t\t<div class=\"elementor-column elementor-col-50 elementor-top-column elementor-element elementor-element-c3096f1\" data-id=\"c3096f1\" data-element_type=\"column\" data-e-type=\"column\">\n\t\t\t<div class=\"elementor-widget-wrap elementor-element-populated\">\n\t\t\t\t\t\t<div class=\"elementor-element elementor-element-9d7a5a1 elementor-widget elementor-widget-heading\" data-id=\"9d7a5a1\" data-element_type=\"widget\" data-e-type=\"widget\" data-widget_type=\"heading.default\">\n\t\t\t\t<div class=\"elementor-widget-container\">\n\t\t\t\t\t<h2 class=\"elementor-heading-title elementor-size-default\">Fomentando la unidad: La visi\u00f3n de seguridad y bienestar de la Defensa Civil Colombiana en Expodefensa 2023<\/h2>\t\t\t\t<\/div>\n\t\t\t\t<\/div>\n\t\t\t\t<div class=\"elementor-element elementor-element-5be6380 elementor-widget elementor-widget-text-editor\" data-id=\"5be6380\" data-element_type=\"widget\" data-e-type=\"widget\" data-widget_type=\"text-editor.default\">\n\t\t\t\t<div class=\"elementor-widget-container\">\n\t\t\t\t\t\t\t\t\t<p>La Defensa Civil Colombiana considera a Expodefensa 2023 como una valiosa oportunidad para intercambiar experiencias y conocimientos en Seguridad y Defensa a nivel nacional e internacional.<\/p><p>Su nueva visi\u00f3n destaca la seguridad humana, la justicia social y el desarrollo sostenible para el bienestar de todos los colombianos.<\/p>\t\t\t\t\t\t\t\t<\/div>\n\t\t\t\t<\/div>\n\t\t\t\t\t<\/div>\n\t\t<\/div>\n\t\t\t\t<div class=\"elementor-column elementor-col-50 elementor-top-column elementor-element elementor-element-d411c62\" data-id=\"d411c62\" data-element_type=\"column\" data-e-type=\"column\">\n\t\t\t<div class=\"elementor-widget-wrap elementor-element-populated\">\n\t\t\t\t\t\t<div class=\"elementor-element elementor-element-bd855c6 elementor-widget elementor-widget-video\" data-id=\"bd855c6\" data-element_type=\"widget\" data-e-type=\"widget\" data-settings=\"{&quot;youtube_url&quot;:&quot;https:\\\/\\\/youtu.be\\\/_6OjnSXt-pc?si=wXxn7-5oKioT1rUe&quot;,&quot;video_type&quot;:&quot;youtube&quot;,&quot;controls&quot;:&quot;yes&quot;}\" data-widget_type=\"video.default\">\n\t\t\t\t<div class=\"elementor-widget-container\">\n\t\t\t\t\t\t\t<div class=\"elementor-wrapper elementor-open-inline\">\n\t\t\t<div class=\"elementor-video\"><\/div>\t\t<\/div>\n\t\t\t\t\t\t<\/div>\n\t\t\t\t<\/div>\n\t\t\t\t<div class=\"elementor-element elementor-element-17a94ef elementor-widget elementor-widget-text-editor\" data-id=\"17a94ef\" data-element_type=\"widget\" data-e-type=\"widget\" data-widget_type=\"text-editor.default\">\n\t\t\t\t<div class=\"elementor-widget-container\">\n\t\t\t\t\t\t\t\t\t<p>Mart\u00edn Hernando Nieto Melo | Director Colombian Civil Defense<\/p>\t\t\t\t\t\t\t\t<\/div>\n\t\t\t\t<\/div>\n\t\t\t\t\t<\/div>\n\t\t<\/div>\n\t\t\t\t\t<\/div>\n\t\t<\/section>\n\t\t\t\t<section class=\"elementor-section elementor-top-section elementor-element elementor-element-8199b0b elementor-section-full_width elementor-section-height-default elementor-section-height-default\" data-id=\"8199b0b\" data-element_type=\"section\" data-e-type=\"section\" data-settings=\"{&quot;_ha_eqh_enable&quot;:false}\">\n\t\t\t\t\t\t<div class=\"elementor-container elementor-column-gap-default\">\n\t\t\t\t\t<div class=\"elementor-column elementor-col-50 elementor-top-column elementor-element elementor-element-5d63d1a\" data-id=\"5d63d1a\" data-element_type=\"column\" data-e-type=\"column\">\n\t\t\t<div class=\"elementor-widget-wrap elementor-element-populated\">\n\t\t\t\t\t\t<div class=\"elementor-element elementor-element-033c11b elementor-widget elementor-widget-video\" data-id=\"033c11b\" data-element_type=\"widget\" data-e-type=\"widget\" data-settings=\"{&quot;youtube_url&quot;:&quot;https:\\\/\\\/youtu.be\\\/TPx21kUXSOY?si=FHG1LBy_3QLjmvzW&quot;,&quot;video_type&quot;:&quot;youtube&quot;,&quot;controls&quot;:&quot;yes&quot;}\" data-widget_type=\"video.default\">\n\t\t\t\t<div class=\"elementor-widget-container\">\n\t\t\t\t\t\t\t<div class=\"elementor-wrapper elementor-open-inline\">\n\t\t\t<div class=\"elementor-video\"><\/div>\t\t<\/div>\n\t\t\t\t\t\t<\/div>\n\t\t\t\t<\/div>\n\t\t\t\t<div class=\"elementor-element elementor-element-d66e13b elementor-widget elementor-widget-text-editor\" data-id=\"d66e13b\" data-element_type=\"widget\" data-e-type=\"widget\" data-widget_type=\"text-editor.default\">\n\t\t\t\t<div class=\"elementor-widget-container\">\n\t\t\t\t\t\t\t\t\t<p>General de Brigada Nelson Ram\u00edrez | Director General de la Caja de Sueldos de Retiro de la Polic\u00eda Nacional<\/p>\t\t\t\t\t\t\t\t<\/div>\n\t\t\t\t<\/div>\n\t\t\t\t\t<\/div>\n\t\t<\/div>\n\t\t\t\t<div class=\"elementor-column elementor-col-50 elementor-top-column elementor-element elementor-element-abd5707\" data-id=\"abd5707\" data-element_type=\"column\" data-e-type=\"column\">\n\t\t\t<div class=\"elementor-widget-wrap elementor-element-populated\">\n\t\t\t\t\t\t<div class=\"elementor-element elementor-element-b4b45b9 elementor-widget elementor-widget-heading\" data-id=\"b4b45b9\" data-element_type=\"widget\" data-e-type=\"widget\" data-widget_type=\"heading.default\">\n\t\t\t\t<div class=\"elementor-widget-container\">\n\t\t\t\t\t<h2 class=\"elementor-heading-title elementor-size-default\">Asegurando el Ma\u00f1ana: El compromiso de Casur con el avance de la seguridad humana en Expodefensa<\/h2>\t\t\t\t<\/div>\n\t\t\t\t<\/div>\n\t\t\t\t<div class=\"elementor-element elementor-element-d221a19 elementor-widget elementor-widget-text-editor\" data-id=\"d221a19\" data-element_type=\"widget\" data-e-type=\"widget\" data-widget_type=\"text-editor.default\">\n\t\t\t\t<div class=\"elementor-widget-container\">\n\t\t\t\t\t\t\t\t\t<p>Expodefensa se presenta como una oportunidad significativa para el sector de Defensa de mostrar los avances y las proyecciones futuras en materia de seguridad humana en Colombia. En l\u00ednea con el Plan Nacional de Desarrollo y las pol\u00edticas sectoriales, Casur adopta este concepto para fortalecer su compromiso con el bienestar de los afiliados veteranos de la polic\u00eda, haciendo hincapi\u00e9 en la igualdad, inclusi\u00f3n y equidad.<\/p>\t\t\t\t\t\t\t\t<\/div>\n\t\t\t\t<\/div>\n\t\t\t\t\t<\/div>\n\t\t<\/div>\n\t\t\t\t\t<\/div>\n\t\t<\/section>\n\t\t\t\t<section class=\"elementor-section elementor-top-section elementor-element elementor-element-8995561 elementor-section-full_width elementor-section-height-default elementor-section-height-default\" data-id=\"8995561\" data-element_type=\"section\" data-e-type=\"section\" data-settings=\"{&quot;_ha_eqh_enable&quot;:false}\">\n\t\t\t\t\t\t<div class=\"elementor-container elementor-column-gap-default\">\n\t\t\t\t\t<div class=\"elementor-column elementor-col-50 elementor-top-column elementor-element elementor-element-d1f4238\" data-id=\"d1f4238\" data-element_type=\"column\" data-e-type=\"column\">\n\t\t\t<div class=\"elementor-widget-wrap elementor-element-populated\">\n\t\t\t\t\t\t<div class=\"elementor-element elementor-element-04773ab elementor-widget elementor-widget-heading\" data-id=\"04773ab\" data-element_type=\"widget\" data-e-type=\"widget\" data-widget_type=\"heading.default\">\n\t\t\t\t<div class=\"elementor-widget-container\">\n\t\t\t\t\t<h2 class=\"elementor-heading-title elementor-size-default\">Expodefensa 2023: El compromiso de Caja Honor de potenciar a las Fuerzas Armadas con soluciones financieras<\/h2>\t\t\t\t<\/div>\n\t\t\t\t<\/div>\n\t\t\t\t<div class=\"elementor-element elementor-element-7c75355 elementor-widget elementor-widget-text-editor\" data-id=\"7c75355\" data-element_type=\"widget\" data-e-type=\"widget\" data-widget_type=\"text-editor.default\">\n\t\t\t\t<div class=\"elementor-widget-container\">\n\t\t\t\t\t\t\t\t\t<p>Caja Honor participar\u00e1 en Expodefensa 2023 con el objetivo de ofrecer servicios financieros y productos a todos los miembros de la fuerza p\u00fablica afiliados a la entidad. El enfoque estar\u00e1 en mostrar soluciones de vivienda, l\u00edneas de cr\u00e9dito y cuentas de ahorro.<\/p>\t\t\t\t\t\t\t\t<\/div>\n\t\t\t\t<\/div>\n\t\t\t\t\t<\/div>\n\t\t<\/div>\n\t\t\t\t<div class=\"elementor-column elementor-col-50 elementor-top-column elementor-element elementor-element-6722b5e\" data-id=\"6722b5e\" data-element_type=\"column\" data-e-type=\"column\">\n\t\t\t<div class=\"elementor-widget-wrap elementor-element-populated\">\n\t\t\t\t\t\t<div class=\"elementor-element elementor-element-450f85c elementor-widget elementor-widget-video\" data-id=\"450f85c\" data-element_type=\"widget\" data-e-type=\"widget\" data-settings=\"{&quot;youtube_url&quot;:&quot;https:\\\/\\\/youtu.be\\\/HxcWQRPXYQU?si=MIbIh04V5VGawKlx&quot;,&quot;video_type&quot;:&quot;youtube&quot;,&quot;controls&quot;:&quot;yes&quot;}\" data-widget_type=\"video.default\">\n\t\t\t\t<div class=\"elementor-widget-container\">\n\t\t\t\t\t\t\t<div class=\"elementor-wrapper elementor-open-inline\">\n\t\t\t<div class=\"elementor-video\"><\/div>\t\t<\/div>\n\t\t\t\t\t\t<\/div>\n\t\t\t\t<\/div>\n\t\t\t\t<div class=\"elementor-element elementor-element-468068c elementor-widget elementor-widget-text-editor\" data-id=\"468068c\" data-element_type=\"widget\" data-e-type=\"widget\" data-widget_type=\"text-editor.default\">\n\t\t\t\t<div class=\"elementor-widget-container\">\n\t\t\t\t\t\t\t\t\t<p>Jos\u00e9 Andr\u00e9s Jim\u00e9nez Amaya | Director General &#8211; Caja Promotora de Vivienda Militar y Policial<\/p>\t\t\t\t\t\t\t\t<\/div>\n\t\t\t\t<\/div>\n\t\t\t\t\t<\/div>\n\t\t<\/div>\n\t\t\t\t\t<\/div>\n\t\t<\/section>\n\t\t\t\t<section class=\"elementor-section elementor-top-section elementor-element elementor-element-a1643dc elementor-section-full_width elementor-section-height-default elementor-section-height-default\" data-id=\"a1643dc\" data-element_type=\"section\" data-e-type=\"section\" data-settings=\"{&quot;_ha_eqh_enable&quot;:false}\">\n\t\t\t\t\t\t<div class=\"elementor-container elementor-column-gap-default\">\n\t\t\t\t\t<div class=\"elementor-column elementor-col-50 elementor-top-column elementor-element elementor-element-9175571\" data-id=\"9175571\" data-element_type=\"column\" data-e-type=\"column\">\n\t\t\t<div class=\"elementor-widget-wrap elementor-element-populated\">\n\t\t\t\t\t\t<div class=\"elementor-element elementor-element-1511564 elementor-widget elementor-widget-video\" data-id=\"1511564\" data-element_type=\"widget\" data-e-type=\"widget\" data-settings=\"{&quot;youtube_url&quot;:&quot;https:\\\/\\\/youtu.be\\\/6uTbdN5bLoA?si=apCM18jUjcyVixSM&quot;,&quot;video_type&quot;:&quot;youtube&quot;,&quot;controls&quot;:&quot;yes&quot;}\" data-widget_type=\"video.default\">\n\t\t\t\t<div class=\"elementor-widget-container\">\n\t\t\t\t\t\t\t<div class=\"elementor-wrapper elementor-open-inline\">\n\t\t\t<div class=\"elementor-video\"><\/div>\t\t<\/div>\n\t\t\t\t\t\t<\/div>\n\t\t\t\t<\/div>\n\t\t\t\t<div class=\"elementor-element elementor-element-e170eac elementor-widget elementor-widget-text-editor\" data-id=\"e170eac\" data-element_type=\"widget\" data-e-type=\"widget\" data-widget_type=\"text-editor.default\">\n\t\t\t\t<div class=\"elementor-widget-container\">\n\t\t\t\t\t\t\t\t\t<p>Jos\u00e9 Andr\u00e9s Jim\u00e9nez Amaya | Director General &#8211; Caja Promotora de Vivienda Militar y Policial<\/p>\t\t\t\t\t\t\t\t<\/div>\n\t\t\t\t<\/div>\n\t\t\t\t\t<\/div>\n\t\t<\/div>\n\t\t\t\t<div class=\"elementor-column elementor-col-50 elementor-top-column elementor-element elementor-element-874234e\" data-id=\"874234e\" data-element_type=\"column\" data-e-type=\"column\">\n\t\t\t<div class=\"elementor-widget-wrap elementor-element-populated\">\n\t\t\t\t\t\t<div class=\"elementor-element elementor-element-db0eb57 elementor-widget elementor-widget-heading\" data-id=\"db0eb57\" data-element_type=\"widget\" data-e-type=\"widget\" data-widget_type=\"heading.default\">\n\t\t\t\t<div class=\"elementor-widget-container\">\n\t\t\t\t\t<h2 class=\"elementor-heading-title elementor-size-default\">Revolucionando la financiaci\u00f3n de la Defensa: La innovadora oferta de Caja Honor en Expodefensa 2023<\/h2>\t\t\t\t<\/div>\n\t\t\t\t<\/div>\n\t\t\t\t<div class=\"elementor-element elementor-element-58e9b00 elementor-widget elementor-widget-text-editor\" data-id=\"58e9b00\" data-element_type=\"widget\" data-e-type=\"widget\" data-widget_type=\"text-editor.default\">\n\t\t\t\t<div class=\"elementor-widget-container\">\n\t\t\t\t\t\t\t\t\t<p>Expodefensa 2023 es la plataforma esencial para presentar la evoluci\u00f3n del sector de defensa a nivel nacional e internacional. En este sentido, Caja Honor presentar\u00e1 nuevos productos y servicios financieros a los miembros de las fuerzas armadas, con \u00e9nfasis en soluciones de vivienda y acceso simplificado a trav\u00e9s de la tecnolog\u00eda para el bienestar de los miembros de la fuerza y sus familias.<\/p>\t\t\t\t\t\t\t\t<\/div>\n\t\t\t\t<\/div>\n\t\t\t\t\t<\/div>\n\t\t<\/div>\n\t\t\t\t\t<\/div>\n\t\t<\/section>\n\t\t\t\t<section class=\"elementor-section elementor-top-section elementor-element elementor-element-30024d4 elementor-section-full_width elementor-section-height-default elementor-section-height-default\" data-id=\"30024d4\" data-element_type=\"section\" data-e-type=\"section\" data-settings=\"{&quot;_ha_eqh_enable&quot;:false}\">\n\t\t\t\t\t\t<div class=\"elementor-container elementor-column-gap-default\">\n\t\t\t\t\t<div class=\"elementor-column elementor-col-50 elementor-top-column elementor-element elementor-element-bfd528c\" data-id=\"bfd528c\" data-element_type=\"column\" data-e-type=\"column\">\n\t\t\t<div class=\"elementor-widget-wrap elementor-element-populated\">\n\t\t\t\t\t\t<div class=\"elementor-element elementor-element-edf1ccc elementor-widget elementor-widget-heading\" data-id=\"edf1ccc\" data-element_type=\"widget\" data-e-type=\"widget\" data-widget_type=\"heading.default\">\n\t\t\t\t<div class=\"elementor-widget-container\">\n\t\t\t\t\t<h2 class=\"elementor-heading-title elementor-size-default\">La ambiciosa visi\u00f3n de Indumil para Expodefensa: Fortalecimiento de la industria militar colombiana para 2040 y m\u00e1s all\u00e1<\/h2>\t\t\t\t<\/div>\n\t\t\t\t<\/div>\n\t\t\t\t<div class=\"elementor-element elementor-element-7dfc665 elementor-widget elementor-widget-text-editor\" data-id=\"7dfc665\" data-element_type=\"widget\" data-e-type=\"widget\" data-widget_type=\"text-editor.default\">\n\t\t\t\t<div class=\"elementor-widget-container\">\n\t\t\t\t\t\t\t\t\t<p>Wilson Fernando Vaquer Rodr\u00edguez destaca las importantes expectativas y proyecciones estrat\u00e9gicas para Expodefensa Expodefensa. Indumil busca establecer alianzas para mejorar tanto los aspectos comerciales como t\u00e9cnicos de la industria militar colombiana. El ambicioso objetivo para la proyecci\u00f3n de 2040 es mejorar y expandir las capacidades de armamento en los \u00e1mbitos a\u00e9reo, terrestre y naval.<\/p>\t\t\t\t\t\t\t\t<\/div>\n\t\t\t\t<\/div>\n\t\t\t\t\t<\/div>\n\t\t<\/div>\n\t\t\t\t<div class=\"elementor-column elementor-col-50 elementor-top-column elementor-element elementor-element-06fe0b2\" data-id=\"06fe0b2\" data-element_type=\"column\" data-e-type=\"column\">\n\t\t\t<div class=\"elementor-widget-wrap elementor-element-populated\">\n\t\t\t\t\t\t<div class=\"elementor-element elementor-element-817b6ff elementor-widget elementor-widget-video\" data-id=\"817b6ff\" data-element_type=\"widget\" data-e-type=\"widget\" data-settings=\"{&quot;youtube_url&quot;:&quot;https:\\\/\\\/youtu.be\\\/7QC12VTDf_I?si=T0U7HyPWgL2uqM9x&quot;,&quot;video_type&quot;:&quot;youtube&quot;,&quot;controls&quot;:&quot;yes&quot;}\" data-widget_type=\"video.default\">\n\t\t\t\t<div class=\"elementor-widget-container\">\n\t\t\t\t\t\t\t<div class=\"elementor-wrapper elementor-open-inline\">\n\t\t\t<div class=\"elementor-video\"><\/div>\t\t<\/div>\n\t\t\t\t\t\t<\/div>\n\t\t\t\t<\/div>\n\t\t\t\t<div class=\"elementor-element elementor-element-cae8129 elementor-widget elementor-widget-text-editor\" data-id=\"cae8129\" data-element_type=\"widget\" data-e-type=\"widget\" data-widget_type=\"text-editor.default\">\n\t\t\t\t<div class=\"elementor-widget-container\">\n\t\t\t\t\t\t\t\t\t<p>Wilson Fernando Baquero | Director de Investigaci\u00f3n, Desarrollo e Innovaci\u00f3n<\/p>\t\t\t\t\t\t\t\t<\/div>\n\t\t\t\t<\/div>\n\t\t\t\t\t<\/div>\n\t\t<\/div>\n\t\t\t\t\t<\/div>\n\t\t<\/section>\n\t\t\t\t<\/div>\n\t\t","protected":false},"excerpt":{"rendered":"<p>Las Altas Autoridades de Defensa y Seguridad de Colombia hablan sobre Expodefensa https:\/\/www.youtube.com\/watch?v=c9rMSJuBQbc Ana Catalina Cano | Viceministra de Veteranos y GSED &#8211; Ministerio de Defensa Nacional de Colombia Expodefensa 2023: Tendiendo puentes para la defensa y la prosperidad civil Ana Catalina Cano, Viceministra de Veteranos y GSED &#8211; Ministerio de Defensa Nacional de Colombia [&hellip;]<\/p>\n","protected":false},"author":1,"featured_media":0,"parent":6500,"menu_order":0,"comment_status":"closed","ping_status":"closed","template":"","meta":{"_acf_changed":false,"footnotes":""},"class_list":["post-10011","page","type-page","status-publish","hentry"],"acf":[],"yoast_head":"<!-- This site is optimized with the Yoast SEO plugin v27.4 - https:\/\/yoast.com\/product\/yoast-seo-wordpress\/ -->\n<title>Hablan de nosotros - Expodefensa 2025<\/title>\n<meta name=\"description\" content=\"Expodefensa Event in Bogota, Colombia is the hub for Security and Defense in Latin America, Newest technology in Land, Air, Maritime domains\" \/>\n<meta name=\"robots\" content=\"index, follow, max-snippet:-1, max-image-preview:large, max-video-preview:-1\" \/>\n<link rel=\"canonical\" href=\"https:\/\/www.expodefensa.com.co\/es\/la-feria\/hablan-de-nosotros\/\" \/>\n<meta property=\"og:locale\" content=\"es_ES\" \/>\n<meta property=\"og:type\" content=\"article\" \/>\n<meta property=\"og:title\" content=\"Hablan de nosotros - Expodefensa 2025\" \/>\n<meta property=\"og:description\" content=\"Expodefensa Event in Bogota, Colombia is the hub for Security and Defense in Latin America, Newest technology in Land, Air, Maritime domains\" \/>\n<meta property=\"og:url\" content=\"https:\/\/www.expodefensa.com.co\/es\/la-feria\/hablan-de-nosotros\/\" \/>\n<meta property=\"og:site_name\" content=\"Expodefensa 2025\" \/>\n<meta property=\"article:modified_time\" content=\"2025-11-14T13:59:42+00:00\" \/>\n<meta property=\"og:image\" content=\"https:\/\/www.expodefensa.com.co\/wp-content\/uploads\/2023\/01\/logo_expodefensa-social.jpg\" \/>\n\t<meta property=\"og:image:width\" content=\"432\" \/>\n\t<meta property=\"og:image:height\" content=\"200\" \/>\n\t<meta property=\"og:image:type\" content=\"image\/jpeg\" \/>\n<meta name=\"twitter:card\" content=\"summary_large_image\" \/>\n<meta name=\"twitter:label1\" content=\"Tiempo de lectura\" \/>\n\t<meta name=\"twitter:data1\" content=\"6 minutos\" \/>\n<script type=\"application\/ld+json\" class=\"yoast-schema-graph\">{\"@context\":\"https:\\\/\\\/schema.org\",\"@graph\":[{\"@type\":\"WebPage\",\"@id\":\"https:\\\/\\\/www.expodefensa.com.co\\\/es\\\/la-feria\\\/hablan-de-nosotros\\\/\",\"url\":\"https:\\\/\\\/www.expodefensa.com.co\\\/es\\\/la-feria\\\/hablan-de-nosotros\\\/\",\"name\":\"Hablan de nosotros - Expodefensa 2025\",\"isPartOf\":{\"@id\":\"https:\\\/\\\/2023.expodefensa.fr\\\/#website\"},\"datePublished\":\"2023-11-20T12:31:36+00:00\",\"dateModified\":\"2025-11-14T13:59:42+00:00\",\"description\":\"Expodefensa Event in Bogota, Colombia is the hub for Security and Defense in Latin America, Newest technology in Land, Air, Maritime domains\",\"breadcrumb\":{\"@id\":\"https:\\\/\\\/www.expodefensa.com.co\\\/es\\\/la-feria\\\/hablan-de-nosotros\\\/#breadcrumb\"},\"inLanguage\":\"es\",\"potentialAction\":[{\"@type\":\"ReadAction\",\"target\":[\"https:\\\/\\\/www.expodefensa.com.co\\\/es\\\/la-feria\\\/hablan-de-nosotros\\\/\"]}]},{\"@type\":\"BreadcrumbList\",\"@id\":\"https:\\\/\\\/www.expodefensa.com.co\\\/es\\\/la-feria\\\/hablan-de-nosotros\\\/#breadcrumb\",\"itemListElement\":[{\"@type\":\"ListItem\",\"position\":1,\"name\":\"Home\",\"item\":\"https:\\\/\\\/www.expodefensa.com.co\\\/es\\\/home\\\/\"},{\"@type\":\"ListItem\",\"position\":2,\"name\":\"Expodefensa\",\"item\":\"https:\\\/\\\/www.expodefensa.com.co\\\/es\\\/la-feria\\\/\"},{\"@type\":\"ListItem\",\"position\":3,\"name\":\"Hablan de nosotros\"}]},{\"@type\":\"WebSite\",\"@id\":\"https:\\\/\\\/2023.expodefensa.fr\\\/#website\",\"url\":\"https:\\\/\\\/2023.expodefensa.fr\\\/\",\"name\":\"Expodefensa 2025\",\"description\":\"International Defense and Security Trade Fair\",\"publisher\":{\"@id\":\"https:\\\/\\\/2023.expodefensa.fr\\\/#organization\"},\"alternateName\":\"Expodefensa 2023\",\"potentialAction\":[{\"@type\":\"SearchAction\",\"target\":{\"@type\":\"EntryPoint\",\"urlTemplate\":\"https:\\\/\\\/2023.expodefensa.fr\\\/?s={search_term_string}\"},\"query-input\":{\"@type\":\"PropertyValueSpecification\",\"valueRequired\":true,\"valueName\":\"search_term_string\"}}],\"inLanguage\":\"es\"},{\"@type\":\"Organization\",\"@id\":\"https:\\\/\\\/2023.expodefensa.fr\\\/#organization\",\"name\":\"Expodefensa 2025\",\"alternateName\":\"Expodefensa 2023\",\"url\":\"https:\\\/\\\/2023.expodefensa.fr\\\/\",\"logo\":{\"@type\":\"ImageObject\",\"inLanguage\":\"es\",\"@id\":\"https:\\\/\\\/2023.expodefensa.fr\\\/#\\\/schema\\\/logo\\\/image\\\/\",\"url\":\"https:\\\/\\\/www.expodefensa.com.co\\\/wp-content\\\/uploads\\\/2023\\\/01\\\/logo_expodefensa-social.jpg\",\"contentUrl\":\"https:\\\/\\\/www.expodefensa.com.co\\\/wp-content\\\/uploads\\\/2023\\\/01\\\/logo_expodefensa-social.jpg\",\"width\":432,\"height\":200,\"caption\":\"Expodefensa 2025\"},\"image\":{\"@id\":\"https:\\\/\\\/2023.expodefensa.fr\\\/#\\\/schema\\\/logo\\\/image\\\/\"},\"sameAs\":[\"https:\\\/\\\/www.linkedin.com\\\/company\\\/expodefensa\\\/\"]}]}<\/script>\n<!-- \/ Yoast SEO plugin. -->","yoast_head_json":{"title":"Hablan de nosotros - Expodefensa 2025","description":"Expodefensa Event in Bogota, Colombia is the hub for Security and Defense in Latin America, Newest technology in Land, Air, Maritime domains","robots":{"index":"index","follow":"follow","max-snippet":"max-snippet:-1","max-image-preview":"max-image-preview:large","max-video-preview":"max-video-preview:-1"},"canonical":"https:\/\/www.expodefensa.com.co\/es\/la-feria\/hablan-de-nosotros\/","og_locale":"es_ES","og_type":"article","og_title":"Hablan de nosotros - Expodefensa 2025","og_description":"Expodefensa Event in Bogota, Colombia is the hub for Security and Defense in Latin America, Newest technology in Land, Air, Maritime domains","og_url":"https:\/\/www.expodefensa.com.co\/es\/la-feria\/hablan-de-nosotros\/","og_site_name":"Expodefensa 2025","article_modified_time":"2025-11-14T13:59:42+00:00","og_image":[{"width":432,"height":200,"url":"https:\/\/www.expodefensa.com.co\/wp-content\/uploads\/2023\/01\/logo_expodefensa-social.jpg","type":"image\/jpeg"}],"twitter_card":"summary_large_image","twitter_misc":{"Tiempo de lectura":"6 minutos"},"schema":{"@context":"https:\/\/schema.org","@graph":[{"@type":"WebPage","@id":"https:\/\/www.expodefensa.com.co\/es\/la-feria\/hablan-de-nosotros\/","url":"https:\/\/www.expodefensa.com.co\/es\/la-feria\/hablan-de-nosotros\/","name":"Hablan de nosotros - Expodefensa 2025","isPartOf":{"@id":"https:\/\/2023.expodefensa.fr\/#website"},"datePublished":"2023-11-20T12:31:36+00:00","dateModified":"2025-11-14T13:59:42+00:00","description":"Expodefensa Event in Bogota, Colombia is the hub for Security and Defense in Latin America, Newest technology in Land, Air, Maritime domains","breadcrumb":{"@id":"https:\/\/www.expodefensa.com.co\/es\/la-feria\/hablan-de-nosotros\/#breadcrumb"},"inLanguage":"es","potentialAction":[{"@type":"ReadAction","target":["https:\/\/www.expodefensa.com.co\/es\/la-feria\/hablan-de-nosotros\/"]}]},{"@type":"BreadcrumbList","@id":"https:\/\/www.expodefensa.com.co\/es\/la-feria\/hablan-de-nosotros\/#breadcrumb","itemListElement":[{"@type":"ListItem","position":1,"name":"Home","item":"https:\/\/www.expodefensa.com.co\/es\/home\/"},{"@type":"ListItem","position":2,"name":"Expodefensa","item":"https:\/\/www.expodefensa.com.co\/es\/la-feria\/"},{"@type":"ListItem","position":3,"name":"Hablan de nosotros"}]},{"@type":"WebSite","@id":"https:\/\/2023.expodefensa.fr\/#website","url":"https:\/\/2023.expodefensa.fr\/","name":"Expodefensa 2025","description":"International Defense and Security Trade Fair","publisher":{"@id":"https:\/\/2023.expodefensa.fr\/#organization"},"alternateName":"Expodefensa 2023","potentialAction":[{"@type":"SearchAction","target":{"@type":"EntryPoint","urlTemplate":"https:\/\/2023.expodefensa.fr\/?s={search_term_string}"},"query-input":{"@type":"PropertyValueSpecification","valueRequired":true,"valueName":"search_term_string"}}],"inLanguage":"es"},{"@type":"Organization","@id":"https:\/\/2023.expodefensa.fr\/#organization","name":"Expodefensa 2025","alternateName":"Expodefensa 2023","url":"https:\/\/2023.expodefensa.fr\/","logo":{"@type":"ImageObject","inLanguage":"es","@id":"https:\/\/2023.expodefensa.fr\/#\/schema\/logo\/image\/","url":"https:\/\/www.expodefensa.com.co\/wp-content\/uploads\/2023\/01\/logo_expodefensa-social.jpg","contentUrl":"https:\/\/www.expodefensa.com.co\/wp-content\/uploads\/2023\/01\/logo_expodefensa-social.jpg","width":432,"height":200,"caption":"Expodefensa 2025"},"image":{"@id":"https:\/\/2023.expodefensa.fr\/#\/schema\/logo\/image\/"},"sameAs":["https:\/\/www.linkedin.com\/company\/expodefensa\/"]}]}},"_links":{"self":[{"href":"https:\/\/www.expodefensa.com.co\/es\/wp-json\/wp\/v2\/pages\/10011","targetHints":{"allow":["GET"]}}],"collection":[{"href":"https:\/\/www.expodefensa.com.co\/es\/wp-json\/wp\/v2\/pages"}],"about":[{"href":"https:\/\/www.expodefensa.com.co\/es\/wp-json\/wp\/v2\/types\/page"}],"author":[{"embeddable":true,"href":"https:\/\/www.expodefensa.com.co\/es\/wp-json\/wp\/v2\/users\/1"}],"replies":[{"embeddable":true,"href":"https:\/\/www.expodefensa.com.co\/es\/wp-json\/wp\/v2\/comments?post=10011"}],"version-history":[{"count":10,"href":"https:\/\/www.expodefensa.com.co\/es\/wp-json\/wp\/v2\/pages\/10011\/revisions"}],"predecessor-version":[{"id":12618,"href":"https:\/\/www.expodefensa.com.co\/es\/wp-json\/wp\/v2\/pages\/10011\/revisions\/12618"}],"up":[{"embeddable":true,"href":"https:\/\/www.expodefensa.com.co\/es\/wp-json\/wp\/v2\/pages\/6500"}],"wp:attachment":[{"href":"https:\/\/www.expodefensa.com.co\/es\/wp-json\/wp\/v2\/media?parent=10011"}],"curies":[{"name":"wp","href":"https:\/\/api.w.org\/{rel}","templated":true}]}}